{"id":2047,"date":"2023-12-04T15:07:07","date_gmt":"2023-12-04T15:07:07","guid":{"rendered":"https:\/\/bethlehem.i72dev.com\/?page_id=2047"},"modified":"2024-06-04T10:46:34","modified_gmt":"2024-06-04T14:46:34","slug":"nursing-and-health-sciences","status":"publish","type":"page","link":"https:\/\/bufusa.org\/de\/nursing-and-health-sciences\/","title":{"rendered":"Pflege- und Gesundheitswissenschaften"},"content":{"rendered":"<div id=\"block_b47aa1afba46291c85b0634b99fe3531\" class=\"background container--vertical background-color--0061AA bb-backgroundLtBlue page-width\">\r\n\t\t<!-- Image Error (Could not load $image) -->\t\t<div class=\"background__inner-container\">\r\n\t\t\t\n\r\n\r\n\t<div id=\"block_98f65a2666ecac9f50e691f3c7b6a4b3\" class=\"split container--horizontal split-size--50 background-color--none page-width vertical-align--top\">\r\n\t\t<!-- Image Error (Could not load $image) -->\t\t<div class=\"split__inner-container\">\r\n\t\t\t\n\r\n<div id=\"block_b0a088d21edd331100ec1a4877900473\" class=\"paragraph paragraph--default align-left page-width\">\r\n\t\t\t<div class=\"paragraph__inner-container\">\r\n\t\t\t\t\t<h2 class=\"paragraph__title\">Ausbildung der Gesundheitsfachkr\u00e4fte von morgen<\/h2>\r\n\t\t\t\t\t\t\t<div class=\"paragraph__text\"><p>Krankenschwestern agieren als integraler Bestandteil eines offenen Systems innerhalb der Gemeinschaft, in dem der Mensch als ein ganzes Wesen mit biopsychosozialen und spirituellen Bed\u00fcrfnissen wahrgenommen wird.<\/p>\n<p>Der Studiengang \u201eBachelor of Science in Krankenpflege\u201c an der Universit\u00e4t Bethlehem wurde 1976 gegr\u00fcndet. Sein Hauptzweck besteht darin, professionelle Krankenpfleger auszubilden, um den Gesundheits- und Pflegebed\u00fcrfnissen des pal\u00e4stinensischen Volkes unabh\u00e4ngig von Religion, Geschlecht oder sozio\u00f6konomischem Hintergrund gerecht zu werden. Die Absolventen sind bereit, mit anderen Mitgliedern eines Gesundheitsteams zusammenzuarbeiten, um eine qualitativ hochwertige Gesundheitsversorgung in der Gemeinde bereitzustellen.<\/p>\n<p>Der Bereich Pflege- und Gesundheitswissenschaften an der BU umfasst die Abteilung f\u00fcr <a href=\"https:\/\/www.bethlehem.edu\/faculties\/fon\/fon-departments\/nurs-mid\/programs\/\">Krankenpflege und Geburtshilfe<\/a> und dem Fachbereich Physio- und Ergotherapie mit einem Bachelor of Science-Abschluss in <a href=\"https:\/\/www.bethlehem.edu\/degrees\/b-sc-n-physiotherapy\/\">Physiotherapie<\/a> Und <a href=\"https:\/\/www.bethlehem.edu\/degrees\/b-sc-n-occupational-therapy\/\">Besch\u00e4ftigungstherapie<\/a>.<\/p>\n<p><em>Um an einen bestimmten Pflege- oder Gesundheitswissenschaftsfonds zu spenden, w\u00e4hlen Sie im Formular neben \u201cZweck\u201d den gew\u00fcnschten Fonds aus, indem Sie den Pfeil nach unten ziehen. Vielen Dank.<\/em><\/p>\n<\/div>\r\n\t\t\t\t\t<\/div>\r\n<\/div>\n\n\r\n<div id=\"block_0f08ec8673b74f4414ba85246a440356\" class=\"wysiwyg page-width\"><p><a href=\"#XZPMSNCG\" style=\"display: none\"><\/a><\/p>\n<\/div>\n\n\r\n<div id=\"block_57042f52dde05fe13176ee5526613d06\" class=\"link-button align-left page-width\">\r\n\t<a class=\"button button-color--blue\" href=\"https:\/\/www.bethlehem.edu\/category\/fon-news\/\" target=\"_blank\" aria-label=\"Link zu: Neuigkeiten der Fakult\u00e4t f\u00fcr Krankenpflege und Gesundheitswissenschaften\">Neuigkeiten der Fakult\u00e4t f\u00fcr Krankenpflege und Gesundheitswissenschaften<\/a>\r\n<\/div>\n\r\n\t\t<\/div>\r\n\t<\/div>\r\n\r\n\n\r\n\t\t<\/div>\r\n\t<\/div>\r\n\r\n\n\n\n<div style=\"height:35px\" aria-hidden=\"true\" class=\"wp-block-spacer\"><\/div>\n\n\n\r\n<div id=\"block_8dd5fcad6dba0e05cb866d7ce4060e04\" class=\"people-feed page-width\">\r\n\r\n\t<div class=\"people__container\">\r\n\r\n\t\t\t\t\t\r\n\t\t\t\t<div class=\"people__section\">\r\n\t\t\t\t\t<h2 class=\"role__title\">Gesundheitsstudenten<\/h2>\r\n\t\t\t\t\t\r\n\t\t\t\t\t\t\t\t\t\t\t\r\n\t\t\t\t\t\t\t<div class=\"person\">\r\n\t\t\t\t\t\t\t\t<div class=\"person__outer-container\">\r\n\t\t\t\t\t\t\t\t\t<div class=\"person__info-container\">\r\n\t\t\t\t\t\t\t\t\t\t<div class=\"i72-image person__image\" role=\"img\" title=\"Emad_Pflegestudentin (Fl\u00fcchtling)\" aria-label=\"Emad Krankenpflegestudent\" data-srcset=\"https:\/\/bufusa.org\/wp-content\/uploads\/2024\/07\/Emad_Nursing-Refugee-Student.jpg 3000w 3000h,https:\/\/bufusa.org\/wp-content\/uploads\/2024\/07\/Emad_Nursing-Refugee-Student-300x225.jpg 300w 225h,https:\/\/bufusa.org\/wp-content\/uploads\/2024\/07\/Emad_Nursing-Refugee-Student.jpg 616w 462h,https:\/\/bufusa.org\/wp-content\/uploads\/2024\/07\/Emad_Nursing-Refugee-Student.jpg 616w 462h,https:\/\/bufusa.org\/wp-content\/uploads\/2024\/07\/Emad_Nursing-Refugee-Student.jpg 616w 462h,https:\/\/bufusa.org\/wp-content\/uploads\/2024\/07\/Emad_Nursing-Refugee-Student.jpg 616w 462h,https:\/\/bufusa.org\/wp-content\/uploads\/2024\/07\/Emad_Nursing-Refugee-Student-16x12.jpg 16w 12h,https:\/\/bufusa.org\/wp-content\/uploads\/2024\/07\/Emad_Nursing-Refugee-Student-150x113.jpg 150w 113h,https:\/\/bufusa.org\/wp-content\/uploads\/2024\/07\/Emad_Nursing-Refugee-Student.jpg 616w 462h,https:\/\/bufusa.org\/wp-content\/uploads\/2024\/07\/Emad_Nursing-Refugee-Student.jpg 616w 462h\" data-original-width=\"616\" data-original-height=\"462\"><\/div>\t\t\t\t\t\t\t\t\t\t<div class=\"person__inner-container\">\r\n\t\t\t\t\t\t\t\t\t\t\t\t\t\t\t\t\t\t\t\t\t\t\t<h3 class=\"person__name\">Lernen Sie \u201cEmad\u201d kennen\u201d<\/h3>\r\n\t\t\t\t\t\t\t\t\t\t\t\t\t\t\t\t\t\t\t\t\t\t\t\t\t\t\t\t\t\t\t\t\t\t<p class=\"person__title\">Hauptfach Krankenpflege<\/p>\r\n\t\t\t\t\t\t\t\t\t\t\t\t\t\t\t\t\t\t\t\t\t\t\t\t\t\t\t\t\t\t\t\t<\/div>\r\n\t\t\t\t\t\t\t\t\t<\/div>\r\n\t\t\t\t\t\t\t\t\t\t\t\t\t\t\t\t\t\t\t<div class=\"person__content\"><p>Emad hat gerade sein erstes Studienjahr als Krankenpflegestudent an der Universit\u00e4t Bethlehem abgeschlossen. Er lebt mit seiner Familie in einem Fl\u00fcchtlingslager. Das Leben ist f\u00fcr Emad schwierig, und es f\u00e4llt ihm schwer, Arbeit zu finden. Aufgrund der dichten Bebauung im Lager ist der Alltag von einem Mangel an Privatsph\u00e4re gepr\u00e4gt. Trotz dieser Umst\u00e4nde setzt er sein Studium fort. Ohne ein Stipendium w\u00e4re dies nicht m\u00f6glich, da es keine Arbeit f\u00fcr ihn gibt und sein Vater seine Stelle als Beamter verloren hat.<\/p>\n<p>Emad sieht sein Studium an der Bethlehem University als Chance, seiner Familie zu helfen. Mit einer gut bezahlten Stelle als Krankenpfleger kann er seiner Familie erm\u00f6glichen, das Lager zu verlassen und ein besseres Leben zu f\u00fchren. Er ist den vielen Spendern dankbar, die ihm diese Chance erm\u00f6glichen, da sie \u201ceine enorme Last von ihren Schultern nimmt\u201d.\u201d<\/p>\n<\/div>\r\n\t\t\t\t\t\t\t\t\t\t\t\t\t\t\t\t\t\t<a class=\"person__more button\" href=\"javascript:;\" aria-label=\"Toggle Meet \u201cEmad\u201d-Beschreibung\"><span>Mehr laden<\/span><\/a>\r\n\t\t\t\t\t\t\t\t<\/div>\r\n\t\t\t\t\t\t\t<\/div>\r\n\t\t\t\t\t\t\r\n\t\t\t\t\t\t\t<div class=\"person\">\r\n\t\t\t\t\t\t\t\t<div class=\"person__outer-container\">\r\n\t\t\t\t\t\t\t\t\t<div class=\"person__info-container\">\r\n\t\t\t\t\t\t\t\t\t\t<div class=\"i72-image person__image\" role=\"img\" title=\"Ameer Adli Jabari\" aria-label=\"Ameer\" data-srcset=\"https:\/\/bufusa.org\/wp-content\/uploads\/2024\/06\/Ameer-Adli-Jabari.jpg 3000w 3000h,https:\/\/bufusa.org\/wp-content\/uploads\/2024\/06\/Ameer-Adli-Jabari-300x169.jpg 300w 169h,https:\/\/bufusa.org\/wp-content\/uploads\/2024\/06\/Ameer-Adli-Jabari.jpg 720w 405h,https:\/\/bufusa.org\/wp-content\/uploads\/2024\/06\/Ameer-Adli-Jabari.jpg 720w 405h,https:\/\/bufusa.org\/wp-content\/uploads\/2024\/06\/Ameer-Adli-Jabari.jpg 720w 405h,https:\/\/bufusa.org\/wp-content\/uploads\/2024\/06\/Ameer-Adli-Jabari.jpg 720w 405h,https:\/\/bufusa.org\/wp-content\/uploads\/2024\/06\/Ameer-Adli-Jabari-18x10.jpg 18w 10h,https:\/\/bufusa.org\/wp-content\/uploads\/2024\/06\/Ameer-Adli-Jabari-150x84.jpg 150w 84h,https:\/\/bufusa.org\/wp-content\/uploads\/2024\/06\/Ameer-Adli-Jabari.jpg 720w 405h,https:\/\/bufusa.org\/wp-content\/uploads\/2024\/06\/Ameer-Adli-Jabari.jpg 720w 405h\" data-original-width=\"720\" data-original-height=\"405\"><\/div>\t\t\t\t\t\t\t\t\t\t<div class=\"person__inner-container\">\r\n\t\t\t\t\t\t\t\t\t\t\t\t\t\t\t\t\t\t\t\t\t\t\t<h3 class=\"person__name\">Lernen Sie Ameer kennen<\/h3>\r\n\t\t\t\t\t\t\t\t\t\t\t\t\t\t\t\t\t\t\t\t\t\t\t\t\t\t\t\t\t\t\t\t\t\t<p class=\"person__title\">Hauptfach Physiotherapie<\/p>\r\n\t\t\t\t\t\t\t\t\t\t\t\t\t\t\t\t\t\t\t\t\t\t\t\t\t\t\t\t\t\t\t\t<\/div>\r\n\t\t\t\t\t\t\t\t\t<\/div>\r\n\t\t\t\t\t\t\t\t\t\t\t\t\t\t\t\t\t\t\t<div class=\"person__content\"><p>Ameer ist Student im dritten Studienjahr und studiert Physiotherapie. Er wohnt etwas n\u00f6rdlich von Hebron, in der haupts\u00e4chlich landwirtschaftlich gepr\u00e4gten Stadt Halhul, die etwa 18 Kilometer s\u00fcdwestlich von Bethlehem liegt.<\/p>\n<p>Ameer ist \u00fcberzeugt: \u201cDie Universit\u00e4t Bethlehem bietet die besten Dozenten, vermittelt hohe praktische Kompetenzen und ein breites Wissensspektrum, um Studierende w\u00e4hrend ihres vierj\u00e4hrigen Studiums optimal zu f\u00f6rdern.\u201d Durch die Physiotherapie kann sich Ameer darauf konzentrieren, Menschen in Notlagen zu helfen: \u201cPhysiotherapie ist mein Weg, Hoffnung in das Leben von Menschen zu bringen, die einen Teil davon verloren haben.\u201d<\/p>\n<p>Nach seinem Studienabschluss hat Ameer zwei Ziele: die Er\u00f6ffnung eines Physiotherapiezentrums und eines mexikanischen Restaurants!<\/p>\n<\/div>\r\n\t\t\t\t\t\t\t\t\t\t\t\t\t\t\t\t\t\t<a class=\"person__more button\" href=\"javascript:;\" aria-label=\"Meet Ameer Beschreibung umschalten\"><span>Mehr laden<\/span><\/a>\r\n\t\t\t\t\t\t\t\t<\/div>\r\n\t\t\t\t\t\t\t<\/div>\r\n\t\t\t\t\t\t\r\n\t\t\t\t\t\t\t<div class=\"person\">\r\n\t\t\t\t\t\t\t\t<div class=\"person__outer-container\">\r\n\t\t\t\t\t\t\t\t\t<div class=\"person__info-container\">\r\n\t\t\t\t\t\t\t\t\t\t<div class=\"i72-image person__image\" role=\"img\" title=\"Nardine_rev f\u00fcr Web\" aria-label=\"Nardine\" data-srcset=\"https:\/\/bufusa.org\/wp-content\/uploads\/2024\/06\/Nardine_rev-for-web.jpg 3000w 3000h,https:\/\/bufusa.org\/wp-content\/uploads\/2024\/06\/Nardine_rev-for-web-300x169.jpg 300w 169h,https:\/\/bufusa.org\/wp-content\/uploads\/2024\/06\/Nardine_rev-for-web.jpg 720w 405h,https:\/\/bufusa.org\/wp-content\/uploads\/2024\/06\/Nardine_rev-for-web.jpg 720w 405h,https:\/\/bufusa.org\/wp-content\/uploads\/2024\/06\/Nardine_rev-for-web.jpg 720w 405h,https:\/\/bufusa.org\/wp-content\/uploads\/2024\/06\/Nardine_rev-for-web.jpg 720w 405h,https:\/\/bufusa.org\/wp-content\/uploads\/2024\/06\/Nardine_rev-for-web-18x10.jpg 18w 10h,https:\/\/bufusa.org\/wp-content\/uploads\/2024\/06\/Nardine_rev-for-web-150x84.jpg 150w 84h,https:\/\/bufusa.org\/wp-content\/uploads\/2024\/06\/Nardine_rev-for-web.jpg 720w 405h,https:\/\/bufusa.org\/wp-content\/uploads\/2024\/06\/Nardine_rev-for-web.jpg 720w 405h\" data-original-width=\"720\" data-original-height=\"405\"><\/div>\t\t\t\t\t\t\t\t\t\t<div class=\"person__inner-container\">\r\n\t\t\t\t\t\t\t\t\t\t\t\t\t\t\t\t\t\t\t\t\t\t\t<h3 class=\"person__name\">Lernen Sie Nardene kennen<\/h3>\r\n\t\t\t\t\t\t\t\t\t\t\t\t\t\t\t\t\t\t\t\t\t\t\t\t\t\t\t\t\t\t\t\t\t\t<p class=\"person__title\">Hauptfach Medizinische Labortechnik\/Nebenfach Biologie<\/p>\r\n\t\t\t\t\t\t\t\t\t\t\t\t\t\t\t\t\t\t\t\t\t\t\t\t\t\t\t\t\t\t\t\t<\/div>\r\n\t\t\t\t\t\t\t\t\t<\/div>\r\n\t\t\t\t\t\t\t\t\t\t\t\t\t\t\t\t\t\t\t<div class=\"person__content\"><p>Die aus Bethlehem stammende Nardine studiert im vierten Jahr an der Boston University (BU) Medizinische Labortechnik mit Nebenfach Biologie. Ihre ungebrochene Neugierde f\u00fcr die Komplexit\u00e4t der menschlichen Physiologie f\u00fchrte sie zur Wahl dieses Studiengangs. Nach ihrem Abschluss hofft sie, sich f\u00fcr ein Masterstudium in Genetik bewerben zu k\u00f6nnen, da in den Krankenh\u00e4usern Pal\u00e4stinas dringend Fachkr\u00e4fte in diesem Bereich ben\u00f6tigt werden.<\/p>\n<p>Zweifellos waren diese vier Jahre voller Herausforderungen und unvergesslicher Momente. R\u00fcckblickend auf ihre Zeit an der Bethlehem University sagt sie: \u201cMit tiefer Dankbarkeit bin ich sehr dankbar f\u00fcr die M\u00f6glichkeiten und die Unterst\u00fctzung, die mir in diesen vier Jahren zuteilwurden. Die Bethlehem University wird immer einen besonderen Platz in meinem Herzen haben, w\u00e4hrend ich ein neues Kapitel in meinem Leben beginne. Ich werde die Erinnerungen und Erfahrungen, die ich an der Bethlehem University sammeln durfte, immer in Ehren halten.\u201d<\/p>\n<\/div>\r\n\t\t\t\t\t\t\t\t\t\t\t\t\t\t\t\t\t\t<a class=\"person__more button\" href=\"javascript:;\" aria-label=\"Beschreibung von \u201eMeet Nardene\u201c umschalten\"><span>Mehr laden<\/span><\/a>\r\n\t\t\t\t\t\t\t\t<\/div>\r\n\t\t\t\t\t\t\t<\/div>\r\n\t\t\t\t\t\t\r\n\t\t\t\t<\/div>\r\n\r\n\t\t\t\t\t\r\n\t<\/div>\r\n\r\n<\/div>\n\n\r\n\r\n\t<div id=\"block_34740767a9e5ecc4e9e2fc05e08f0c77\" class=\"background container--vertical background-color--F5F6F7 page-width\">\r\n\t\t<!-- Image Error (Could not load $image) -->\t\t<div class=\"background__inner-container\">\r\n\t\t\t\n\r\n\r\n\t<div id=\"block_98f65a2666ecac9f50e691f3c7b6a4b3\" class=\"split container--horizontal split-size--50 background-color--none page-width vertical-align--top\">\r\n\t\t<!-- Image Error (Could not load $image) -->\t\t<div class=\"split__inner-container\">\r\n\t\t\t\n\r\n<div id=\"block_7450414f0982fba79e787597285e5f06\" class=\"image page-width\">\r\n\t<div class=\"i72-image cover\" role=\"img\" title=\"MidWifery Blogbeitrag\" aria-label=\"Student lernt die Hebammenkunde kennen\" data-srcset=\"https:\/\/bufusa.org\/wp-content\/uploads\/2024\/03\/MidWifery-Blog-Post-1.jpg 3000w 3000h,https:\/\/bufusa.org\/wp-content\/uploads\/2024\/03\/MidWifery-Blog-Post-1-300x169.jpg 300w 169h,https:\/\/bufusa.org\/wp-content\/uploads\/2024\/03\/MidWifery-Blog-Post-1.jpg 720w 405h,https:\/\/bufusa.org\/wp-content\/uploads\/2024\/03\/MidWifery-Blog-Post-1.jpg 720w 405h,https:\/\/bufusa.org\/wp-content\/uploads\/2024\/03\/MidWifery-Blog-Post-1.jpg 720w 405h,https:\/\/bufusa.org\/wp-content\/uploads\/2024\/03\/MidWifery-Blog-Post-1.jpg 720w 405h,https:\/\/bufusa.org\/wp-content\/uploads\/2024\/03\/MidWifery-Blog-Post-1-18x10.jpg 18w 10h,https:\/\/bufusa.org\/wp-content\/uploads\/2024\/03\/MidWifery-Blog-Post-1-150x84.jpg 150w 84h,https:\/\/bufusa.org\/wp-content\/uploads\/2024\/03\/MidWifery-Blog-Post-1.jpg 720w 405h,https:\/\/bufusa.org\/wp-content\/uploads\/2024\/03\/MidWifery-Blog-Post-1.jpg 720w 405h\" data-original-width=\"720\" data-original-height=\"405\"><\/div><\/div>\n\n\r\n<div id=\"block_ec2ebfd065e1b25b2bd43e5ac3c1fe5a\" class=\"paragraph paragraph--default align-left page-width\">\r\n\t\t\t<div class=\"paragraph__inner-container\">\r\n\t\t\t\t\t\t\t<div class=\"paragraph__text\"><p>&nbsp;<\/p>\n<p>Die Fakult\u00e4t f\u00fcr Krankenpflege und Gesundheitswissenschaften der Bethlehem University m\u00f6chte Studierende aufnehmen, die \u00fcber pers\u00f6nliche Eigenschaften wie F\u00fcrsorge und Mitgef\u00fchl f\u00fcr Menschen verf\u00fcgen, die Bereitschaft mitbringen, kreative Pflegedienstleistungen zu erlernen und anzuwenden, und die sich verpflichtet haben, die Krankenpflege in Bereichen auszu\u00fcben, in denen sie Patienten und ihren Familien professionell bedeutende Gesundheitsdienstleistungen anbieten k\u00f6nnen.<\/p>\n<p>Sie bietet ihren Studierenden eine geisteswissenschaftliche Ausbildung sowie ein breites Spektrum an theoretischen Kursen, die notwendig sind, um die Studierenden auf ihren Beruf als kompetente Krankenschwester vorzubereiten und ihnen gleichzeitig als Vorbilder f\u00fcr andere im Gesundheitswesen zu dienen.<\/p>\n<\/div>\r\n\t\t\t\t\t<\/div>\r\n<\/div>\n\r\n\t\t<\/div>\r\n\t<\/div>\r\n\r\n\n\r\n\t\t<\/div>\r\n\t<\/div>\r\n\r\n\n\n\r\n\r\n\t<div id=\"block_a56646b0e6900dedcafdbcfb58ab31f5\" class=\"background container--vertical background-color--0061AA page-width\">\r\n\t\t<!-- Image Error (Could not load $image) -->\t\t<div class=\"background__inner-container\">\r\n\t\t\t\n\r\n\r\n\t<div id=\"block_98f65a2666ecac9f50e691f3c7b6a4b3\" class=\"split container--horizontal split-size--50 background-color--none page-width vertical-align--top\">\r\n\t\t<!-- Image Error (Could not load $image) -->\t\t<div class=\"split__inner-container\">\r\n\t\t\t\n\r\n<div id=\"block_e15cd719cf32417911d6bdc0ddfa97ee\" class=\"paragraph paragraph--default align-left page-width\">\r\n\t\t\t<div class=\"paragraph__inner-container\">\r\n\t\t\t\t\t\t\t<div class=\"paragraph__text\"><p>&nbsp;<\/p>\n<p>Die John Patrick Cardinal Foley Hall wurde am 6. September 2021 der Fakult\u00e4t f\u00fcr Krankenpflege und Gesundheitswissenschaften gewidmet.<\/p>\n<\/div>\r\n\t\t\t\t\t<\/div>\r\n<\/div>\n\n\r\n<div id=\"block_549ecde20f008d4e08f653fce224455f\" class=\"image page-width\">\r\n\t<div class=\"i72-image cover\" role=\"img\" title=\"Kardinal Foley\" aria-label=\"Kardinal Foley\" data-srcset=\"https:\/\/bufusa.org\/wp-content\/uploads\/2023\/11\/Cardinal-Foley.jpeg 3000w 3000h,https:\/\/bufusa.org\/wp-content\/uploads\/2023\/11\/Cardinal-Foley-300x169.jpeg 300w 169h,https:\/\/bufusa.org\/wp-content\/uploads\/2023\/11\/Cardinal-Foley-768x432.jpeg 768w 432h,https:\/\/bufusa.org\/wp-content\/uploads\/2023\/11\/Cardinal-Foley.jpeg 864w 486h,https:\/\/bufusa.org\/wp-content\/uploads\/2023\/11\/Cardinal-Foley.jpeg 864w 486h,https:\/\/bufusa.org\/wp-content\/uploads\/2023\/11\/Cardinal-Foley.jpeg 864w 486h,https:\/\/bufusa.org\/wp-content\/uploads\/2023\/11\/Cardinal-Foley-18x10.jpeg 18w 10h,https:\/\/bufusa.org\/wp-content\/uploads\/2023\/11\/Cardinal-Foley-150x84.jpeg 150w 84h,https:\/\/bufusa.org\/wp-content\/uploads\/2023\/11\/Cardinal-Foley.jpeg 864w 486h,https:\/\/bufusa.org\/wp-content\/uploads\/2023\/11\/Cardinal-Foley.jpeg 864w 486h\" data-original-width=\"864\" data-original-height=\"486\"><\/div><\/div>\n\r\n\t\t<\/div>\r\n\t<\/div>\r\n\r\n\n\n\r\n<div id=\"block_3a69236cab27eccb2655c87091488de8\" class=\"wysiwyg page-width\"><\/div>\n\r\n\t\t<\/div>\r\n\t<\/div>","protected":false},"excerpt":{"rendered":"","protected":false},"author":1,"featured_media":0,"parent":0,"menu_order":0,"comment_status":"closed","ping_status":"closed","template":"","meta":{"_acf_changed":false,"inline_featured_image":false,"footnotes":""},"class_list":["post-2047","page","type-page","status-publish","hentry"],"acf":[],"_links":{"self":[{"href":"https:\/\/bufusa.org\/de\/wp-json\/wp\/v2\/pages\/2047","targetHints":{"allow":["GET"]}}],"collection":[{"href":"https:\/\/bufusa.org\/de\/wp-json\/wp\/v2\/pages"}],"about":[{"href":"https:\/\/bufusa.org\/de\/wp-json\/wp\/v2\/types\/page"}],"author":[{"embeddable":true,"href":"https:\/\/bufusa.org\/de\/wp-json\/wp\/v2\/users\/1"}],"replies":[{"embeddable":true,"href":"https:\/\/bufusa.org\/de\/wp-json\/wp\/v2\/comments?post=2047"}],"version-history":[{"count":99,"href":"https:\/\/bufusa.org\/de\/wp-json\/wp\/v2\/pages\/2047\/revisions"}],"predecessor-version":[{"id":6974,"href":"https:\/\/bufusa.org\/de\/wp-json\/wp\/v2\/pages\/2047\/revisions\/6974"}],"wp:attachment":[{"href":"https:\/\/bufusa.org\/de\/wp-json\/wp\/v2\/media?parent=2047"}],"curies":[{"name":"wp","href":"https:\/\/api.w.org\/{rel}","templated":true}]}}