{"id":1074,"date":"2023-10-04T13:31:47","date_gmt":"2023-10-04T13:31:47","guid":{"rendered":"http:\/\/bethlehem.i72dev.com\/?page_id=1074"},"modified":"2026-08-17T11:58:20","modified_gmt":"2026-08-17T15:58:20","slug":"home","status":"publish","type":"page","link":"https:\/\/bufusa.org\/fr\/","title":{"rendered":"Maison"},"content":{"rendered":"<div id=\"block_e484c5140a0b6fb1b9022a8decf73090\" class=\"background container--vertical background-color--none full-width\">\r\n\t\t<div class=\"i72-image background__image-container cover\" role=\"img\" title=\"Collage historique\" aria-label=\"\" data-srcset=\"https:\/\/bufusa.org\/wp-content\/uploads\/2026\/07\/Historic-Collage-3.png 3000w 3000h,https:\/\/bufusa.org\/wp-content\/uploads\/2026\/07\/Historic-Collage-3-300x150.png 300w 150h,https:\/\/bufusa.org\/wp-content\/uploads\/2026\/07\/Historic-Collage-3-768x384.png 768w 384h,https:\/\/bufusa.org\/wp-content\/uploads\/2026\/07\/Historic-Collage-3-1024x512.png 1024w 512h,https:\/\/bufusa.org\/wp-content\/uploads\/2026\/07\/Historic-Collage-3-1536x768.png 1536w 768h,https:\/\/bufusa.org\/wp-content\/uploads\/2026\/07\/Historic-Collage-3.png 1774w 887h,https:\/\/bufusa.org\/wp-content\/uploads\/2026\/07\/Historic-Collage-3-18x9.png 18w 9h,https:\/\/bufusa.org\/wp-content\/uploads\/2026\/07\/Historic-Collage-3-150x75.png 150w 75h,https:\/\/bufusa.org\/wp-content\/uploads\/2026\/07\/Historic-Collage-3-1280x640.png 1280w 640h,https:\/\/bufusa.org\/wp-content\/uploads\/2026\/07\/Historic-Collage-3.png 1774w 887h\" data-original-width=\"1774\" data-original-height=\"887\"><\/div>\t\t<div class=\"background__inner-container\">\r\n\t\t\t\n\r\n\r\n\t<div id=\"block_762d02a26281d59324277da6afad340e\" class=\"split container--horizontal split-size--50 background-color--none page-width vertical-align--top\">\r\n\t\t<!-- Image Error (Could not load $image) -->\t\t<div class=\"split__inner-container\">\r\n\t\t\t\n\r\n<div id=\"block_b6acadae2f9f6816edbb57cb463a7a59\" class=\"wysiwyg page-width\"><h2><span style=\"color: #171d0c\">La seule universit\u00e9 catholique en Terre Sainte<\/span><\/h2>\n<p><span style=\"color: #171d0c\">En 1964, le pape Paul VI se rendit en Terre sainte. Soucieux de soutenir le peuple palestinien, il fonda en 1973 l&#039;Universit\u00e9 de Bethl\u00e9em, fruit d&#039;une collaboration entre le Vatican et les Fr\u00e8res des \u00c9coles Chr\u00e9tiennes. Partie de modestes d\u00e9buts avec seulement trois Fr\u00e8res, une petite \u00e9quipe d&#039;enseignants palestiniens et 112 \u00e9tudiants, l&#039;Universit\u00e9 de Bethl\u00e9em devint la premi\u00e8re universit\u00e9 reconnue de Palestine. Depuis sa fondation, 23\u00a0000 hommes et femmes y ont obtenu leur dipl\u00f4me, et elle demeure aujourd&#039;hui la seule universit\u00e9 catholique de Terre sainte.<\/span><\/p>\n<p><span style=\"color: #171d0c\">L\u2019Universit\u00e9 de Bethl\u00e9em met \u00e0 disposition des ressources p\u00e9dagogiques modernes et performantes permettant \u00e0 l\u2019ensemble de son personnel et de ses \u00e9tudiants de mener \u00e0 bien leurs activit\u00e9s acad\u00e9miques en accord avec sa vision, sa mission et ses valeurs. L\u2019Universit\u00e9 encourage activement le dialogue interreligieux et l\u2019\u00e9change entre les religions, d\u00e9veloppant ainsi la comp\u00e9tence interconfessionnelle des \u00e9tudiants et leur capacit\u00e9 \u00e0 respecter toute forme de vie. Trente-neuf pour cent des \u00e9tudiants de premier cycle suivent des \u00e9tudes en sciences infirmi\u00e8res et sciences de la sant\u00e9, en administration des affaires (programme 19%) ou en arts (langue et litt\u00e9rature arabes, langue et litt\u00e9rature anglaises, lettres et sciences humaines, sciences sociales et sciences des religions, programme 17%).<\/span><\/p>\n<\/div>\n\r\n\t\t<\/div>\r\n\t<\/div>\r\n\r\n\n\r\n\t\t<\/div>\r\n\t<\/div>\r\n\r\n\n\n\r\n\r\n\t<div id=\"block_d5009c4a09d65b020a09841d17dc65f5\" class=\"background container--vertical background-color--0061AA page-width\">\r\n\t\t<!-- Image Error (Could not load $image) -->\t\t<div class=\"background__inner-container\">\r\n\t\t\t\n\r\n<h1 id=\"block_6c44af7b4fafd6ae942d9ba9fce113ba\" class=\"heading align-center text-color--0061AA bb-dkblue page-width\">Rejoignez notre mission<\/h1>\n\n\r\n<div id=\"block_3ed8219cec9d84864df38b8ac5df4fb5\" class=\"wysiwyg page-width\"><p class=\"isSelectedEnd\">La Fondation de l&#039;Universit\u00e9 de Bethl\u00e9em est le partenaire philanthropique am\u00e9ricain de l&#039;Universit\u00e9 de Bethl\u00e9em en Terre Sainte. En tant qu&#039;organisme ind\u00e9pendant \u00e0 but non lucratif (501(c)(3)), la Fondation mobilise des dons, g\u00e8re le fonds de dotation et les dons annuels, et octroie des subventions qui soutiennent la mission de l&#039;Universit\u00e9 et ses \u00e9tudiants.<\/p>\n<p class=\"isSelectedEnd\"><strong>Nous vous invitons \u00e0 prendre part \u00e0 cette mission.<\/strong><\/p>\n<p class=\"isSelectedEnd\">Gr\u00e2ce \u00e0 votre g\u00e9n\u00e9rosit\u00e9, vous pouvez contribuer \u00e0 ouvrir des voies d&#039;acc\u00e8s \u00e0 l&#039;\u00e9ducation pour les \u00e9tudiants palestiniens, \u00e0 renforcer l&#039;universit\u00e9 de Bethl\u00e9em pour l&#039;avenir et \u00e0 investir dans de jeunes hommes et femmes qui serviront leurs familles, leurs communaut\u00e9s et la Terre sainte.<\/p>\n<p class=\"isSelectedEnd\">Que ce soit par le biais d&#039;un don annuel, d&#039;un don important, d&#039;une dotation ou d&#039;un legs, votre soutien contribue \u00e0 garantir que l&#039;Universit\u00e9 de Bethl\u00e9em puisse continuer \u00e0 \u00e9duquer, former et pr\u00e9parer les nouvelles g\u00e9n\u00e9rations \u00e0 des vies de leadership et de service.<\/p>\n<p class=\"isSelectedEnd\"><strong>Ensemble, nous pouvons contribuer \u00e0 ce que cette opportunit\u00e9 perdure et que l&#039;Universit\u00e9 de Bethl\u00e9em demeure un lieu o\u00f9 les jeunes peuvent construire leur avenir.<\/strong><\/p>\n<p>Num\u00e9ro d&#039;identification fiscale (EIN) : 22-3600739<\/p>\n<\/div>\n\r\n\t\t<\/div>\r\n\t<\/div>\r\n\r\n\n\n\r\n\r\n\t<div id=\"block_8bc8f8b1ba43b29a22e7c44cebb2ba57\" class=\"background container--vertical background-color--none bb-zerobelow page-width\">\r\n\t\t<!-- Image Error (Could not load $image) -->\t\t<div class=\"background__inner-container\">\r\n\t\t\t\n\r\n<h3 id=\"block_51e95612c3da87119950b609fe938946\" class=\"heading align-center text-color--0061AA page-width\">Soutenir nos \u00e9tudiants<\/h3>\n\n\r\n\r\n\t<div id=\"block_63c0b3f4f10ac7054b9072908de51a1d\" class=\"row row--default container--horizontal row-break--4 background-color--none full-width vertical-align--top\">\r\n\t\t<!-- Image Error (Could not load $image) -->\t\t<div class=\"row__inner-container\">\r\n\t\t\t\n\r\n\r\n\t<div id=\"block_14cc6b7f66e5dd964bed04a8be11b9d8\" class=\"background container--vertical background-color--none bb-backgroundLtBlue  bb-hrdkblue page-width\">\r\n\t\t<!-- Image Error (Could not load $image) -->\t\t<div class=\"background__inner-container\">\r\n\t\t\t\n\r\n<div id=\"block_1a755f5871d2694cd05328d222037826\" class=\"wysiwyg bb-dkblue  bb-pad15 page-width\"><h2><span style=\"color: #062d68\">Marcher aux c\u00f4t\u00e9s d&#039;un \u00e9tudiant<\/span><\/h2>\n<p><img loading=\"lazy\" decoding=\"async\" class=\"aligncenter wp-image-11121\" src=\"https:\/\/bufusa.org\/wp-content\/uploads\/2026\/06\/1860x580-1024x319.png\" alt=\"God cares for us even more then the Sparrow. Matthew 10:29\u201331\" width=\"624\" height=\"216\" \/><\/p>\n<h3 style=\"text-align: center\"><strong><span style=\"color: #062d68\">Appel d&#039;\u00e9t\u00e9 2026<\/span><\/strong><\/h3>\n<p style=\"text-align: center\"><span style=\"color: #3c3c3b\">\u201c Ne vend-on pas deux moineaux pour un sou ? Pourtant, pas un seul ne tombe \u00e0 terre sans que votre P\u00e8re le sache\u2026 N\u2019ayez donc pas peur ; vous valez bien plus que beaucoup de moineaux. \u201d<\/span><br \/>\nMatthieu 10:29-31<\/p>\n<p data-start=\"1702\" data-end=\"1782\">La sollicitude de Dieu est personnelle et attentive. Il voit chaque personne et conna\u00eet chacun de ses besoins. Les \u00e9tudiants de l&#039;Universit\u00e9 de Bethl\u00e9em apprennent \u00e0 vivre dans ce m\u00eame esprit de compassion.<\/p>\n<p data-start=\"997\" data-end=\"1182\">Votre don au Fonds annuel de la Fondation de l&#039;Universit\u00e9 de Bethl\u00e9em permet aux \u00e9tudiants de poursuivre leurs \u00e9tudes et de mettre leurs talents au service des autres. Chaque don compte.<\/p>\n<p data-start=\"997\" data-end=\"1182\"><a href=\"https:\/\/bufusa.org\/fr\/2026sumappeal\/\" target=\"_blank\" rel=\"noopener\">Apprendre encore plus . . .<\/a><\/p>\n<\/div>\n\n\n<p class=\"bb-textcenter\"><a href=\"#XKFUMLKD\" style=\"display: none\"><\/a><\/p>\n\n\r\n\t\t<\/div>\r\n\t<\/div>\r\n\r\n\n\n\r\n\r\n\t<div id=\"block_7ea7a0d18b8e12a407bd5dd91c476786\" class=\"background container--vertical background-color--0061AA bb-hrblue full-width\">\r\n\t\t<!-- Image Error (Could not load $image) -->\t\t<div class=\"background__inner-container\">\r\n\t\t\t\n\r\n<div id=\"block_2173f520fd320c628ef8b27246dfcee9\" class=\"wysiwyg bb-pad15 page-width\"><h3><span style=\"color: #062d68\">Le Cercle du Berger pour les dons mensuels<\/span><\/h3>\n<p>Rejoignez le <em>Cercle du Berger<\/em> pour plus de commodit\u00e9 et de s\u00e9curit\u00e9 <strong>don mensuel<\/strong> qui offre aux \u00e9tudiants un soutien financier pour leurs \u00e9tudes, un soutien qui leur servira toute leur vie.<\/p>\n<p>Aidez-nous \u00e0 atteindre notre objectif\u00a0: 100 personnes qui donnent 1\u00a0TP4T1 dollar par jour \u00e0 l\u2019Universit\u00e9 de Bethl\u00e9em. Cela repr\u00e9sente 1\u00a0TP4T36\u00a0500 dollars suppl\u00e9mentaires par an\u00a0!<\/p>\n<p>Ensemble, nous sommes puissants. <a href=\"https:\/\/bufusa.org\/fr\/shepherd\/\" target=\"_blank\" rel=\"noopener\">Apprendre encore plus . . .<\/a><\/p>\n<p><img loading=\"lazy\" decoding=\"async\" class=\"aligncenter wp-image-11207\" src=\"https:\/\/bufusa.org\/wp-content\/uploads\/2026\/06\/Shepherd-Cicle_400X400_trans.png\" alt=\"Jesus the Good Shepherd\" width=\"299\" height=\"278\" \/><\/p>\n<p>&nbsp;<\/p>\n<h4><span style=\"color: #062d68\">$1 par jour = les frais de scolarit\u00e9 d&#039;un \u00e9l\u00e8ve pour un mois.<\/span><\/h4>\n<\/div>\n\r\n\t\t<\/div>\r\n\t<\/div>\r\n\r\n\n\r\n\t\t<\/div>\r\n\t\t\t<\/div>\r\n\r\n\n\r\n\t\t<\/div>\r\n\t<\/div>\r\n\r\n\n\n\r\n<h3 id=\"block_5dd5a8e91d3bfdb45eb1de6eac7e4760\" class=\"heading align-center text-color--0061AA page-width\">R\u00e9ception d&#039;automne 2026 \u00e0 Washington, D.C.<\/h3>\n\n\r\n\r\n\t<div id=\"block_c2dd35a83a4a9bc9ba946d4cfb726eb6\" class=\"background container--vertical background-color--none bb-backgroundLtOliveGreen  bb-hrolivegreen page-width\">\r\n\t\t<!-- Image Error (Could not load $image) -->\t\t<div class=\"background__inner-container\">\r\n\t\t\t\n\r\n<div id=\"block_2e0f5ce1de949da6938db159e41b7d4b\" class=\"wysiwyg bb-pad15 bb-zerobelow page-width\"><p>&nbsp;<\/p>\n<p><img loading=\"lazy\" decoding=\"async\" class=\"alignnone wp-image-12231\" src=\"https:\/\/bufusa.org\/wp-content\/uploads\/2026\/07\/Pathways-website.svg\" alt=\"\" width=\"679\" height=\"272\" \/><\/p>\n<h2 id=\"block_e8c5ba6724527d3ea5c94b1f334a3365\" class=\"heading align-center text-color--0061AA bb-dkolivegreen page-width\" style=\"text-align: center\"><span style=\"color: #171d0c\">L&#039;avenir de la Terre sainte se dessine aujourd&#039;hui.<\/span><\/h2>\n<h5 id=\"block_42f5d0335c3e41fdf801a1bba5647c7f\" class=\"heading align-center text-color--0061AA bb-olivegreen page-width\" style=\"text-align: center\"><span style=\"color: #171d0c\">Rejoignez-nous pour une soir\u00e9e inspirante c\u00e9l\u00e9brant les r\u00e9ussites des \u00e9tudiants en Terre Sainte et de la communaut\u00e9 de partenaires unis par une foi commune en leur promesse, leur potentiel et leur avenir.<\/span><\/h5>\n<h3 class=\"wp-block-spacer\" style=\"text-align: center\" aria-hidden=\"true\"><span style=\"color: #171d0c\">Jeudi 19 novembre 2026<\/span><\/h3>\n<div id=\"block_ea8655bd31bccc8a51eff8c7047eeaeb\" class=\"wysiwyg page-width\" style=\"text-align: center\">\n<h5 class=\"bb-olivegreen bb-zerobelow\"><span style=\"color: #171d0c\">Nonciature apostolique aux \u00c9tats-Unis d&#039;Am\u00e9rique<br \/>\nWashington, D.C.<\/span><\/h5>\n<\/div>\n<h5 id=\"block_dd25f185f578dba4e7af0be5ec39131d\" class=\"heading align-center text-color--0061AA bb-pitalic bb-dkolivegreen page-width\" style=\"text-align: center\"><span style=\"color: #171d0c\">Ensemble, nous pr\u00e9parons la prochaine g\u00e9n\u00e9ration \u00e0 des vies de leadership, de service et de sens.<\/span><\/h5>\n<p style=\"text-align: center\"><a class=\"paragraph__button button button-color--dkolive\" href=\"https:\/\/bufusa.org\/fr\/26fallrec\/\" target=\"_blank\" rel=\"noopener\" aria-label=\"Lien vers\u00a0: En savoir plus\">Apprendre encore plus<\/a><\/p>\n<p style=\"text-align: center\"><a class=\"paragraph__button button button-color--olive\" href=\"https:\/\/bufusa.org\/fr\/pathwayspartnerships\/\" target=\"_blank\" rel=\"noopener\" aria-label=\"Lien vers : Devenir partenaire de Pathways\">Devenez partenaire de Pathways<\/a><\/p>\n<\/div>\n\r\n\t\t<\/div>\r\n\t<\/div>\r\n\r\n\n\n\r\n<h4 id=\"block_7530b30791cd99ea7c338da7db7938f5\" class=\"heading align-center text-color--000000 bb-greytxt bb-pitalic page-width\">Pour les paroisses et les communaut\u00e9s<\/h4>\n\n\r\n\r\n\t<div id=\"block_dc7f594366e41dd07f32560560fa00b3\" class=\"background container--vertical background-color--F5F6F7 bb-hrblue  page-width\">\r\n\t\t<!-- Image Error (Could not load $image) -->\t\t<div class=\"background__inner-container\">\r\n\t\t\t\n\r\n<div id=\"block_a8ff95140cab04a6ca3d93c08dd393f7\" class=\"wysiwyg bb-pad15 bb-zerobelow page-width\"><p><img loading=\"lazy\" decoding=\"async\" class=\"wp-image-11789 alignleft\" src=\"https:\/\/bufusa.org\/wp-content\/uploads\/2026\/06\/1ParishLogo-1024x619.jpg\" alt=\"\" width=\"435\" height=\"273\" \/>Demeurer en Christ, ce n\u2019est pas seulement croire\u00a0; c\u2019est \u00eatre en relation avec les autres, \u00eatre pr\u00e9sent les uns aux autres, surtout dans les moments difficiles. C\u2019est accompagner nos fr\u00e8res et s\u0153urs comme J\u00e9sus nous accompagne.<\/p>\n<p class=\"bb-strongem bb-dkblue\">Notre demande est simple.<br \/>\nVotre paroisse peut-elle s&#039;engager \u00e0 soutenir un \u00e9l\u00e8ve pour l&#039;ann\u00e9e \u00e0 venir ?<br \/>\nC&#039;est plus qu&#039;un simple acte de g\u00e9n\u00e9rosit\u00e9.<br \/>\nC&#039;est un acte de solidarit\u00e9.<\/p>\n<p>Le co\u00fbt des \u00e9tudes d&#039;un \u00e9tudiant s&#039;\u00e9l\u00e8ve \u00e0 $4\u00a0000 par an. En choisissant d&#039;accompagner un \u00e9tudiant \u00e0 un moment o\u00f9 il pourrait \u00eatre contraint de partir, vous contribuez \u00e0 p\u00e9renniser la pr\u00e9sence de l&#039;\u00c9glise en Terre Sainte, non seulement dans les lieux saints, mais aussi dans la vie des jeunes qui se pr\u00e9parent \u00e0 devenir des leaders, \u00e0 servir leurs communaut\u00e9s et \u00e0 b\u00e2tir un avenir prometteur.<\/p>\n<\/div>\n\n\r\n<div id=\"block_e5620f35f766f3efeaf41c5c5b9f353d\" class=\"link-button align-center bb-zeroabove page-width\">\r\n\t<a class=\"button button-color--blue\" href=\"https:\/\/bufusa.org\/fr\/one_parish\/\" target=\"_blank\" aria-label=\"Lien vers : En savoir plus . . .\">Apprendre encore plus . . .<\/a>\r\n<\/div>\n\r\n\t\t<\/div>\r\n\t<\/div>\r\n\r\n\n\n\r\n<h3 id=\"block_841ff5527753e92ab891a72451b57653\" class=\"heading align-left text-color--0061AA page-width\">Apprenez-en davantage sur nos \u00e9tudiantes exceptionnelles<\/h3>\n\n\r\n\r\n\t<div id=\"block_c2a02d3e7042c79b60a5ca30083129da\" class=\"background container--vertical background-color--F5F6F7 bb-hrdkblue page-width\">\r\n\t\t<!-- Image Error (Could not load $image) -->\t\t<div class=\"background__inner-container\">\r\n\t\t\t\n\r\n<div id=\"block_f02f8e8d2be6eb475f4ed8cf52dcb82e\" class=\"wysiwyg bb-pad15 page-width\"><h3><span style=\"color: #062d68\">Les femmes dans les STIM\u00a0: briser les barri\u00e8res et fa\u00e7onner l\u2019avenir<\/span><\/h3>\n<p><img loading=\"lazy\" decoding=\"async\" class=\"alignright wp-image-11005\" src=\"https:\/\/bufusa.org\/wp-content\/uploads\/2026\/06\/Womenity-Mag-Cover_Issue4-724x1024.jpg\" alt=\"Women in STEM: Breaking Barriers &amp; Shaping the Future Womenity Magazine, Issue 4\" width=\"285\" height=\"436\" \/><\/p>\n<h4><span style=\"color: #062d68\">Magazine Womenity, num\u00e9ro 4<\/span><\/h4>\n<p>D\u00e9couvrez le dernier num\u00e9ro de <a href=\"https:\/\/bufusa.org\/wp-content\/uploads\/2026\/06\/Womenity_Issue_4.pdf\" target=\"_blank\" rel=\"noopener\"><em>F\u00e9minit\u00e9<\/em><\/a>, le magazine num\u00e9rique enti\u00e8rement f\u00e9minin de l&#039;Universit\u00e9 de Bethl\u00e9em, c\u00e9l\u00e9brant les voix, les r\u00e9alisations et les innovations des femmes palestiniennes.<\/p>\n<p>Cette \u00e9dition met en lumi\u00e8re des histoires inspirantes d&#039;\u00e9tudiants, de professeurs, de chercheurs et d&#039;anciens \u00e9l\u00e8ves qui font progresser les domaines des STIM tout en brisant les barri\u00e8res et en servant leurs communaut\u00e9s.<\/p>\n<p>\u00c0 travers des t\u00e9moignages personnels, des recherches scientifiques et les technologies \u00e9mergentes, ces femmes d\u00e9montrent le pouvoir transformateur de l&#039;\u00e9ducation pour b\u00e2tir un avenir meilleur. D\u00e9couvrez comment l&#039;Universit\u00e9 de Bethl\u00e9em continue de former la prochaine g\u00e9n\u00e9ration de femmes leaders en Terre Sainte.<\/p>\n<p><a class=\"paragraph__button button button-color--blue\" href=\"https:\/\/bufusa.org\/wp-content\/uploads\/2026\/06\/Womenity_Issue_4.pdf\" target=\"_blank\" rel=\"noopener\" aria-label=\"Lien vers : Lire maintenant\">Lire maintenant<\/a><\/p>\n<\/div>\n\r\n\t\t<\/div>\r\n\t<\/div>\r\n\r\n\n\n\r\n<h2 id=\"block_046bb049d9062dc2097f4163d8843555\" class=\"heading align-left text-color--0061AA page-width\">Dans l&#039;actualit\u00e9<\/h2>\n\n\r\n\r\n\t<div id=\"block_9b25d4743bd598dcb7e99d27f5367728\" class=\"background container--vertical background-color--none bb-backgroundLtBlue  page-width\">\r\n\t\t<!-- Image Error (Could not load $image) -->\t\t<div class=\"background__inner-container\">\r\n\t\t\t\n\r\n<div id=\"block_05eba01fd3fb8bdf5c957d5c17817380\" class=\"blogs-feed page-width\">\r\n\t<div class=\"blogs__container\" data-currentpage=\"1\" data-categories=\"10,14\" data-postsperpage=\"6\" data-ajaxurl=\"https:\/\/bufusa.org\/wp-admin\/admin-ajax.php\">\r\n\t\t\r\n\t\t\r\n\t\t\t<a class=\"blog\" href=\"https:\/\/bufusa.org\/fr\/2026\/08\/13\/national-steam-competition\/\" aria-label=\"acc\u00e9der \u00e0 la page du concours national STEAM\">\r\n\t\t\t\t<div class=\"i72-image blog__image\" role=\"img\" title=\"Steam_Competition_pic1_08122026\" aria-label=\"\" data-srcset=\"https:\/\/bufusa.org\/wp-content\/uploads\/2026\/08\/Steam_Competition_pic1_08122026.jpg 3000w 3000h,https:\/\/bufusa.org\/wp-content\/uploads\/2026\/08\/Steam_Competition_pic1_08122026-300x225.jpg 300w 300h,https:\/\/bufusa.org\/wp-content\/uploads\/2026\/08\/Steam_Competition_pic1_08122026.jpg 768w 0h,https:\/\/bufusa.org\/wp-content\/uploads\/2026\/08\/Steam_Competition_pic1_08122026.jpg 1024w 1024h,https:\/\/bufusa.org\/wp-content\/uploads\/2026\/08\/Steam_Competition_pic1_08122026.jpg 1536w 1536h,https:\/\/bufusa.org\/wp-content\/uploads\/2026\/08\/Steam_Competition_pic1_08122026.jpg 2048w 2048h,https:\/\/bufusa.org\/wp-content\/uploads\/2026\/08\/Steam_Competition_pic1_08122026-16x12.jpg 18w 12h,https:\/\/bufusa.org\/wp-content\/uploads\/2026\/08\/Steam_Competition_pic1_08122026-150x113.jpg 150w 150h,https:\/\/bufusa.org\/wp-content\/uploads\/2026\/08\/Steam_Competition_pic1_08122026.jpg 1280w 1280h,https:\/\/bufusa.org\/wp-content\/uploads\/2026\/08\/Steam_Competition_pic1_08122026.jpg 2560w 2560h\" data-original-width=\"\" data-original-height=\"\"><\/div>\t\t\t\t<div class=\"blog__inner-container\">\r\n\t\t\t\t\t\t\t\t\t\t\t<h3 class=\"blog__title\">Concours national STEAM<\/h3>\r\n\t\t\t\t\t\t\t\t\t\t\t\t\t\t\t\t<p class=\"blog__date\">13 ao\u00fbt 2026<\/p>\r\n\t\t\t\t\t\t\t\t\t\t\t\t\t\t\t\t<p class=\"blog__excerpt\">L&#039;Universit\u00e9 de Bethl\u00e9em remporte les premi\u00e8re et deuxi\u00e8me places. Imaginez un cours de langue et litt\u00e9rature anglaises o\u00f9 les \u00e9l\u00e8ves sont des d\u00e9tectives. Au lieu de se voir expliquer le sens d&#039;un texte, ils m\u00e8nent l&#039;enqu\u00eate : ils reconstituent les motivations des personnages, suivent les indices de l&#039;intrigue et \u00e9laborent leur propre interpr\u00e9tation de l&#039;histoire. Rand Hadieh, Malak Bdeir, Shahd Hadieh et Hussein\u2026<\/p>\r\n\t\t\t\t\t\t\t\t\t<\/div>\r\n\t\t\t<\/a>\r\n\t\t\r\n\t\t\t<a class=\"blog\" href=\"https:\/\/bufusa.org\/fr\/2026\/08\/06\/one-toothbrush\/\" aria-label=\"aller \u00e0 la page Une brosse \u00e0 dents \u00e0 la fois\">\r\n\t\t\t\t<div class=\"i72-image blog__image\" role=\"img\" title=\"\u00c9tudiants en soins infirmiers aupr\u00e8s d&#039;enfants ayant des besoins sp\u00e9ciaux - 03\" aria-label=\"\u00c9tudiants en soins infirmiers aupr\u00e8s d&#039;enfants ayant des besoins sp\u00e9ciaux\" data-srcset=\"https:\/\/bufusa.org\/wp-content\/uploads\/2026\/08\/Nursing-Students-with-Special-Needs-Children-03.webp 3000w 3000h,https:\/\/bufusa.org\/wp-content\/uploads\/2026\/08\/Nursing-Students-with-Special-Needs-Children-03-300x225.webp 300w 300h,https:\/\/bufusa.org\/wp-content\/uploads\/2026\/08\/Nursing-Students-with-Special-Needs-Children-03-768x576.webp 768w 0h,https:\/\/bufusa.org\/wp-content\/uploads\/2026\/08\/Nursing-Students-with-Special-Needs-Children-03.webp 1024w 1024h,https:\/\/bufusa.org\/wp-content\/uploads\/2026\/08\/Nursing-Students-with-Special-Needs-Children-03.webp 1536w 1536h,https:\/\/bufusa.org\/wp-content\/uploads\/2026\/08\/Nursing-Students-with-Special-Needs-Children-03.webp 2048w 2048h,https:\/\/bufusa.org\/wp-content\/uploads\/2026\/08\/Nursing-Students-with-Special-Needs-Children-03-16x12.webp 18w 12h,https:\/\/bufusa.org\/wp-content\/uploads\/2026\/08\/Nursing-Students-with-Special-Needs-Children-03-150x113.webp 150w 150h,https:\/\/bufusa.org\/wp-content\/uploads\/2026\/08\/Nursing-Students-with-Special-Needs-Children-03.webp 1280w 1280h,https:\/\/bufusa.org\/wp-content\/uploads\/2026\/08\/Nursing-Students-with-Special-Needs-Children-03.webp 2560w 2560h\" data-original-width=\"\" data-original-height=\"\"><\/div>\t\t\t\t<div class=\"blog__inner-container\">\r\n\t\t\t\t\t\t\t\t\t\t\t<h3 class=\"blog__title\">Une brosse \u00e0 dents \u00e0 la fois<\/h3>\r\n\t\t\t\t\t\t\t\t\t\t\t\t\t\t\t\t<p class=\"blog__date\">6 ao\u00fbt 2026<\/p>\r\n\t\t\t\t\t\t\t\t\t\t\t\t\t\t\t\t<p class=\"blog__excerpt\">Des enfants \u00e0 besoins particuliers apprennent aupr\u00e8s d&#039;\u00e9tudiantes en soins infirmiers. Au Centre Tuqu&#039; pour l&#039;\u00e9ducation sp\u00e9cialis\u00e9e, six \u00e9tudiantes en troisi\u00e8me ann\u00e9e de soins infirmiers ont troqu\u00e9 les cours magistraux contre des miroirs, des brosses \u00e0 dents de d\u00e9monstration et beaucoup de patience. Leur objectif\u00a0: enseigner les bases de l&#039;hygi\u00e8ne aux enfants \u00e0 besoins particuliers, \u00e9tape par \u00e9tape. Aya Mohsen, Iman Al-Khatib, Kawthar Suleiman, Lana Abu Amriah, Razan Shaer et Taleen Abu\u2026<\/p>\r\n\t\t\t\t\t\t\t\t\t<\/div>\r\n\t\t\t<\/a>\r\n\t\t\r\n\t\t\t<a class=\"blog\" href=\"https:\/\/bufusa.org\/fr\/2026\/08\/06\/eohsj_winona\/\" aria-label=\"Consultez la page \u00ab\u00a0Le pr\u00e9sident de l&#039;universit\u00e9 de Boston rencontre les membres de l&#039;Ordre \u00e9questre au Minnesota\u00a0\u00bb.\">\r\n\t\t\t\t<div class=\"i72-image blog__image\" role=\"img\" title=\"6000E950-1C1A-4523-8EFB-DD224328CC74\" aria-label=\"\" data-srcset=\"https:\/\/bufusa.org\/wp-content\/uploads\/2024\/01\/6000E950-1C1A-4523-8EFB-DD224328CC74.png 3000w 3000h,https:\/\/bufusa.org\/wp-content\/uploads\/2024\/01\/6000E950-1C1A-4523-8EFB-DD224328CC74-300x168.png 300w 300h,https:\/\/bufusa.org\/wp-content\/uploads\/2024\/01\/6000E950-1C1A-4523-8EFB-DD224328CC74-768x429.png 768w 0h,https:\/\/bufusa.org\/wp-content\/uploads\/2024\/01\/6000E950-1C1A-4523-8EFB-DD224328CC74-1024x572.png 1024w 1024h,https:\/\/bufusa.org\/wp-content\/uploads\/2024\/01\/6000E950-1C1A-4523-8EFB-DD224328CC74-1536x858.png 1536w 1536h,https:\/\/bufusa.org\/wp-content\/uploads\/2024\/01\/6000E950-1C1A-4523-8EFB-DD224328CC74-2048x1143.png 2048w 2048h,https:\/\/bufusa.org\/wp-content\/uploads\/2024\/01\/6000E950-1C1A-4523-8EFB-DD224328CC74-18x10.png 18w 12h,https:\/\/bufusa.org\/wp-content\/uploads\/2024\/01\/6000E950-1C1A-4523-8EFB-DD224328CC74-150x84.png 150w 150h,https:\/\/bufusa.org\/wp-content\/uploads\/2024\/01\/6000E950-1C1A-4523-8EFB-DD224328CC74-1280x715.png 1280w 1280h,https:\/\/bufusa.org\/wp-content\/uploads\/2024\/01\/6000E950-1C1A-4523-8EFB-DD224328CC74-2560x1429.png 2560w 2560h\" data-original-width=\"\" data-original-height=\"\"><\/div>\t\t\t\t<div class=\"blog__inner-container\">\r\n\t\t\t\t\t\t\t\t\t\t\t<h3 class=\"blog__title\">Le pr\u00e9sident de l&#039;universit\u00e9 de Boston rencontre des membres de l&#039;Ordre \u00e9questre au Minnesota.<\/h3>\r\n\t\t\t\t\t\t\t\t\t\t\t\t\t\t\t\t<p class=\"blog__date\">6 ao\u00fbt 2026<\/p>\r\n\t\t\t\t\t\t\t\t\t\t\t\t\t\t\t\t<p class=\"blog__excerpt\">Le fr\u00e8re Hern\u00e1n Santos se rend \u00e0 Winona pour renforcer un partenariat de longue date. Le 18 juillet, le fr\u00e8re Hern\u00e1n Santos, FSC, pr\u00e9sident de l&#039;Universit\u00e9 de Bethl\u00e9em, et Shahinda Nassar, responsable du d\u00e9veloppement, se sont rendus \u00e0 Winona, dans le Minnesota, pour rencontrer des membres de la lieutenance nord des \u00c9tats-Unis de l&#039;Ordre \u00e9questre du Saint-S\u00e9pulcre de J\u00e9rusalem. Parmi les personnes pr\u00e9sentes figurait Dame Paula Wick\u2026<\/p>\r\n\t\t\t\t\t\t\t\t\t<\/div>\r\n\t\t\t<\/a>\r\n\t\t\r\n\t\t\t<a class=\"blog\" href=\"https:\/\/bufusa.org\/fr\/2026\/08\/06\/gtwnintern\/\" aria-label=\"Aller \u00e0 la page \u00ab\u00a0Ghassan \u00e0 Washington\u00a0\u00bb\">\r\n\t\t\t\t<div class=\"i72-image blog__image\" role=\"img\" title=\"Ghassan_Johnny_Altawil_Universit\u00e9 de Georgetown_Stagiaire_Juillet 2026\" aria-label=\"Ghassan Johnny Altawil\" data-srcset=\"https:\/\/bufusa.org\/wp-content\/uploads\/2026\/08\/Ghassan_Johnny_Altawil_Georgetown-Univ_Intern_July-2026.webp 3000w 3000h,https:\/\/bufusa.org\/wp-content\/uploads\/2026\/08\/Ghassan_Johnny_Altawil_Georgetown-Univ_Intern_July-2026-300x150.webp 300w 300h,https:\/\/bufusa.org\/wp-content\/uploads\/2026\/08\/Ghassan_Johnny_Altawil_Georgetown-Univ_Intern_July-2026-768x384.webp 768w 0h,https:\/\/bufusa.org\/wp-content\/uploads\/2026\/08\/Ghassan_Johnny_Altawil_Georgetown-Univ_Intern_July-2026-1024x512.webp 1024w 1024h,https:\/\/bufusa.org\/wp-content\/uploads\/2026\/08\/Ghassan_Johnny_Altawil_Georgetown-Univ_Intern_July-2026.webp 1536w 1536h,https:\/\/bufusa.org\/wp-content\/uploads\/2026\/08\/Ghassan_Johnny_Altawil_Georgetown-Univ_Intern_July-2026.webp 2048w 2048h,https:\/\/bufusa.org\/wp-content\/uploads\/2026\/08\/Ghassan_Johnny_Altawil_Georgetown-Univ_Intern_July-2026-18x9.webp 18w 12h,https:\/\/bufusa.org\/wp-content\/uploads\/2026\/08\/Ghassan_Johnny_Altawil_Georgetown-Univ_Intern_July-2026-150x75.webp 150w 150h,https:\/\/bufusa.org\/wp-content\/uploads\/2026\/08\/Ghassan_Johnny_Altawil_Georgetown-Univ_Intern_July-2026.webp 1280w 1280h,https:\/\/bufusa.org\/wp-content\/uploads\/2026\/08\/Ghassan_Johnny_Altawil_Georgetown-Univ_Intern_July-2026.webp 2560w 2560h\" data-original-width=\"\" data-original-height=\"\"><\/div>\t\t\t\t<div class=\"blog__inner-container\">\r\n\t\t\t\t\t\t\t\t\t\t\t<h3 class=\"blog__title\">Ghassan se rend \u00e0 Washington<\/h3>\r\n\t\t\t\t\t\t\t\t\t\t\t\t\t\t\t\t<p class=\"blog__date\">6 ao\u00fbt 2026<\/p>\r\n\t\t\t\t\t\t\t\t\t\t\t\t\t\t\t\t<p class=\"blog__excerpt\">Un partenariat entre l&#039;Universit\u00e9 de Georgetown et l&#039;Universit\u00e9 de Bethl\u00e9em offre \u00e0 un \u00e9tudiant stagiaire un \u00e9t\u00e9 riche en premi\u00e8res fois. En juin dernier, Ghassan Johnny Altawil a atterri \u00e0 l&#039;a\u00e9roport international de Dulles et a fait ce que la plupart des visiteurs ne font pas\u00a0: il s&#039;est dirig\u00e9 directement vers le m\u00e9tro. \u201c\u00a0La premi\u00e8re chose qui m&#039;a frapp\u00e9, c&#039;est le nombre de drapeaux am\u00e9ricains partout\u00a0\u201d, a-t-il d\u00e9clar\u00e9. \u201c\u00a0C&#039;\u00e9tait beaucoup plus\u2026\u00a0\u00bb<\/p>\r\n\t\t\t\t\t\t\t\t\t<\/div>\r\n\t\t\t<\/a>\r\n\t\t\r\n\t\t\t<a class=\"blog\" href=\"https:\/\/bufusa.org\/fr\/2026\/07\/13\/2026grad\/\" aria-label=\"Consultez la page \u00ab\u00a0633 raisons de c\u00e9l\u00e9brer\u00a0\u00bb.\">\r\n\t\t\t\t<div class=\"i72-image blog__image\" role=\"img\" title=\"photo de fin d&#039;\u00e9tudes 9_2026\" aria-label=\"Photo de remise de dipl\u00f4me\" data-srcset=\"https:\/\/bufusa.org\/wp-content\/uploads\/2026\/07\/grad-pic-9_2026-1-scaled.jpg 3000w 3000h,https:\/\/bufusa.org\/wp-content\/uploads\/2026\/07\/grad-pic-9_2026-1-300x200.jpg 300w 300h,https:\/\/bufusa.org\/wp-content\/uploads\/2026\/07\/grad-pic-9_2026-1-768x512.jpg 768w 0h,https:\/\/bufusa.org\/wp-content\/uploads\/2026\/07\/grad-pic-9_2026-1-1024x683.jpg 1024w 1024h,https:\/\/bufusa.org\/wp-content\/uploads\/2026\/07\/grad-pic-9_2026-1-1536x1024.jpg 1536w 1536h,https:\/\/bufusa.org\/wp-content\/uploads\/2026\/07\/grad-pic-9_2026-1-2048x1365.jpg 2048w 2048h,https:\/\/bufusa.org\/wp-content\/uploads\/2026\/07\/grad-pic-9_2026-1-18x12.jpg 18w 12h,https:\/\/bufusa.org\/wp-content\/uploads\/2026\/07\/grad-pic-9_2026-1-150x100.jpg 150w 150h,https:\/\/bufusa.org\/wp-content\/uploads\/2026\/07\/grad-pic-9_2026-1-1280x853.jpg 1280w 1280h,https:\/\/bufusa.org\/wp-content\/uploads\/2026\/07\/grad-pic-9_2026-1-2560x1707.jpg 2560w 2560h\" data-original-width=\"\" data-original-height=\"\"><\/div>\t\t\t\t<div class=\"blog__inner-container\">\r\n\t\t\t\t\t\t\t\t\t\t\t<h3 class=\"blog__title\">633 raisons de c\u00e9l\u00e9brer<\/h3>\r\n\t\t\t\t\t\t\t\t\t\t\t\t\t\t\t\t<p class=\"blog__date\">13 juillet 2026<\/p>\r\n\t\t\t\t\t\t\t\t\t\t\t\t\t\t\t\t<p class=\"blog__excerpt\">Le flambeau est transmis \u00e0 la 50e promotion de l&#039;Universit\u00e9 de Bethl\u00e9em (BU)\u00a0: 633 raisons de c\u00e9l\u00e9brer. Les 25 et 26 juin 2026, 633 jeunes adultes ont re\u00e7u leur dipl\u00f4me, marquant ainsi la 50e promotion de l&#039;Universit\u00e9 de Bethl\u00e9em. Cette c\u00e9r\u00e9monie du jubil\u00e9 d&#039;or a \u00e9t\u00e9 l&#039;occasion de passer le flambeau depuis la toute premi\u00e8re promotion de BU\u2026<\/p>\r\n\t\t\t\t\t\t\t\t\t<\/div>\r\n\t\t\t<\/a>\r\n\t\t\r\n\t\t\t<a class=\"blog\" href=\"https:\/\/bufusa.org\/fr\/2026\/07\/13\/unmidwiferytraining\/\" aria-label=\"Consultez la page de la facult\u00e9 de sages-femmes de l&#039;Universit\u00e9 de Boston (UN Trains BU).\">\r\n\t\t\t\t<div class=\"i72-image blog__image\" role=\"img\" title=\"Formation en sant\u00e9 sexuelle et reproductive et obst\u00e9tricale 03_2026\" aria-label=\"Formation en ma\u00efeutique\" data-srcset=\"https:\/\/bufusa.org\/wp-content\/uploads\/2026\/07\/SRHR-Midwifery-Training-03_2026.webp 3000w 3000h,https:\/\/bufusa.org\/wp-content\/uploads\/2026\/07\/SRHR-Midwifery-Training-03_2026-300x169.webp 300w 300h,https:\/\/bufusa.org\/wp-content\/uploads\/2026\/07\/SRHR-Midwifery-Training-03_2026-768x432.webp 768w 0h,https:\/\/bufusa.org\/wp-content\/uploads\/2026\/07\/SRHR-Midwifery-Training-03_2026.webp 1024w 1024h,https:\/\/bufusa.org\/wp-content\/uploads\/2026\/07\/SRHR-Midwifery-Training-03_2026.webp 1536w 1536h,https:\/\/bufusa.org\/wp-content\/uploads\/2026\/07\/SRHR-Midwifery-Training-03_2026.webp 2048w 2048h,https:\/\/bufusa.org\/wp-content\/uploads\/2026\/07\/SRHR-Midwifery-Training-03_2026-18x10.webp 18w 12h,https:\/\/bufusa.org\/wp-content\/uploads\/2026\/07\/SRHR-Midwifery-Training-03_2026-150x84.webp 150w 150h,https:\/\/bufusa.org\/wp-content\/uploads\/2026\/07\/SRHR-Midwifery-Training-03_2026.webp 1280w 1280h,https:\/\/bufusa.org\/wp-content\/uploads\/2026\/07\/SRHR-Midwifery-Training-03_2026.webp 2560w 2560h\" data-original-width=\"\" data-original-height=\"\"><\/div>\t\t\t\t<div class=\"blog__inner-container\">\r\n\t\t\t\t\t\t\t\t\t\t\t<h3 class=\"blog__title\">L&#039;ONU forme la facult\u00e9 de sages-femmes de l&#039;Universit\u00e9 de Boston<\/h3>\r\n\t\t\t\t\t\t\t\t\t\t\t\t\t\t\t\t<p class=\"blog__date\">13 juillet 2026<\/p>\r\n\t\t\t\t\t\t\t\t\t\t\t\t\t\t\t\t<p class=\"blog__excerpt\">Soins d&#039;urgence en zones de conflit : Lorsqu&#039;une femme palestinienne accouche en situation de crise, il y a pr\u00e8s d&#039;une chance sur trois que sa sage-femme ait \u00e9t\u00e9 form\u00e9e \u00e0 l&#039;Universit\u00e9 de Bethl\u00e9em. Cet \u00e9t\u00e9, la facult\u00e9 de sages-femmes de l&#039;Universit\u00e9 de Bethl\u00e9em a renforc\u00e9 sa pr\u00e9paration \u00e0 ce type de situation. En collaboration avec le Fonds des Nations Unies pour la population (UNFPA), Mme Fatima Al-Madani Hammad, directrice\u2026<\/p>\r\n\t\t\t\t\t\t\t\t\t<\/div>\r\n\t\t\t<\/a>\r\n\t\t\t\t\t<div class=\"feed__pagination\">\r\n\t\t\t\t<span><\/span>\r\n\t\t\t\t<a class=\"loadmore__button button button-separator\" href=\"javascript:void(0);\" aria-label=\"charger plus\">Charger plus<\/a>\r\n\t\t\t\t<span><\/span>\r\n\t\t\t<\/div>\r\n\t\t\r\n\t\t<\/div>\r\n<\/div>\n\r\n\t\t<\/div>\r\n\t<\/div>\r\n\r\n\n\n\r\n<div id=\"block_07bda65ac254195e76833e148912d6d0\" class=\"card card--anchor card-color--F5F6F7 align-left page-width\">\r\n\t\t\t<a href=\"https:\/\/bufusa.org\/fr\/faqs\/\" target=\"_blank\" aria-label=\"Lien vers : FAQ de l&#039;Universit\u00e9 de Bethl\u00e9em\"><\/a>\r\n\t\t<div class=\"i72-image cover\" role=\"img\" title=\"Tour de l&#039;horloge de l&#039;Universit\u00e9 de Bethl\u00e9em\" aria-label=\"Tour de l&#039;horloge de l&#039;Universit\u00e9 de Bethl\u00e9em\" data-srcset=\"https:\/\/bufusa.org\/wp-content\/uploads\/2023\/11\/buf.jpeg 3000w 3000h,https:\/\/bufusa.org\/wp-content\/uploads\/2023\/11\/buf-300x169.jpeg 300w 169h,https:\/\/bufusa.org\/wp-content\/uploads\/2023\/11\/buf-768x432.jpeg 768w 432h,https:\/\/bufusa.org\/wp-content\/uploads\/2023\/11\/buf-1024x576.jpeg 1024w 576h,https:\/\/bufusa.org\/wp-content\/uploads\/2023\/11\/buf.jpeg 1200w 675h,https:\/\/bufusa.org\/wp-content\/uploads\/2023\/11\/buf.jpeg 1200w 675h,https:\/\/bufusa.org\/wp-content\/uploads\/2023\/11\/buf-18x10.jpeg 18w 10h,https:\/\/bufusa.org\/wp-content\/uploads\/2023\/11\/buf-150x84.jpeg 150w 84h,https:\/\/bufusa.org\/wp-content\/uploads\/2023\/11\/buf.jpeg 1200w 675h,https:\/\/bufusa.org\/wp-content\/uploads\/2023\/11\/buf.jpeg 1200w 675h\" data-original-width=\"1200\" data-original-height=\"675\"><\/div>\t<div class=\"card__inner-container\">\r\n\t\t\t\t\t\t\t<h2 class=\"card__title\">FAQ de l&#039;Universit\u00e9 de Bethl\u00e9em<\/h2>\r\n\t\t\t\t\t\t\t<div class=\"card__text\"><p>Vous avez des questions sur l&#039;Universit\u00e9 de Boston (BU)\u00a0? Saurez-vous la situer sur une carte\u00a0? Vous vous demandez quel est l&#039;impact de cette activit\u00e9 sur les \u00e9tudiants, les professeurs et le personnel\u00a0?.<\/p>\n<p>&nbsp;<\/p>\n<p>Vous trouverez ces r\u00e9ponses et bien d&#039;autres sur notre page FAQ. <a href=\"https:\/\/bufusa.org\/fr\/faqs\/\">Apprendre encore plus . . .<\/a><\/p>\n<\/div>\r\n\t\t\t\t\t<\/div>\r\n<\/div>\n\n\r\n\r\n\t<div id=\"block_1eeaf3384c896b9d9c8ebdfbab7efb8a\" class=\"row row--default container--horizontal row-break--4 background-color--none bb-focusRow1 full-width vertical-align--top\">\r\n\t\t<!-- Image Error (Could not load $image) -->\t\t<div class=\"row__inner-container\">\r\n\t\t\t\n\r\n<div id=\"block_de145caf853e4c840d32ba35761b1b8e\" class=\"wysiwyg full-width\"><h2>Rejoignez notre mission !<\/h2>\n<p>Inscrivez-vous pour recevoir notre newsletter et rester inform\u00e9 de nos activit\u00e9s.<\/p>\n<p><img loading=\"lazy\" decoding=\"async\" class=\"alignnone  wp-image-10311\" src=\"https:\/\/bufusa.org\/wp-content\/uploads\/2026\/02\/BU-Students-Posing-for-Pic-1024x576.jpg\" alt=\"\" width=\"350\" height=\"197\" srcset=\"https:\/\/bufusa.org\/wp-content\/uploads\/2026\/02\/BU-Students-Posing-for-Pic-1024x576.jpg 1024w, https:\/\/bufusa.org\/wp-content\/uploads\/2026\/02\/BU-Students-Posing-for-Pic-300x169.jpg 300w, https:\/\/bufusa.org\/wp-content\/uploads\/2026\/02\/BU-Students-Posing-for-Pic-768x432.jpg 768w, https:\/\/bufusa.org\/wp-content\/uploads\/2026\/02\/BU-Students-Posing-for-Pic-1536x864.jpg 1536w, https:\/\/bufusa.org\/wp-content\/uploads\/2026\/02\/BU-Students-Posing-for-Pic-18x10.jpg 18w, https:\/\/bufusa.org\/wp-content\/uploads\/2026\/02\/BU-Students-Posing-for-Pic-150x84.jpg 150w, https:\/\/bufusa.org\/wp-content\/uploads\/2026\/02\/BU-Students-Posing-for-Pic-1280x720.jpg 1280w, https:\/\/bufusa.org\/wp-content\/uploads\/2026\/02\/BU-Students-Posing-for-Pic.jpg 1920w\" sizes=\"auto, (max-width: 350px) 100vw, 350px\" \/><\/p>\n<\/div>\n\n\n<script src=\"https:\/\/s3-us-west-2.amazonaws.com\/bloomerang-public-cdn\/bethlehemuniversityfoundation\/.widget-js\/92717056.js\" type=\"text\/javascript\"><\/script>\n\n\r\n\t\t<\/div>\r\n\t\t\t<\/div>\r\n\r\n\n\n\n<div style=\"height:100px\" aria-hidden=\"true\" class=\"wp-block-spacer\"><\/div>\n\n\n\r\n<div id=\"block_58041741f5c17927b2c8fddd43022e47\" class=\"quote align-center page-width\">\r\n\t<div class=\"quote__outer-container\">\r\n\t\t\t\t\t<p class=\"quote__text\">\u00ab Vous pouvez faire des miracles en touchant le c\u0153ur de ceux qui vous sont confi\u00e9s \u00bb<\/p>\r\n\t\t\t\t<div class=\"quote__author-container\">\r\n\t\t\t\t\t\t\t<p class=\"quote__author_name\">Saint Jean Baptiste De La Salle<\/p>\r\n\t\t\t\t\t\t\t\t<\/div>\r\n\t<\/div>\r\n<\/div>","protected":false},"excerpt":{"rendered":"","protected":false},"author":1,"featured_media":0,"parent":0,"menu_order":0,"comment_status":"closed","ping_status":"closed","template":"","meta":{"_acf_changed":false,"inline_featured_image":false,"footnotes":""},"class_list":["post-1074","page","type-page","status-publish","hentry"],"acf":[],"_links":{"self":[{"href":"https:\/\/bufusa.org\/fr\/wp-json\/wp\/v2\/pages\/1074","targetHints":{"allow":["GET"]}}],"collection":[{"href":"https:\/\/bufusa.org\/fr\/wp-json\/wp\/v2\/pages"}],"about":[{"href":"https:\/\/bufusa.org\/fr\/wp-json\/wp\/v2\/types\/page"}],"author":[{"embeddable":true,"href":"https:\/\/bufusa.org\/fr\/wp-json\/wp\/v2\/users\/1"}],"replies":[{"embeddable":true,"href":"https:\/\/bufusa.org\/fr\/wp-json\/wp\/v2\/comments?post=1074"}],"version-history":[{"count":936,"href":"https:\/\/bufusa.org\/fr\/wp-json\/wp\/v2\/pages\/1074\/revisions"}],"predecessor-version":[{"id":12304,"href":"https:\/\/bufusa.org\/fr\/wp-json\/wp\/v2\/pages\/1074\/revisions\/12304"}],"wp:attachment":[{"href":"https:\/\/bufusa.org\/fr\/wp-json\/wp\/v2\/media?parent=1074"}],"curies":[{"name":"wp","href":"https:\/\/api.w.org\/{rel}","templated":true}]}}