{"id":1411,"date":"2023-10-24T15:52:17","date_gmt":"2023-10-24T15:52:17","guid":{"rendered":"http:\/\/bethlehem.i72dev.com\/?page_id=1411"},"modified":"2025-03-06T10:54:49","modified_gmt":"2025-03-06T15:54:49","slug":"staff","status":"publish","type":"page","link":"https:\/\/bufusa.org\/fr\/staff\/","title":{"rendered":""},"content":{"rendered":"<div id=\"block_ae15cafc63ea605ed3b1415a705fad6b\" class=\"people-feed page-width\">\r\n\r\n\t<div class=\"people__container\">\r\n\r\n\t\t\t\t\t\r\n\t\t\t\t<div class=\"people__section\">\r\n\t\t\t\t\t<h2 class=\"role__title\">Personnel<\/h2>\r\n\t\t\t\t\t\r\n\t\t\t\t\t\t\t\t\t\t\t\r\n\t\t\t\t\t\t\t<div class=\"person\">\r\n\t\t\t\t\t\t\t\t<div class=\"person__outer-container\">\r\n\t\t\t\t\t\t\t\t\t<div class=\"person__info-container\">\r\n\t\t\t\t\t\t\t\t\t\t<div class=\"i72-image person__image\" role=\"img\" title=\"Waleed Zaru\" aria-label=\"\" data-srcset=\"https:\/\/bufusa.org\/wp-content\/uploads\/2026\/01\/WALEED-ZARU-PICTURE.jpg 3000w 3000h,https:\/\/bufusa.org\/wp-content\/uploads\/2026\/01\/WALEED-ZARU-PICTURE-289x300.jpg 289w 300h,https:\/\/bufusa.org\/wp-content\/uploads\/2026\/01\/WALEED-ZARU-PICTURE-768x797.jpg 768w 797h,https:\/\/bufusa.org\/wp-content\/uploads\/2026\/01\/WALEED-ZARU-PICTURE.jpg 918w 953h,https:\/\/bufusa.org\/wp-content\/uploads\/2026\/01\/WALEED-ZARU-PICTURE.jpg 918w 953h,https:\/\/bufusa.org\/wp-content\/uploads\/2026\/01\/WALEED-ZARU-PICTURE.jpg 918w 953h,https:\/\/bufusa.org\/wp-content\/uploads\/2026\/01\/WALEED-ZARU-PICTURE-12x12.jpg 12w 12h,https:\/\/bufusa.org\/wp-content\/uploads\/2026\/01\/WALEED-ZARU-PICTURE-144x150.jpg 144w 150h,https:\/\/bufusa.org\/wp-content\/uploads\/2026\/01\/WALEED-ZARU-PICTURE.jpg 918w 953h,https:\/\/bufusa.org\/wp-content\/uploads\/2026\/01\/WALEED-ZARU-PICTURE.jpg 918w 953h\" data-original-width=\"918\" data-original-height=\"953\"><\/div>\t\t\t\t\t\t\t\t\t\t<div class=\"person__inner-container\">\r\n\t\t\t\t\t\t\t\t\t\t\t\t\t\t\t\t\t\t\t\t\t\t\t<h3 class=\"person__name\">Waleed Zaru<\/h3>\r\n\t\t\t\t\t\t\t\t\t\t\t\t\t\t\t\t\t\t\t\t\t\t\t\t\t\t\t\t\t\t\t\t\t\t<p class=\"person__title\">Directeur ex\u00e9cutif<\/p>\r\n\t\t\t\t\t\t\t\t\t\t\t\t\t\t\t\t\t\t\t\t\t\t\t\t\t\t\t\t\t\t\t\t<\/div>\r\n\t\t\t\t\t\t\t\t\t<\/div>\r\n\t\t\t\t\t\t\t\t\t\t\t\t\t\t\t\t\t\t\t<div class=\"person__content\"><p>Waleed Zaru joined the Bethlehem University Foundation as Executive Director in January 2026, providing strategic leadership to advance the Foundation\u2019s mission and support Bethlehem University\u2019s long-term sustainability. He brings more than 25 years of leadership experience in resource development and organizational management, working closely with boards, partners, and supporters to strengthen institutions and align strategy with mission. As a Palestinian American, Waleed brings a deep understanding of the cultural, social, and geopolitical context in which Bethlehem University operates. He is deeply committed to collaboration, transparency, and meaningful engagement with stakeholders in the United States and around the world.<\/p>\n<\/div>\r\n\t\t\t\t\t\t\t\t\t\t\t\t\t\t\t\t\t\t<a class=\"person__more button\" href=\"javascript:;\" aria-label=\"toggle Waleed Zaru description\"><span>Charger plus<\/span><\/a>\r\n\t\t\t\t\t\t\t\t<\/div>\r\n\t\t\t\t\t\t\t<\/div>\r\n\t\t\t\t\t\t\r\n\t\t\t\t\t\t\t<div class=\"person\">\r\n\t\t\t\t\t\t\t\t<div class=\"person__outer-container\">\r\n\t\t\t\t\t\t\t\t\t<div class=\"person__info-container\">\r\n\t\t\t\t\t\t\t\t\t\t<div class=\"i72-image person__image\" role=\"img\" title=\"Kathy Carver\" aria-label=\"Kathy Carver\" data-srcset=\"https:\/\/bufusa.org\/wp-content\/uploads\/2023\/10\/Kathy-Carver.jpeg 3000w 3000h,https:\/\/bufusa.org\/wp-content\/uploads\/2023\/10\/Kathy-Carver-300x300.jpeg 300w 300h,https:\/\/bufusa.org\/wp-content\/uploads\/2023\/10\/Kathy-Carver.jpeg 350w 350h,https:\/\/bufusa.org\/wp-content\/uploads\/2023\/10\/Kathy-Carver.jpeg 350w 350h,https:\/\/bufusa.org\/wp-content\/uploads\/2023\/10\/Kathy-Carver.jpeg 350w 350h,https:\/\/bufusa.org\/wp-content\/uploads\/2023\/10\/Kathy-Carver.jpeg 350w 350h,https:\/\/bufusa.org\/wp-content\/uploads\/2023\/10\/Kathy-Carver-12x12.jpeg 12w 12h,https:\/\/bufusa.org\/wp-content\/uploads\/2023\/10\/Kathy-Carver-150x150.jpeg 150w 150h,https:\/\/bufusa.org\/wp-content\/uploads\/2023\/10\/Kathy-Carver.jpeg 350w 350h,https:\/\/bufusa.org\/wp-content\/uploads\/2023\/10\/Kathy-Carver.jpeg 350w 350h\" data-original-width=\"350\" data-original-height=\"350\"><\/div>\t\t\t\t\t\t\t\t\t\t<div class=\"person__inner-container\">\r\n\t\t\t\t\t\t\t\t\t\t\t\t\t\t\t\t\t\t\t\t\t\t\t<h3 class=\"person__name\">Kathleen Carver<\/h3>\r\n\t\t\t\t\t\t\t\t\t\t\t\t\t\t\t\t\t\t\t\t\t\t\t\t\t\t\t\t\t\t\t\t\t\t<p class=\"person__title\">Director of Mission Advancement<\/p>\r\n\t\t\t\t\t\t\t\t\t\t\t\t\t\t\t\t\t\t\t\t\t\t\t\t\t\t\t\t\t\t\t\t<\/div>\r\n\t\t\t\t\t\t\t\t\t<\/div>\r\n\t\t\t\t\t\t\t\t\t\t\t\t\t\t\t\t\t\t\t<div class=\"person__content\"><p>Kathleen \u00ab Kathy \u00bb Carver a rejoint la Bethlehem University Foundation en 2022 et est directrice du d\u00e9veloppement. Elle est tr\u00e8s attach\u00e9e \u00e0 l&#039;excellence, \u00e0 l&#039;int\u00e9grit\u00e9, \u00e0 l&#039;innovation et aux valeurs catholiques.<\/p>\n<p>Plus r\u00e9cemment, elle \u00e9tait directrice de l&#039;avancement institutionnel \u00e0 l&#039;Institut Saint Luke o\u00f9 elle a obtenu un don de $500 000 d&#039;une fondation familiale priv\u00e9e et a dirig\u00e9 la restructuration du d\u00e9partement d&#039;avancement. Le Dr Joseph Bock, directeur ex\u00e9cutif de la Fondation de l&#039;Universit\u00e9 de Bethl\u00e9em, tout en r\u00e9fl\u00e9chissant \u00e0 la nouvelle nomination de Kathy, a d\u00e9clar\u00e9 : \u00ab La Fondation est ravie d&#039;accueillir une professionnelle aussi raffin\u00e9e et accomplie que Kathy dans notre \u00e9quipe. Nous attendons avec impatience l&#039;avenir car je suis convaincu que Kathy dirigera notre \u00e9quipe de d\u00e9veloppement pour obtenir de nouveaux cadeaux et opportunit\u00e9s !<\/p>\n<p>L&#039;autre exp\u00e9rience de Kathy comprend l&#039;obtention d&#039;une subvention de $200,000 pour la F\u00e9d\u00e9ration nationale pour le minist\u00e8re catholique de la jeunesse, la direction d&#039;un processus de planification strat\u00e9gique de quatre ans et le d\u00e9veloppement de plus de 75 livres \u00e9ducatifs, guides pour adultes, m\u00e9dailles, \u00e9cussons et r\u00e9compenses g\u00e9n\u00e9rateurs de revenus. Elle a \u00e9galement particip\u00e9 \u00e0 divers voyages de service dont un voyage aux Journ\u00e9es Mondiales de la Jeunesse en 2016 et au Rwanda pour la 10<sup>\u00e8me<\/sup>\u00a0anniversaire du g\u00e9nocide rwandais.<\/p>\n<p>Kathy est mari\u00e9e \u00e0 son mari Bruce Baumgarten depuis plus de 35 ans et ils sont les fiers parents de leur fille adulte, Christine. Ils r\u00e9sident actuellement \u00e0 Laurel, Maryland.<\/p>\n<\/div>\r\n\t\t\t\t\t\t\t\t\t\t\t\t\t\t\t\t\t\t<a class=\"person__more button\" href=\"javascript:;\" aria-label=\"toggle Kathleen Carver description\"><span>Charger plus<\/span><\/a>\r\n\t\t\t\t\t\t\t\t<\/div>\r\n\t\t\t\t\t\t\t<\/div>\r\n\t\t\t\t\t\t\r\n\t\t\t\t\t\t\t<div class=\"person\">\r\n\t\t\t\t\t\t\t\t<div class=\"person__outer-container\">\r\n\t\t\t\t\t\t\t\t\t<div class=\"person__info-container\">\r\n\t\t\t\t\t\t\t\t\t\t<div class=\"i72-image person__image\" role=\"img\" title=\"no image - female\" aria-label=\"\" data-srcset=\"https:\/\/bufusa.org\/wp-content\/uploads\/2023\/12\/no-image-female.jpg 3000w 3000h,https:\/\/bufusa.org\/wp-content\/uploads\/2023\/12\/no-image-female-279x300.jpg 279w 300h,https:\/\/bufusa.org\/wp-content\/uploads\/2023\/12\/no-image-female-768x826.jpg 768w 826h,https:\/\/bufusa.org\/wp-content\/uploads\/2023\/12\/no-image-female.jpg 820w 882h,https:\/\/bufusa.org\/wp-content\/uploads\/2023\/12\/no-image-female.jpg 820w 882h,https:\/\/bufusa.org\/wp-content\/uploads\/2023\/12\/no-image-female.jpg 820w 882h,https:\/\/bufusa.org\/wp-content\/uploads\/2023\/12\/no-image-female-11x12.jpg 11w 12h,https:\/\/bufusa.org\/wp-content\/uploads\/2023\/12\/no-image-female-139x150.jpg 139w 150h,https:\/\/bufusa.org\/wp-content\/uploads\/2023\/12\/no-image-female.jpg 820w 882h,https:\/\/bufusa.org\/wp-content\/uploads\/2023\/12\/no-image-female.jpg 820w 882h\" data-original-width=\"820\" data-original-height=\"882\"><\/div>\t\t\t\t\t\t\t\t\t\t<div class=\"person__inner-container\">\r\n\t\t\t\t\t\t\t\t\t\t\t\t\t\t\t\t\t\t\t\t\t\t\t<h3 class=\"person__name\">Ruby Freeman<\/h3>\r\n\t\t\t\t\t\t\t\t\t\t\t\t\t\t\t\t\t\t\t\t\t\t\t\t\t\t\t\t\t\t\t\t\t\t<p class=\"person__title\">Directeur de l&#039;\u00e9dition et des op\u00e9rations<\/p>\r\n\t\t\t\t\t\t\t\t\t\t\t\t\t\t\t\t\t\t\t\t\t\t\t\t\t\t\t\t\t\t\t\t<\/div>\r\n\t\t\t\t\t\t\t\t\t<\/div>\r\n\t\t\t\t\t\t\t\t\t\t\t\t\t\t\t\t\t\t\t<div class=\"person__content\"><p>Ruby Freeman a rejoint la Bethlehem University Foundation en 2023 et est directrice de la publication et des op\u00e9rations. Ruby est originaire de Washington, DC et est titulaire d&#039;une ma\u00eetrise de l&#039;Universit\u00e9 de Baltimore en conception de publications et d&#039;un BS de l&#039;Universit\u00e9 du District de Columbia en gestion de l&#039;impression. En plus de la conception de pages, elle apporte \u00e0 la Fondation des comp\u00e9tences en mati\u00e8re de gestion de projet et d&#039;organisation et souhaite contribuer grandement au travail de BUF.<\/p>\n<\/div>\r\n\t\t\t\t\t\t\t\t\t\t\t\t\t\t\t\t\t\t<a class=\"person__more button\" href=\"javascript:;\" aria-label=\"basculer la description de Ruby Freeman\"><span>Charger plus<\/span><\/a>\r\n\t\t\t\t\t\t\t\t<\/div>\r\n\t\t\t\t\t\t\t<\/div>\r\n\t\t\t\t\t\t\r\n\t\t\t\t\t\t\t<div class=\"person\">\r\n\t\t\t\t\t\t\t\t<div class=\"person__outer-container\">\r\n\t\t\t\t\t\t\t\t\t<div class=\"person__info-container\">\r\n\t\t\t\t\t\t\t\t\t\t<div class=\"i72-image person__image\" role=\"img\" title=\"Ron Hays\" aria-label=\"Ron Hays\" data-srcset=\"https:\/\/bufusa.org\/wp-content\/uploads\/2024\/06\/r-hays_headshot_6-2024.jpg 3000w 3000h,https:\/\/bufusa.org\/wp-content\/uploads\/2024\/06\/r-hays_headshot_6-2024-300x300.jpg 300w 300h,https:\/\/bufusa.org\/wp-content\/uploads\/2024\/06\/r-hays_headshot_6-2024-768x765.jpg 768w 765h,https:\/\/bufusa.org\/wp-content\/uploads\/2024\/06\/r-hays_headshot_6-2024.jpg 931w 927h,https:\/\/bufusa.org\/wp-content\/uploads\/2024\/06\/r-hays_headshot_6-2024.jpg 931w 927h,https:\/\/bufusa.org\/wp-content\/uploads\/2024\/06\/r-hays_headshot_6-2024.jpg 931w 927h,https:\/\/bufusa.org\/wp-content\/uploads\/2024\/06\/r-hays_headshot_6-2024-12x12.jpg 12w 12h,https:\/\/bufusa.org\/wp-content\/uploads\/2024\/06\/r-hays_headshot_6-2024-150x150.jpg 150w 150h,https:\/\/bufusa.org\/wp-content\/uploads\/2024\/06\/r-hays_headshot_6-2024.jpg 931w 927h,https:\/\/bufusa.org\/wp-content\/uploads\/2024\/06\/r-hays_headshot_6-2024.jpg 931w 927h\" data-original-width=\"931\" data-original-height=\"927\"><\/div>\t\t\t\t\t\t\t\t\t\t<div class=\"person__inner-container\">\r\n\t\t\t\t\t\t\t\t\t\t\t\t\t\t\t\t\t\t\t\t\t\t\t<h3 class=\"person__name\">Ron Hayes<\/h3>\r\n\t\t\t\t\t\t\t\t\t\t\t\t\t\t\t\t\t\t\t\t\t\t\t\t\t\t\t\t\t\t\t\t\t\t<p class=\"person__title\">Controller<\/p>\r\n\t\t\t\t\t\t\t\t\t\t\t\t\t\t\t\t\t\t\t\t\t\t\t\t\t\t\t\t\t\t\t\t<\/div>\r\n\t\t\t\t\t\t\t\t\t<\/div>\r\n\t\t\t\t\t\t\t\t\t\t\t\t\t\t\t\t\t\t\t<div class=\"person__content\"><p>Ronald Hays (Ron) is in his second stint as Controller with Bethlehem University Foundation, having initially started in 2019. He spent most of his career in financial planning and analysis for both for-profit and not-for-profit companies. Ron holds a degree in Accounting from the University of Wyoming and an MBA from the University of Notre Dame. Ron volunteers doing income tax for various VITA (Volunteer Income Tax Association) organizations.<\/p>\n<\/div>\r\n\t\t\t\t\t\t\t\t\t\t\t\t\t\t\t\t\t\t<a class=\"person__more button\" href=\"javascript:;\" aria-label=\"toggle Ron Hayes description\"><span>Charger plus<\/span><\/a>\r\n\t\t\t\t\t\t\t\t<\/div>\r\n\t\t\t\t\t\t\t<\/div>\r\n\t\t\t\t\t\t\r\n\t\t\t\t\t\t\t<div class=\"person\">\r\n\t\t\t\t\t\t\t\t<div class=\"person__outer-container\">\r\n\t\t\t\t\t\t\t\t\t<div class=\"person__info-container\">\r\n\t\t\t\t\t\t\t\t\t\t<div class=\"i72-image person__image\" role=\"img\" title=\"no image - male\" aria-label=\"\" data-srcset=\"https:\/\/bufusa.org\/wp-content\/uploads\/2024\/10\/no-image-male.jpg 3000w 3000h,https:\/\/bufusa.org\/wp-content\/uploads\/2024\/10\/no-image-male-300x300.jpg 300w 300h,https:\/\/bufusa.org\/wp-content\/uploads\/2024\/10\/no-image-male.jpg 612w 612h,https:\/\/bufusa.org\/wp-content\/uploads\/2024\/10\/no-image-male.jpg 612w 612h,https:\/\/bufusa.org\/wp-content\/uploads\/2024\/10\/no-image-male.jpg 612w 612h,https:\/\/bufusa.org\/wp-content\/uploads\/2024\/10\/no-image-male.jpg 612w 612h,https:\/\/bufusa.org\/wp-content\/uploads\/2024\/10\/no-image-male-12x12.jpg 12w 12h,https:\/\/bufusa.org\/wp-content\/uploads\/2024\/10\/no-image-male-150x150.jpg 150w 150h,https:\/\/bufusa.org\/wp-content\/uploads\/2024\/10\/no-image-male.jpg 612w 612h,https:\/\/bufusa.org\/wp-content\/uploads\/2024\/10\/no-image-male.jpg 612w 612h\" data-original-width=\"612\" data-original-height=\"612\"><\/div>\t\t\t\t\t\t\t\t\t\t<div class=\"person__inner-container\">\r\n\t\t\t\t\t\t\t\t\t\t\t\t\t\t\t\t\t\t\t\t\t\t\t<h3 class=\"person__name\">Br. Chuck Mrozinski, FSC<\/h3>\r\n\t\t\t\t\t\t\t\t\t\t\t\t\t\t\t\t\t\t\t\t\t\t\t\t\t\t\t\t\t\t\t\t\t\t<p class=\"person__title\">Volunteer<\/p>\r\n\t\t\t\t\t\t\t\t\t\t\t\t\t\t\t\t\t\t\t\t\t\t\t\t\t\t\t\t\t\t\t\t<\/div>\r\n\t\t\t\t\t\t\t\t\t<\/div>\r\n\t\t\t\t\t\t\t\t\t\t\t\t\t\t\t\t\t\t<a class=\"person__more button\" href=\"javascript:;\" aria-label=\"toggle Br. Chuck Mrozinski, FSC description\"><span>Charger plus<\/span><\/a>\r\n\t\t\t\t\t\t\t\t<\/div>\r\n\t\t\t\t\t\t\t<\/div>\r\n\t\t\t\t\t\t\r\n\t\t\t\t\t\t\t<div class=\"person\">\r\n\t\t\t\t\t\t\t\t<div class=\"person__outer-container\">\r\n\t\t\t\t\t\t\t\t\t<div class=\"person__info-container\">\r\n\t\t\t\t\t\t\t\t\t\t<div class=\"i72-image person__image\" role=\"img\" title=\"Christian Brothers Portraits\" aria-label=\"\" data-srcset=\"https:\/\/bufusa.org\/wp-content\/uploads\/2024\/10\/2016Gerry-1-scaled.jpg 3000w 3000h,https:\/\/bufusa.org\/wp-content\/uploads\/2024\/10\/2016Gerry-1-222x300.jpg 222w 300h,https:\/\/bufusa.org\/wp-content\/uploads\/2024\/10\/2016Gerry-1-768x1040.jpg 768w 1040h,https:\/\/bufusa.org\/wp-content\/uploads\/2024\/10\/2016Gerry-1-756x1024.jpg 756w 1024h,https:\/\/bufusa.org\/wp-content\/uploads\/2024\/10\/2016Gerry-1-1135x1536.jpg 1135w 1536h,https:\/\/bufusa.org\/wp-content\/uploads\/2024\/10\/2016Gerry-1-1513x2048.jpg 1513w 2048h,https:\/\/bufusa.org\/wp-content\/uploads\/2024\/10\/2016Gerry-1-9x12.jpg 9w 12h,https:\/\/bufusa.org\/wp-content\/uploads\/2024\/10\/2016Gerry-1-111x150.jpg 111w 150h,https:\/\/bufusa.org\/wp-content\/uploads\/2024\/10\/2016Gerry-1-946x1280.jpg 946w 1280h,https:\/\/bufusa.org\/wp-content\/uploads\/2024\/10\/2016Gerry-1-1891x2560.jpg 1891w 2560h\" data-original-width=\"1891\" data-original-height=\"2560\"><\/div>\t\t\t\t\t\t\t\t\t\t<div class=\"person__inner-container\">\r\n\t\t\t\t\t\t\t\t\t\t\t\t\t\t\t\t\t\t\t\t\t\t\t<h3 class=\"person__name\">Br. Gerry Frendreis, FSC<\/h3>\r\n\t\t\t\t\t\t\t\t\t\t\t\t\t\t\t\t\t\t\t\t\t\t\t\t\t\t\t\t\t\t\t\t\t\t<p class=\"person__title\">Volunteer<\/p>\r\n\t\t\t\t\t\t\t\t\t\t\t\t\t\t\t\t\t\t\t\t\t\t\t\t\t\t\t\t\t\t\t\t<\/div>\r\n\t\t\t\t\t\t\t\t\t<\/div>\r\n\t\t\t\t\t\t\t\t\t\t\t\t\t\t\t\t\t\t<a class=\"person__more button\" href=\"javascript:;\" aria-label=\"toggle Br. Gerry Frendreis, FSC description\"><span>Charger plus<\/span><\/a>\r\n\t\t\t\t\t\t\t\t<\/div>\r\n\t\t\t\t\t\t\t<\/div>\r\n\t\t\t\t\t\t\r\n\t\t\t\t\t\t\t<div class=\"person\">\r\n\t\t\t\t\t\t\t\t<div class=\"person__outer-container\">\r\n\t\t\t\t\t\t\t\t\t<div class=\"person__info-container\">\r\n\t\t\t\t\t\t\t\t\t\t<div class=\"i72-image person__image\" role=\"img\" title=\"Grabenstein_DSC6417\" aria-label=\"\" data-srcset=\"https:\/\/bufusa.org\/wp-content\/uploads\/2024\/10\/Grabenstein_DSC6417.png 3000w 3000h,https:\/\/bufusa.org\/wp-content\/uploads\/2024\/10\/Grabenstein_DSC6417-300x300.png 300w 300h,https:\/\/bufusa.org\/wp-content\/uploads\/2024\/10\/Grabenstein_DSC6417-768x768.png 768w 768h,https:\/\/bufusa.org\/wp-content\/uploads\/2024\/10\/Grabenstein_DSC6417.png 900w 900h,https:\/\/bufusa.org\/wp-content\/uploads\/2024\/10\/Grabenstein_DSC6417.png 900w 900h,https:\/\/bufusa.org\/wp-content\/uploads\/2024\/10\/Grabenstein_DSC6417.png 900w 900h,https:\/\/bufusa.org\/wp-content\/uploads\/2024\/10\/Grabenstein_DSC6417-12x12.png 12w 12h,https:\/\/bufusa.org\/wp-content\/uploads\/2024\/10\/Grabenstein_DSC6417-150x150.png 150w 150h,https:\/\/bufusa.org\/wp-content\/uploads\/2024\/10\/Grabenstein_DSC6417.png 900w 900h,https:\/\/bufusa.org\/wp-content\/uploads\/2024\/10\/Grabenstein_DSC6417.png 900w 900h\" data-original-width=\"900\" data-original-height=\"900\"><\/div>\t\t\t\t\t\t\t\t\t\t<div class=\"person__inner-container\">\r\n\t\t\t\t\t\t\t\t\t\t\t\t\t\t\t\t\t\t\t\t\t\t\t<h3 class=\"person__name\">Br. Joseph Grabenstein, FSC<\/h3>\r\n\t\t\t\t\t\t\t\t\t\t\t\t\t\t\t\t\t\t\t\t\t\t\t\t\t\t\t\t\t\t\t\t\t\t<p class=\"person__title\">Volunteer<\/p>\r\n\t\t\t\t\t\t\t\t\t\t\t\t\t\t\t\t\t\t\t\t\t\t\t\t\t\t\t\t\t\t\t\t<\/div>\r\n\t\t\t\t\t\t\t\t\t<\/div>\r\n\t\t\t\t\t\t\t\t\t\t\t\t\t\t\t\t\t\t<a class=\"person__more button\" href=\"javascript:;\" aria-label=\"toggle Br. Joseph Grabenstein, FSC description\"><span>Charger plus<\/span><\/a>\r\n\t\t\t\t\t\t\t\t<\/div>\r\n\t\t\t\t\t\t\t<\/div>\r\n\t\t\t\t\t\t\r\n\t\t\t\t<\/div>\r\n\r\n\t\t\t\t\t\r\n\t<\/div>\r\n\r\n<\/div>","protected":false},"excerpt":{"rendered":"","protected":false},"author":1,"featured_media":0,"parent":0,"menu_order":0,"comment_status":"closed","ping_status":"closed","template":"","meta":{"_acf_changed":false,"inline_featured_image":false,"footnotes":""},"class_list":["post-1411","page","type-page","status-publish","hentry"],"acf":[],"_links":{"self":[{"href":"https:\/\/bufusa.org\/fr\/wp-json\/wp\/v2\/pages\/1411","targetHints":{"allow":["GET"]}}],"collection":[{"href":"https:\/\/bufusa.org\/fr\/wp-json\/wp\/v2\/pages"}],"about":[{"href":"https:\/\/bufusa.org\/fr\/wp-json\/wp\/v2\/types\/page"}],"author":[{"embeddable":true,"href":"https:\/\/bufusa.org\/fr\/wp-json\/wp\/v2\/users\/1"}],"replies":[{"embeddable":true,"href":"https:\/\/bufusa.org\/fr\/wp-json\/wp\/v2\/comments?post=1411"}],"version-history":[{"count":7,"href":"https:\/\/bufusa.org\/fr\/wp-json\/wp\/v2\/pages\/1411\/revisions"}],"predecessor-version":[{"id":8554,"href":"https:\/\/bufusa.org\/fr\/wp-json\/wp\/v2\/pages\/1411\/revisions\/8554"}],"wp:attachment":[{"href":"https:\/\/bufusa.org\/fr\/wp-json\/wp\/v2\/media?parent=1411"}],"curies":[{"name":"wp","href":"https:\/\/api.w.org\/{rel}","templated":true}]}}