{"id":1451,"date":"2023-10-24T16:21:56","date_gmt":"2023-10-24T16:21:56","guid":{"rendered":"http:\/\/bethlehem.i72dev.com\/?page_id=1451"},"modified":"2023-10-24T16:24:51","modified_gmt":"2023-10-24T16:24:51","slug":"board-of-directors","status":"publish","type":"page","link":"https:\/\/bufusa.org\/fr\/board-of-directors\/","title":{"rendered":"Conseil d&#039;administration"},"content":{"rendered":"<div id=\"block_57bc9c515dd47460951de021827142e1\" class=\"people-feed page-width\">\r\n\r\n\t<div class=\"people__container\">\r\n\r\n\t\t\t\t\t\r\n\t\t\t\t<div class=\"people__section\">\r\n\t\t\t\t\t<h2 class=\"role__title\">Officiers<\/h2>\r\n\t\t\t\t\t\r\n\t\t\t\t\t\t\t\t\t\t\t\r\n\t\t\t\t\t\t\t<div class=\"person\">\r\n\t\t\t\t\t\t\t\t<div class=\"person__outer-container\">\r\n\t\t\t\t\t\t\t\t\t<div class=\"person__info-container\">\r\n\t\t\t\t\t\t\t\t\t\t<div class=\"i72-image person__image\" role=\"img\" title=\"Ghassan Salameh 200x300\" aria-label=\"\" data-srcset=\"https:\/\/bufusa.org\/wp-content\/uploads\/2025\/04\/Ghassan-Salameh-200x300-1.png 3000w 3000h,https:\/\/bufusa.org\/wp-content\/uploads\/2025\/04\/Ghassan-Salameh-200x300-1.png 200w 300h,https:\/\/bufusa.org\/wp-content\/uploads\/2025\/04\/Ghassan-Salameh-200x300-1.png 200w 300h,https:\/\/bufusa.org\/wp-content\/uploads\/2025\/04\/Ghassan-Salameh-200x300-1.png 200w 300h,https:\/\/bufusa.org\/wp-content\/uploads\/2025\/04\/Ghassan-Salameh-200x300-1.png 200w 300h,https:\/\/bufusa.org\/wp-content\/uploads\/2025\/04\/Ghassan-Salameh-200x300-1.png 200w 300h,https:\/\/bufusa.org\/wp-content\/uploads\/2025\/04\/Ghassan-Salameh-200x300-1-8x12.png 8w 12h,https:\/\/bufusa.org\/wp-content\/uploads\/2025\/04\/Ghassan-Salameh-200x300-1-100x150.png 100w 150h,https:\/\/bufusa.org\/wp-content\/uploads\/2025\/04\/Ghassan-Salameh-200x300-1.png 200w 300h,https:\/\/bufusa.org\/wp-content\/uploads\/2025\/04\/Ghassan-Salameh-200x300-1.png 200w 300h\" data-original-width=\"200\" data-original-height=\"300\"><\/div>\t\t\t\t\t\t\t\t\t\t<div class=\"person__inner-container\">\r\n\t\t\t\t\t\t\t\t\t\t\t\t\t\t\t\t\t\t\t\t\t\t\t<h3 class=\"person__name\">Ghassan Salam\u00e9<\/h3>\r\n\t\t\t\t\t\t\t\t\t\t\t\t\t\t\t\t\t\t\t\t\t\t\t\t\t\t\t\t\t\t\t\t\t\t<p class=\"person__title\">Pr\u00e9sident et m\u00e9c\u00e8ne<\/p>\r\n\t\t\t\t\t\t\t\t\t\t\t\t\t\t\t\t\t\t\t\t\t\t\t\t\t\t\t\t\t\t\t\t\t\t<p class=\"person__summary\">Mr. Salameh held several senior management positions, most recently as the Director of International Infrastructure business at CH2M Hill, and prior to that, Executive Vice President and Senior Partner at Booz Allen Hamilton.<\/p>\r\n\t\t\t\t\t\t\t\t\t\t\t\t\t\t\t\t\t\t\t\t\t<\/div>\r\n\t\t\t\t\t\t\t\t\t<\/div>\r\n\t\t\t\t\t\t\t\t\t\t\t\t\t\t\t\t\t\t\t<div class=\"person__content\"><p>He is recognized as a global leader in Transportation and Infrastructure Planning and Development. Ghassan led the strategy, growth, and execution of business at senior levels for multiple companies and created sustaining businesses across most major cities around the world.<\/p>\n<p><em>Board Service<\/em><\/p>\n<p>-Booz Allen Hamilton\u2019s Board of Directors, Personnel and Audit Committees<br \/>\n-American Public Transportation Association (APTA)<br \/>\n-American Public Transportation Foundation (APTF)<br \/>\n-Member of the San Francisco Municipal Finance Advisory Committee to the Mayor of San Francisco<br \/>\n-American Charities for Palestine (ACP), Chairman of the Board<br \/>\n-Bethlehem University Foundation, Chairman, Board of Directors<br \/>\n-United Palestinian Appeal, Board of Directors<br \/>\n-United Nations Relief and Works Agency (UNRWA) USA, Chairman, Board of Directors<\/p>\n<p>He and his wife, Suava, are Gold Patrons of Bethlehem University Foundation.<\/p>\n<\/div>\r\n\t\t\t\t\t\t\t\t\t\t\t\t\t\t\t\t\t\t<a class=\"person__more button\" href=\"javascript:;\" aria-label=\"basculer la description de Ghassan Salameh\"><span>Charger plus<\/span><\/a>\r\n\t\t\t\t\t\t\t\t<\/div>\r\n\t\t\t\t\t\t\t<\/div>\r\n\t\t\t\t\t\t\r\n\t\t\t\t\t\t\t<div class=\"person\">\r\n\t\t\t\t\t\t\t\t<div class=\"person__outer-container\">\r\n\t\t\t\t\t\t\t\t\t<div class=\"person__info-container\">\r\n\t\t\t\t\t\t\t\t\t\t<div class=\"i72-image person__image\" role=\"img\" title=\"Mgr Gerald F. Kicanas\" aria-label=\"Mgr Gerald F. Kicanas\" data-srcset=\"https:\/\/bufusa.org\/wp-content\/uploads\/2023\/10\/The-Most-Reverend-Gerald-F.-Kicanas.jpeg 3000w 3000h,https:\/\/bufusa.org\/wp-content\/uploads\/2023\/10\/The-Most-Reverend-Gerald-F.-Kicanas.jpeg 200w 300h,https:\/\/bufusa.org\/wp-content\/uploads\/2023\/10\/The-Most-Reverend-Gerald-F.-Kicanas.jpeg 200w 300h,https:\/\/bufusa.org\/wp-content\/uploads\/2023\/10\/The-Most-Reverend-Gerald-F.-Kicanas.jpeg 200w 300h,https:\/\/bufusa.org\/wp-content\/uploads\/2023\/10\/The-Most-Reverend-Gerald-F.-Kicanas.jpeg 200w 300h,https:\/\/bufusa.org\/wp-content\/uploads\/2023\/10\/The-Most-Reverend-Gerald-F.-Kicanas.jpeg 200w 300h,https:\/\/bufusa.org\/wp-content\/uploads\/2023\/10\/The-Most-Reverend-Gerald-F.-Kicanas-8x12.jpeg 8w 12h,https:\/\/bufusa.org\/wp-content\/uploads\/2023\/10\/The-Most-Reverend-Gerald-F.-Kicanas-100x150.jpeg 100w 150h,https:\/\/bufusa.org\/wp-content\/uploads\/2023\/10\/The-Most-Reverend-Gerald-F.-Kicanas.jpeg 200w 300h,https:\/\/bufusa.org\/wp-content\/uploads\/2023\/10\/The-Most-Reverend-Gerald-F.-Kicanas.jpeg 200w 300h\" data-original-width=\"200\" data-original-height=\"300\"><\/div>\t\t\t\t\t\t\t\t\t\t<div class=\"person__inner-container\">\r\n\t\t\t\t\t\t\t\t\t\t\t\t\t\t\t\t\t\t\t\t\t\t\t<h3 class=\"person__name\">Mgr Gerald F. Kicanas, Ph.D.<\/h3>\r\n\t\t\t\t\t\t\t\t\t\t\t\t\t\t\t\t\t\t\t\t\t\t\t\t\t\t\t\t\t\t\t\t\t\t<p class=\"person__title\">Vice-pr\u00e9sident<\/p>\r\n\t\t\t\t\t\t\t\t\t\t\t\t\t\t\t\t\t\t\t\t\t\t\t\t\t\t\t\t\t\t\t\t\t\t<p class=\"person__summary\">\u00c9v\u00eaque \u00e9m\u00e9rite de Tucson<br \/>\r\nDirecteur depuis 2019<\/p>\r\n\t\t\t\t\t\t\t\t\t\t\t\t\t\t\t\t\t\t\t\t\t<\/div>\r\n\t\t\t\t\t\t\t\t\t<\/div>\r\n\t\t\t\t\t\t\t\t\t\t\t\t\t\t\t\t\t\t\t<div class=\"person__content\"><p>Gerald Kicanas est n\u00e9 \u00e0 Chicago, dans l&#039;Illinois, de parents d&#039;origine libanaise. Il a obtenu sa licence en th\u00e9ologie sacr\u00e9e de l&#039;Universit\u00e9 St. Mary of the Lake \u00e0 Mundelein, Illinois. Il a \u00e9t\u00e9 ordonn\u00e9 pr\u00eatre de l&#039;archidioc\u00e8se de Chicago en avril 1967. Apr\u00e8s son ordination, il a obtenu une ma\u00eetrise en \u00e9ducation. en orientation et conseil et un doctorat. en psychop\u00e9dagogie de l&#039;Universit\u00e9 Loyola de Chicago<\/p>\n<p>Le P\u00e8re Kicanas a pass\u00e9 25 ans en formation au s\u00e9minaire de l&#039;archidioc\u00e8se de Chicago. Il a \u00e9t\u00e9 recteur, directeur et doyen de la formation au s\u00e9minaire pr\u00e9paratoire de Quigley. En 1984, il a \u00e9t\u00e9 nomm\u00e9 recteur du s\u00e9minaire Mundelein de l&#039;Universit\u00e9 St. Mary of the Lake. Au cours de son mandat de recteur, il a \u00e9t\u00e9 charg\u00e9 de cours en d\u00e9veloppement communautaire et organisationnel \u00e0 l&#039;Universit\u00e9 Loyola.<\/p>\n<p>Le pape Jean-Paul II a nomm\u00e9 le p\u00e8re Kicanas \u00e9v\u00eaque auxiliaire de Chicago le 24<sup>\u00e8me<\/sup> de janvier 1995 avec ordination en mars de la m\u00eame ann\u00e9e. Il a \u00e9t\u00e9 nomm\u00e9 \u00e9v\u00eaque coadjuteur de Tucson en octobre 2001 et a succ\u00e9d\u00e9 au poste d&#039;\u00e9v\u00eaque de Tucson en mars 2003.<\/p>\n<p>L&#039;\u00e9v\u00eaque Kicanas a \u00e9t\u00e9 pr\u00e9sident du conseil d&#039;administration de Catholic Relief Services. Il est l&#039;ancien vice-pr\u00e9sident de la Conf\u00e9rence des \u00e9v\u00eaques catholiques des \u00c9tats-Unis. Le pape Fran\u00e7ois a accept\u00e9 la d\u00e9mission de Mgr Kicanas comme \u00e9v\u00eaque de Tucson le 3<sup>rd<\/sup> d&#039;octobre 2017.<\/p>\n<p>Suivant les mots de sa devise \u00e9piscopale \u00ab La justice engendre la paix \u00bb, Mgr Kicanas a \u00e9t\u00e9 un d\u00e9fenseur infatigable en faveur des immigr\u00e9s, des pauvres et de la paix entre les peuples du Moyen-Orient.<\/p>\n<p>Mgr Kicanas a re\u00e7u le \u00ab Prix \u00c9toile de Bethl\u00e9em pour services rendus \u00e0 la Fondation de l&#039;Universit\u00e9 de Bethl\u00e9em \u00bb de l&#039;archev\u00eaque Pietro Sambi en novembre 2019 en reconnaissance de son plaidoyer en faveur d&#039;une coexistence pacifique entre les habitants de Terre Sainte et de son soutien \u00e0 l&#039;Universit\u00e9 de Bethl\u00e9em comme moyen d&#039;atteindre cette paix.<\/p>\n<\/div>\r\n\t\t\t\t\t\t\t\t\t\t\t\t\t\t\t\t\t\t<a class=\"person__more button\" href=\"javascript:;\" aria-label=\"toggle Mgr Gerald F. Kicanas, Ph.D. description\"><span>Charger plus<\/span><\/a>\r\n\t\t\t\t\t\t\t\t<\/div>\r\n\t\t\t\t\t\t\t<\/div>\r\n\t\t\t\t\t\t\r\n\t\t\t\t\t\t\t<div class=\"person\">\r\n\t\t\t\t\t\t\t\t<div class=\"person__outer-container\">\r\n\t\t\t\t\t\t\t\t\t<div class=\"person__info-container\">\r\n\t\t\t\t\t\t\t\t\t\t<div class=\"i72-image person__image\" role=\"img\" title=\"Elias Aburd\u00e8ne\" aria-label=\"Elias Aburd\u00e8ne\" data-srcset=\"https:\/\/bufusa.org\/wp-content\/uploads\/2023\/10\/Elias-Aburdene.jpeg 3000w 3000h,https:\/\/bufusa.org\/wp-content\/uploads\/2023\/10\/Elias-Aburdene.jpeg 200w 300h,https:\/\/bufusa.org\/wp-content\/uploads\/2023\/10\/Elias-Aburdene.jpeg 200w 300h,https:\/\/bufusa.org\/wp-content\/uploads\/2023\/10\/Elias-Aburdene.jpeg 200w 300h,https:\/\/bufusa.org\/wp-content\/uploads\/2023\/10\/Elias-Aburdene.jpeg 200w 300h,https:\/\/bufusa.org\/wp-content\/uploads\/2023\/10\/Elias-Aburdene.jpeg 200w 300h,https:\/\/bufusa.org\/wp-content\/uploads\/2023\/10\/Elias-Aburdene-8x12.jpeg 8w 12h,https:\/\/bufusa.org\/wp-content\/uploads\/2023\/10\/Elias-Aburdene-100x150.jpeg 100w 150h,https:\/\/bufusa.org\/wp-content\/uploads\/2023\/10\/Elias-Aburdene.jpeg 200w 300h,https:\/\/bufusa.org\/wp-content\/uploads\/2023\/10\/Elias-Aburdene.jpeg 200w 300h\" data-original-width=\"200\" data-original-height=\"300\"><\/div>\t\t\t\t\t\t\t\t\t\t<div class=\"person__inner-container\">\r\n\t\t\t\t\t\t\t\t\t\t\t\t\t\t\t\t\t\t\t\t\t\t\t<h3 class=\"person__name\">Elias Aburd\u00e8ne<\/h3>\r\n\t\t\t\t\t\t\t\t\t\t\t\t\t\t\t\t\t\t\t\t\t\t\t\t\t\t\t\t\t\t\t\t\t\t<p class=\"person__title\">Secr\u00e9taire et m\u00e9c\u00e8ne<\/p>\r\n\t\t\t\t\t\t\t\t\t\t\t\t\t\t\t\t\t\t\t\t\t\t\t\t\t\t\t\t\t\t\t\t\t\t<p class=\"person__summary\">Pr\u00e9sident et chef de la direction, Soci\u00e9t\u00e9 Rock Creek<br \/>\r\nDirecteur depuis 2002<\/p>\r\n\t\t\t\t\t\t\t\t\t\t\t\t\t\t\t\t\t\t\t\t\t<\/div>\r\n\t\t\t\t\t\t\t\t\t<\/div>\r\n\t\t\t\t\t\t\t\t\t\t\t\t\t\t\t\t\t\t\t<div class=\"person__content\"><p>N\u00e9 \u00e0 Bethl\u00e9em, M. Aburdene est pr\u00e9sident et chef de la direction de Rock Creek Corporation, une soci\u00e9t\u00e9 d&#039;investissement. Il est titulaire d&#039;une ma\u00eetrise de la School of Foreign Service de l&#039;Universit\u00e9 de Georgetown, sp\u00e9cialis\u00e9e en \u00e9conomie internationale, et d&#039;un baccalaur\u00e9at \u00e8s arts en \u00e9conomie de l&#039;Universit\u00e9 du Connecticut. Il travaille dans le monde de la finance et des investissements depuis plus de quatre d\u00e9cennies. Il est actuellement pr\u00e9sident et chef de la direction de Rock Creek Corporation, une soci\u00e9t\u00e9 d&#039;investissement.<\/p>\n<p>M. Aburdene est membre de plusieurs conseils d&#039;administration, notamment le Conseil international des r\u00e9gents de l&#039;Universit\u00e9 de Bethl\u00e9em, le Conseil consultatif du Centre d&#039;\u00e9tudes arabes contemporaines de l&#039;Universit\u00e9 de Georgetown, le Conseil des amis am\u00e9ricains de la Bethlehem Development Foundation et le Conseil de Directeurs de l&#039;UNRWA.<\/p>\n<p>M. Aburdene et son \u00e9pouse, Annette, sont les m\u00e9c\u00e8nes de la Fondation de l&#039;Universit\u00e9 de Bethl\u00e9em.<\/p>\n<\/div>\r\n\t\t\t\t\t\t\t\t\t\t\t\t\t\t\t\t\t\t<a class=\"person__more button\" href=\"javascript:;\" aria-label=\"basculer la description d&#039;Elias Aburdene\"><span>Charger plus<\/span><\/a>\r\n\t\t\t\t\t\t\t\t<\/div>\r\n\t\t\t\t\t\t\t<\/div>\r\n\t\t\t\t\t\t\r\n\t\t\t\t\t\t\t<div class=\"person\">\r\n\t\t\t\t\t\t\t\t<div class=\"person__outer-container\">\r\n\t\t\t\t\t\t\t\t\t<div class=\"person__info-container\">\r\n\t\t\t\t\t\t\t\t\t\t<div class=\"i72-image person__image\" role=\"img\" title=\"Benjamin Monastero\" aria-label=\"Benjamin Monast\u00e8re III\" data-srcset=\"https:\/\/bufusa.org\/wp-content\/uploads\/2023\/10\/Benjamin-Monastero.jpeg 3000w 3000h,https:\/\/bufusa.org\/wp-content\/uploads\/2023\/10\/Benjamin-Monastero.jpeg 200w 300h,https:\/\/bufusa.org\/wp-content\/uploads\/2023\/10\/Benjamin-Monastero.jpeg 200w 300h,https:\/\/bufusa.org\/wp-content\/uploads\/2023\/10\/Benjamin-Monastero.jpeg 200w 300h,https:\/\/bufusa.org\/wp-content\/uploads\/2023\/10\/Benjamin-Monastero.jpeg 200w 300h,https:\/\/bufusa.org\/wp-content\/uploads\/2023\/10\/Benjamin-Monastero.jpeg 200w 300h,https:\/\/bufusa.org\/wp-content\/uploads\/2023\/10\/Benjamin-Monastero-8x12.jpeg 8w 12h,https:\/\/bufusa.org\/wp-content\/uploads\/2023\/10\/Benjamin-Monastero-100x150.jpeg 100w 150h,https:\/\/bufusa.org\/wp-content\/uploads\/2023\/10\/Benjamin-Monastero.jpeg 200w 300h,https:\/\/bufusa.org\/wp-content\/uploads\/2023\/10\/Benjamin-Monastero.jpeg 200w 300h\" data-original-width=\"200\" data-original-height=\"300\"><\/div>\t\t\t\t\t\t\t\t\t\t<div class=\"person__inner-container\">\r\n\t\t\t\t\t\t\t\t\t\t\t\t\t\t\t\t\t\t\t\t\t\t\t<h3 class=\"person__name\">Benjamin Monast\u00e8re III<\/h3>\r\n\t\t\t\t\t\t\t\t\t\t\t\t\t\t\t\t\t\t\t\t\t\t\t\t\t\t\t\t\t\t\t\t\t\t<p class=\"person__title\">Tr\u00e9sorier<\/p>\r\n\t\t\t\t\t\t\t\t\t\t\t\t\t\t\t\t\t\t\t\t\t\t\t\t\t\t\t\t\t\t\t\t\t\t<p class=\"person__summary\">Expert-comptable<br \/>\r\nDirecteur depuis 2010<\/p>\r\n\t\t\t\t\t\t\t\t\t\t\t\t\t\t\t\t\t\t\t\t\t<\/div>\r\n\t\t\t\t\t\t\t\t\t<\/div>\r\n\t\t\t\t\t\t\t\t\t\t\t\t\t\t\t\t\t\t\t<div class=\"person__content\"><p>Benjamin Monastero III a rejoint le conseil d&#039;administration de la Fondation de l&#039;Universit\u00e9 de Bethl\u00e9em en octobre 2010 et a \u00e9t\u00e9 tr\u00e9sorier de la Fondation de 2010 \u00e0 2021. Il pr\u00e9side actuellement le comit\u00e9 de collecte de fonds. Il est Chevalier Commandeur avec \u00c9toile dans l&#039;Ordre \u00c9questre du Saint-S\u00e9pulcre de J\u00e9rusalem o\u00f9 il a occup\u00e9 de nombreux postes au fil des ans, notamment celui de pr\u00e9sident du comit\u00e9 d&#039;investiture, tr\u00e9sorier et chancelier de la Lieutenance du Moyen-Atlantique, \u00c9tats-Unis.<\/p>\n<p>M. Monastero a occup\u00e9 de nombreux postes de direction au sein des minist\u00e8res de la D\u00e9fense et du minist\u00e8re de la S\u00e9curit\u00e9 int\u00e9rieure, y compris au sein du Service ex\u00e9cutif sup\u00e9rieur. Il est titulaire d&#039;un MBA en commerce international et est expert-comptable agr\u00e9\u00e9.<\/p>\n<\/div>\r\n\t\t\t\t\t\t\t\t\t\t\t\t\t\t\t\t\t\t<a class=\"person__more button\" href=\"javascript:;\" aria-label=\"basculer la description de Benjamin Monastero III\"><span>Charger plus<\/span><\/a>\r\n\t\t\t\t\t\t\t\t<\/div>\r\n\t\t\t\t\t\t\t<\/div>\r\n\t\t\t\t\t\t\r\n\t\t\t\t\t\t\t<div class=\"person\">\r\n\t\t\t\t\t\t\t\t<div class=\"person__outer-container\">\r\n\t\t\t\t\t\t\t\t\t<div class=\"person__info-container\">\r\n\t\t\t\t\t\t\t\t\t\t<div class=\"i72-image person__image\" role=\"img\" title=\"H\u00e9l\u00e8ne Christine\" aria-label=\"H\u00e9l\u00e8ne Christine\" data-srcset=\"https:\/\/bufusa.org\/wp-content\/uploads\/2023\/10\/Helena-Christine.jpeg 3000w 3000h,https:\/\/bufusa.org\/wp-content\/uploads\/2023\/10\/Helena-Christine.jpeg 200w 300h,https:\/\/bufusa.org\/wp-content\/uploads\/2023\/10\/Helena-Christine.jpeg 200w 300h,https:\/\/bufusa.org\/wp-content\/uploads\/2023\/10\/Helena-Christine.jpeg 200w 300h,https:\/\/bufusa.org\/wp-content\/uploads\/2023\/10\/Helena-Christine.jpeg 200w 300h,https:\/\/bufusa.org\/wp-content\/uploads\/2023\/10\/Helena-Christine.jpeg 200w 300h,https:\/\/bufusa.org\/wp-content\/uploads\/2023\/10\/Helena-Christine-8x12.jpeg 8w 12h,https:\/\/bufusa.org\/wp-content\/uploads\/2023\/10\/Helena-Christine-100x150.jpeg 100w 150h,https:\/\/bufusa.org\/wp-content\/uploads\/2023\/10\/Helena-Christine.jpeg 200w 300h,https:\/\/bufusa.org\/wp-content\/uploads\/2023\/10\/Helena-Christine.jpeg 200w 300h\" data-original-width=\"200\" data-original-height=\"300\"><\/div>\t\t\t\t\t\t\t\t\t\t<div class=\"person__inner-container\">\r\n\t\t\t\t\t\t\t\t\t\t\t\t\t\t\t\t\t\t\t\t\t\t\t<h3 class=\"person__name\">H\u00e9l\u00e8ne Christine, Esq.<\/h3>\r\n\t\t\t\t\t\t\t\t\t\t\t\t\t\t\t\t\t\t\t\t\t\t\t\t\t\t\t\t\t\t\t\t\t\t<p class=\"person__title\">Responsable de la conformit\u00e9 et m\u00e9c\u00e8ne<\/p>\r\n\t\t\t\t\t\t\t\t\t\t\t\t\t\t\t\t\t\t\t\t\t\t\t\t\t\t\t\t\t\t\t\t\t\t<p class=\"person__summary\">Conseiller juridique \u00e0 l&#039;Universit\u00e9 de l&#039;Alabama<br \/>\r\nDirector since November 2020<\/p>\r\n\t\t\t\t\t\t\t\t\t\t\t\t\t\t\t\t\t\t\t\t\t<\/div>\r\n\t\t\t\t\t\t\t\t\t<\/div>\r\n\t\t\t\t\t\t\t\t\t\t\t\t\t\t\t\t\t\t\t<div class=\"person__content\"><p>Helena Christine est actuellement conseill\u00e8re juridique \u00e0 l&#039;Universit\u00e9 d&#039;Alabama \u00e0 Birmingham, o\u00f9 elle se concentre sur le d\u00e9veloppement \u00e9conomique et la gestion institutionnelle. Elle est membre de l&#039;Association nationale des avocats des coll\u00e8ges et universit\u00e9s. Elle est titulaire d&#039;un baccalaur\u00e9at en jurisprudence et d&#039;une ma\u00eetrise en jurisprudence de l&#039;Universit\u00e9 d&#039;Oxford.<\/p>\n<p>En 1994, elle a \u00e9t\u00e9 admise au barreau de l&#039;Alabama et en 1989 en tant qu&#039;avocat en Angleterre et au Pays de Galles.<\/p>\n<p>Avant de travailler \u00e0 l&#039;Universit\u00e9 de l&#039;Alabama, Helena a \u00e9t\u00e9 avocate chez HealthSouth Corporation (2000-2006), au cabinet d&#039;avocats Bradley Arant de Birmingham (1994-2000), et a exerc\u00e9 le droit au Royaume-Uni (1988-1993).<\/p>\n<p>Elle et son mari Brian sont membres de l&#039;Ordre \u00e9questre de la Lieutenance du Sud-Est du Saint-S\u00e9pulcre de J\u00e9rusalem et sont les m\u00e9c\u00e8nes de la Fondation de l&#039;Universit\u00e9 de Bethl\u00e9em.<\/p>\n<\/div>\r\n\t\t\t\t\t\t\t\t\t\t\t\t\t\t\t\t\t\t<a class=\"person__more button\" href=\"javascript:;\" aria-label=\"basculer Helena Christine, Esq. description\"><span>Charger plus<\/span><\/a>\r\n\t\t\t\t\t\t\t\t<\/div>\r\n\t\t\t\t\t\t\t<\/div>\r\n\t\t\t\t\t\t\r\n\t\t\t\t<\/div>\r\n\r\n\t\t\t\t\t\r\n\t<\/div>\r\n\r\n<\/div>\n\n\r\n<div id=\"block_3280368fcab4f958cf498cf46ccf00fe\" class=\"people-feed page-width\">\r\n\r\n\t<div class=\"people__container\">\r\n\r\n\t\t\t\t\t\r\n\t\t\t\t<div class=\"people__section\">\r\n\t\t\t\t\t<h2 class=\"role__title\">Administrateurs \u00e9lus<\/h2>\r\n\t\t\t\t\t\r\n\t\t\t\t\t\t\t\t\t\t\t\r\n\t\t\t\t\t\t\t<div class=\"person\">\r\n\t\t\t\t\t\t\t\t<div class=\"person__outer-container\">\r\n\t\t\t\t\t\t\t\t\t<div class=\"person__info-container\">\r\n\t\t\t\t\t\t\t\t\t\t<div class=\"i72-image person__image\" role=\"img\" title=\"Capture d&#039;\u00e9cran 2023-12-13 \u00e0 13.29.11\" aria-label=\"\" data-srcset=\"https:\/\/bufusa.org\/wp-content\/uploads\/2023\/12\/Screen-Shot-2023-12-13-at-1.29.11-PM.png 3000w 3000h,https:\/\/bufusa.org\/wp-content\/uploads\/2023\/12\/Screen-Shot-2023-12-13-at-1.29.11-PM-300x244.png 300w 244h,https:\/\/bufusa.org\/wp-content\/uploads\/2023\/12\/Screen-Shot-2023-12-13-at-1.29.11-PM-768x626.png 768w 626h,https:\/\/bufusa.org\/wp-content\/uploads\/2023\/12\/Screen-Shot-2023-12-13-at-1.29.11-PM-1024x834.png 1024w 834h,https:\/\/bufusa.org\/wp-content\/uploads\/2023\/12\/Screen-Shot-2023-12-13-at-1.29.11-PM.png 1479w 1205h,https:\/\/bufusa.org\/wp-content\/uploads\/2023\/12\/Screen-Shot-2023-12-13-at-1.29.11-PM.png 1479w 1205h,https:\/\/bufusa.org\/wp-content\/uploads\/2023\/12\/Screen-Shot-2023-12-13-at-1.29.11-PM-15x12.png 15w 12h,https:\/\/bufusa.org\/wp-content\/uploads\/2023\/12\/Screen-Shot-2023-12-13-at-1.29.11-PM-150x122.png 150w 122h,https:\/\/bufusa.org\/wp-content\/uploads\/2023\/12\/Screen-Shot-2023-12-13-at-1.29.11-PM-1280x1043.png 1280w 1043h,https:\/\/bufusa.org\/wp-content\/uploads\/2023\/12\/Screen-Shot-2023-12-13-at-1.29.11-PM.png 1479w 1205h\" data-original-width=\"1479\" data-original-height=\"1205\"><\/div>\t\t\t\t\t\t\t\t\t\t<div class=\"person__inner-container\">\r\n\t\t\t\t\t\t\t\t\t\t\t\t\t\t\t\t\t\t\t\t\t\t\t<h3 class=\"person__name\">Georges Atalla<\/h3>\r\n\t\t\t\t\t\t\t\t\t\t\t\t\t\t\t\t\t\t\t\t\t\t\t\t\t\t\t\t\t\t\t\t\t\t\t\t\t\t\t\t\t\t\t\t\t<p class=\"person__summary\">Associ\u00e9 et leader mondial chez Ernst and Young<br \/>\r\nDirecteur depuis 2023<\/p>\r\n\t\t\t\t\t\t\t\t\t\t\t\t\t\t\t\t\t\t\t\t\t<\/div>\r\n\t\t\t\t\t\t\t\t\t<\/div>\r\n\t\t\t\t\t\t\t\t\t\t\t\t\t\t\t\t\t\t\t<div class=\"person__content\"><div class=\"page\" title=\"Page 4\">\n<div class=\"section\">\n<div class=\"layoutArea\">\n<div class=\"column\">\n<p>George est un Am\u00e9ricain palestinien accompli avec une exp\u00e9rience \u00e0 la fois dans le monde du gouvernement et dans le monde des entreprises. Il a servi des clients et des entreprises du monde entier, fournissant des services de conseil et des conseils aux plus hauts niveaux du gouvernement et du secteur priv\u00e9. Il est tr\u00e8s appr\u00e9ci\u00e9 pour son talent, son intelligence et son professionnalisme.<\/p>\n<div class=\"page\" title=\"Page 1\">\n<div class=\"layoutArea\">\n<div class=\"column\">\n<p>George est associ\u00e9 et leader mondial chez ERNST &amp; YOUNG (EY). Il est responsable de l\u2019\u00e9laboration et de l\u2019ex\u00e9cution de strat\u00e9gies cl\u00e9s pour conseiller les gouvernements du monde entier. Il a travaill\u00e9 dans plus de 30 march\u00e9s d\u00e9velopp\u00e9s et en d\u00e9veloppement, en se concentrant sur les partenariats public-priv\u00e9 et l&#039;externalisation, la restructuration et la transformation organisationnelle, la r\u00e9forme politique et la priorisation des investissements.<\/p>\n<p>George est titulaire d&#039;une ma\u00eetrise du Georgia Institute of Technology, d&#039;une ma\u00eetrise de la Northwestern University et d&#039;un MBA de la George Washington University. Il parle couramment l&#039;anglais, l&#039;arabe et le fran\u00e7ais.<\/p>\n<\/div>\n<\/div>\n<\/div>\n<\/div>\n<\/div>\n<\/div>\n<\/div>\n<\/div>\r\n\t\t\t\t\t\t\t\t\t\t\t\t\t\t\t\t\t\t<a class=\"person__more button\" href=\"javascript:;\" aria-label=\"basculer la description de George Atalla\"><span>Charger plus<\/span><\/a>\r\n\t\t\t\t\t\t\t\t<\/div>\r\n\t\t\t\t\t\t\t<\/div>\r\n\t\t\t\t\t\t\r\n\t\t\t\t\t\t\t<div class=\"person\">\r\n\t\t\t\t\t\t\t\t<div class=\"person__outer-container\">\r\n\t\t\t\t\t\t\t\t\t<div class=\"person__info-container\">\r\n\t\t\t\t\t\t\t\t\t\t<div class=\"i72-image person__image\" role=\"img\" title=\"Baconi_I\" aria-label=\"\" data-srcset=\"https:\/\/bufusa.org\/wp-content\/uploads\/2025\/12\/Baconi_I.png 3000w 3000h,https:\/\/bufusa.org\/wp-content\/uploads\/2025\/12\/Baconi_I.png 197w 284h,https:\/\/bufusa.org\/wp-content\/uploads\/2025\/12\/Baconi_I.png 197w 284h,https:\/\/bufusa.org\/wp-content\/uploads\/2025\/12\/Baconi_I.png 197w 284h,https:\/\/bufusa.org\/wp-content\/uploads\/2025\/12\/Baconi_I.png 197w 284h,https:\/\/bufusa.org\/wp-content\/uploads\/2025\/12\/Baconi_I.png 197w 284h,https:\/\/bufusa.org\/wp-content\/uploads\/2025\/12\/Baconi_I-8x12.png 8w 12h,https:\/\/bufusa.org\/wp-content\/uploads\/2025\/12\/Baconi_I-104x150.png 104w 150h,https:\/\/bufusa.org\/wp-content\/uploads\/2025\/12\/Baconi_I.png 197w 284h,https:\/\/bufusa.org\/wp-content\/uploads\/2025\/12\/Baconi_I.png 197w 284h\" data-original-width=\"197\" data-original-height=\"284\"><\/div>\t\t\t\t\t\t\t\t\t\t<div class=\"person__inner-container\">\r\n\t\t\t\t\t\t\t\t\t\t\t\t\t\t\t\t\t\t\t\t\t\t\t<h3 class=\"person__name\">Issa Baconi<\/h3>\r\n\t\t\t\t\t\t\t\t\t\t\t\t\t\t\t\t\t\t\t\t\t\t\t\t\t\t\t\t\t\t\t\t\t\t\t\t\t\t\t\t\t\t\t\t\t<p class=\"person__summary\">Retired Executive Vice President, Arab Bank<br \/>\r\nDirector since 2024<br \/>\r\n<\/p>\r\n\t\t\t\t\t\t\t\t\t\t\t\t\t\t\t\t\t\t\t\t\t<\/div>\r\n\t\t\t\t\t\t\t\t\t<\/div>\r\n\t\t\t\t\t\t\t\t\t\t\t\t\t\t\t\t\t\t\t<div class=\"person__content\"><p>Issa is a man of high character and integrity and has had a long successful career in banking. He was appointed Executive Vice President and Regional Manager of Arab Bank in 2005. Prior to this appointment, he was Executive Vice President and Regional Manager for Gulf International Bank Operations in the Americas from 1970 to 2005. Mr. Baconi began his banking career at the Beirut office of the First National Bank of Chicago. During his fourteen years association with the Bank, he worked in Beirut, Abu Dhabi, Sydney and New York where he headed the Middle east and Africa Division.<\/p>\n<p>As one of four founders of the Arab Bankers Association of North America (ABANA) he served on its Board over fifteen years in a number of roles including President (1990-1991). He also served on ABANA&#8217;s Foundation Board. He was Chair of the International Advisory Council of the Bankers Association of Finance and Trade (2001-2005); a member of the Board of Trustees of the Institute of International Bankers (IIB) (2006-2023), He also served on IIB&#8217;s Executive Committee and the Audit and Finance Committee.<\/p>\n<p>Mr. Baconi earned his BA\/BBA degree from Haigazian University (Lebanon). He also attended the Advanced Management Program at Templeton College, Oxford University.<\/p>\n<\/div>\r\n\t\t\t\t\t\t\t\t\t\t\t\t\t\t\t\t\t\t<a class=\"person__more button\" href=\"javascript:;\" aria-label=\"toggle Issa Baconi description\"><span>Charger plus<\/span><\/a>\r\n\t\t\t\t\t\t\t\t<\/div>\r\n\t\t\t\t\t\t\t<\/div>\r\n\t\t\t\t\t\t\r\n\t\t\t\t\t\t\t<div class=\"person\">\r\n\t\t\t\t\t\t\t\t<div class=\"person__outer-container\">\r\n\t\t\t\t\t\t\t\t\t<div class=\"person__info-container\">\r\n\t\t\t\t\t\t\t\t\t\t<div class=\"i72-image person__image\" role=\"img\" title=\"Dabdoub_M\" aria-label=\"\" data-srcset=\"https:\/\/bufusa.org\/wp-content\/uploads\/2025\/12\/Dabdoub_M.png 3000w 3000h,https:\/\/bufusa.org\/wp-content\/uploads\/2025\/12\/Dabdoub_M.png 211w 266h,https:\/\/bufusa.org\/wp-content\/uploads\/2025\/12\/Dabdoub_M.png 211w 266h,https:\/\/bufusa.org\/wp-content\/uploads\/2025\/12\/Dabdoub_M.png 211w 266h,https:\/\/bufusa.org\/wp-content\/uploads\/2025\/12\/Dabdoub_M.png 211w 266h,https:\/\/bufusa.org\/wp-content\/uploads\/2025\/12\/Dabdoub_M.png 211w 266h,https:\/\/bufusa.org\/wp-content\/uploads\/2025\/12\/Dabdoub_M-10x12.png 10w 12h,https:\/\/bufusa.org\/wp-content\/uploads\/2025\/12\/Dabdoub_M-119x150.png 119w 150h,https:\/\/bufusa.org\/wp-content\/uploads\/2025\/12\/Dabdoub_M.png 211w 266h,https:\/\/bufusa.org\/wp-content\/uploads\/2025\/12\/Dabdoub_M.png 211w 266h\" data-original-width=\"211\" data-original-height=\"266\"><\/div>\t\t\t\t\t\t\t\t\t\t<div class=\"person__inner-container\">\r\n\t\t\t\t\t\t\t\t\t\t\t\t\t\t\t\t\t\t\t\t\t\t\t<h3 class=\"person__name\">Marcel Dabdoub<\/h3>\r\n\t\t\t\t\t\t\t\t\t\t\t\t\t\t\t\t\t\t\t\t\t\t\t\t\t\t\t\t\t\t\t\t\t\t\t\t\t\t\t\t\t\t\t\t\t<p class=\"person__summary\">Entrepreneur | Real Estate Developer | Attorney<br \/>\r\nDirector since 2024<br \/>\r\n<\/p>\r\n\t\t\t\t\t\t\t\t\t\t\t\t\t\t\t\t\t\t\t\t\t<\/div>\r\n\t\t\t\t\t\t\t\t\t<\/div>\r\n\t\t\t\t\t\t\t\t\t\t\t\t\t\t\t\t\t\t\t<div class=\"person__content\"><p>Marcel Dabdoub is a seasoned entrepreneur, real estate developer, and financial services leader based in Tucson, Arizona. Born in Nogales, Mexico, he attended Salpointe Catholic High School before earning his B.A. in Finance and International Management from Boston University, followed by a JD\/MBA (University of Arizona)\u2014a foundation for his early career as a financial analyst and real estate attorney.<\/p>\n<p>Since 2008, he has led diverse real estate and business ventures on both sides of the U.S.\u2013Mexico border, including historic downtown redevelopments, commercial projects, and industrial-to-retail conversions.<\/p>\n<p>He holds leadership roles such as CEO of CID Holdings and BIOPHIL Natural Fibers, serves on multiple boards including the Southern Arizona Community Foundation and Pima County Real Estate Research Council, and has been honored as 2017 Businessman of the Year by the Tucson Hispanic Chamber of Commerce. Marcel is also deeply committed to social impact, serving as board president of a Nogales girls\u2019 orphanage and founding director of its supporting nonprofit.<\/p>\n<\/div>\r\n\t\t\t\t\t\t\t\t\t\t\t\t\t\t\t\t\t\t<a class=\"person__more button\" href=\"javascript:;\" aria-label=\"toggle Marcel Dabdoub description\"><span>Charger plus<\/span><\/a>\r\n\t\t\t\t\t\t\t\t<\/div>\r\n\t\t\t\t\t\t\t<\/div>\r\n\t\t\t\t\t\t\r\n\t\t\t\t\t\t\t<div class=\"person\">\r\n\t\t\t\t\t\t\t\t<div class=\"person__outer-container\">\r\n\t\t\t\t\t\t\t\t\t<div class=\"person__info-container\">\r\n\t\t\t\t\t\t\t\t\t\t<div class=\"i72-image person__image\" role=\"img\" title=\"Photos de Dautzenberg\" aria-label=\"\" data-srcset=\"https:\/\/bufusa.org\/wp-content\/uploads\/2023\/12\/Dautzenberg-Photo.jpg 3000w 3000h,https:\/\/bufusa.org\/wp-content\/uploads\/2023\/12\/Dautzenberg-Photo-300x233.jpg 300w 233h,https:\/\/bufusa.org\/wp-content\/uploads\/2023\/12\/Dautzenberg-Photo-768x596.jpg 768w 596h,https:\/\/bufusa.org\/wp-content\/uploads\/2023\/12\/Dautzenberg-Photo.jpg 943w 732h,https:\/\/bufusa.org\/wp-content\/uploads\/2023\/12\/Dautzenberg-Photo.jpg 943w 732h,https:\/\/bufusa.org\/wp-content\/uploads\/2023\/12\/Dautzenberg-Photo.jpg 943w 732h,https:\/\/bufusa.org\/wp-content\/uploads\/2023\/12\/Dautzenberg-Photo-15x12.jpg 15w 12h,https:\/\/bufusa.org\/wp-content\/uploads\/2023\/12\/Dautzenberg-Photo-150x116.jpg 150w 116h,https:\/\/bufusa.org\/wp-content\/uploads\/2023\/12\/Dautzenberg-Photo.jpg 943w 732h,https:\/\/bufusa.org\/wp-content\/uploads\/2023\/12\/Dautzenberg-Photo.jpg 943w 732h\" data-original-width=\"943\" data-original-height=\"732\"><\/div>\t\t\t\t\t\t\t\t\t\t<div class=\"person__inner-container\">\r\n\t\t\t\t\t\t\t\t\t\t\t\t\t\t\t\t\t\t\t\t\t\t\t<h3 class=\"person__name\">Jean Dautzenberg<\/h3>\r\n\t\t\t\t\t\t\t\t\t\t\t\t\t\t\t\t\t\t\t\t\t\t\t\t\t\t\t\t\t\t\t\t\t\t\t\t\t\t\t\t\t\t\t\t\t<p class=\"person__summary\">Fondateur du cabinet de conseil JPD Global Advisors<br \/>\r\nDirecteur depuis 2023<\/p>\r\n\t\t\t\t\t\t\t\t\t\t\t\t\t\t\t\t\t\t\t\t\t<\/div>\r\n\t\t\t\t\t\t\t\t\t<\/div>\r\n\t\t\t\t\t\t\t\t\t\t\t\t\t\t\t\t\t\t\t<div class=\"person__content\"><div class=\"page\" title=\"Page 1\">\n<div class=\"layoutArea\">\n<div class=\"column\">\n<p>John Dautzenberger est pr\u00e9sident de JPD Global Advisors, un cabinet international de conseil et de conseil sp\u00e9cialis\u00e9 dans les n\u00e9gociations complexes et les partenariats internationaux. Il a auparavant travaill\u00e9 \u00e0 la Maison Blanche comme l&#039;un des agents de liaison du pr\u00e9sident aupr\u00e8s du Congr\u00e8s. Pendant son mandat au Bureau des affaires l\u00e9gislatives, il \u00e9tait le point de contact du S\u00e9nat, organisant tous les engagements du pr\u00e9sident et g\u00e9rant les demandes des bureaux du S\u00e9nat.<\/p>\n<p>Il a \u00e9galement occup\u00e9 le poste de responsable principal du plaidoyer \u00e0 la Fondation de la Soci\u00e9t\u00e9 m\u00e9dicale syrienne am\u00e9ricaine (SAMS), supervisant toutes les activit\u00e9s de plaidoyer \u00e0 l&#039;\u00e9chelle mondiale. \u00c0 ce titre, il \u00e9tait responsable de l&#039;engagement du SAMS aupr\u00e8s des Nations Unies, des ONG, des organes l\u00e9gislatifs et des gouvernements. Il a g\u00e9r\u00e9 la r\u00e9ponse du SAMS \u00e0 certains des aspects les plus complexes et les plus difficiles de la crise syrienne, notamment les attaques aux armes chimiques, les d\u00e9placements forc\u00e9s, la r\u00e9installation des r\u00e9fugi\u00e9s et les efforts de responsabilisation.<\/p>\n<p>John est actuellement pr\u00e9sident du conseil d&#039;administration d&#039;Invisible Children et secr\u00e9taire du conseil d&#039;administration de la Fondation Yusra Mardini. Il est titulaire d&#039;un baccalaur\u00e9at en politique de l&#039;Universit\u00e9 catholique d&#039;Am\u00e9rique et d&#039;une ma\u00eetrise en migration internationale et politique publique de la London School of Economics.<\/p>\n<\/div>\n<\/div>\n<\/div>\n<\/div>\r\n\t\t\t\t\t\t\t\t\t\t\t\t\t\t\t\t\t\t<a class=\"person__more button\" href=\"javascript:;\" aria-label=\"basculer la description de John Dautzenberg\"><span>Charger plus<\/span><\/a>\r\n\t\t\t\t\t\t\t\t<\/div>\r\n\t\t\t\t\t\t\t<\/div>\r\n\t\t\t\t\t\t\r\n\t\t\t\t\t\t\t<div class=\"person\">\r\n\t\t\t\t\t\t\t\t<div class=\"person__outer-container\">\r\n\t\t\t\t\t\t\t\t\t<div class=\"person__info-container\">\r\n\t\t\t\t\t\t\t\t\t\t<div class=\"i72-image person__image\" role=\"img\" title=\"Ann-S-Dickson\" aria-label=\"Ann S Dickson\" data-srcset=\"https:\/\/bufusa.org\/wp-content\/uploads\/2023\/10\/Ann-S-Dickson.jpeg 3000w 3000h,https:\/\/bufusa.org\/wp-content\/uploads\/2023\/10\/Ann-S-Dickson.jpeg 244w 300h,https:\/\/bufusa.org\/wp-content\/uploads\/2023\/10\/Ann-S-Dickson.jpeg 244w 300h,https:\/\/bufusa.org\/wp-content\/uploads\/2023\/10\/Ann-S-Dickson.jpeg 244w 300h,https:\/\/bufusa.org\/wp-content\/uploads\/2023\/10\/Ann-S-Dickson.jpeg 244w 300h,https:\/\/bufusa.org\/wp-content\/uploads\/2023\/10\/Ann-S-Dickson.jpeg 244w 300h,https:\/\/bufusa.org\/wp-content\/uploads\/2023\/10\/Ann-S-Dickson-10x12.jpeg 10w 12h,https:\/\/bufusa.org\/wp-content\/uploads\/2023\/10\/Ann-S-Dickson-122x150.jpeg 122w 150h,https:\/\/bufusa.org\/wp-content\/uploads\/2023\/10\/Ann-S-Dickson.jpeg 244w 300h,https:\/\/bufusa.org\/wp-content\/uploads\/2023\/10\/Ann-S-Dickson.jpeg 244w 300h\" data-original-width=\"244\" data-original-height=\"300\"><\/div>\t\t\t\t\t\t\t\t\t\t<div class=\"person__inner-container\">\r\n\t\t\t\t\t\t\t\t\t\t\t\t\t\t\t\t\t\t\t\t\t\t\t<h3 class=\"person__name\">Ann S.Dickson<\/h3>\r\n\t\t\t\t\t\t\t\t\t\t\t\t\t\t\t\t\t\t\t\t\t\t\t\t\t\t\t\t\t\t\t\t\t\t<p class=\"person__title\">m\u00e9c\u00e8ne<\/p>\r\n\t\t\t\t\t\t\t\t\t\t\t\t\t\t\t\t\t\t\t\t\t\t\t\t\t\t\t\t\t\t\t\t\t\t<p class=\"person__summary\">Directeur du budget-programme \u00e0 la retraite, D\u00e9partement am\u00e9ricain de la D\u00e9fense<br \/>\r\nDirecteur depuis 2020<\/p>\r\n\t\t\t\t\t\t\t\t\t\t\t\t\t\t\t\t\t\t\t\t\t<\/div>\r\n\t\t\t\t\t\t\t\t\t<\/div>\r\n\t\t\t\t\t\t\t\t\t\t\t\t\t\t\t\t\t\t\t<div class=\"person__content\"><p>Fonctionnaire \u00e0 la retraite, Ann Dickson joue un r\u00f4le actif dans le dioc\u00e8se de Tucson, en Arizona, et dans d&#039;autres organisations philanthropiques catholiques. Elle est titulaire d&#039;un baccalaur\u00e9at \u00e8s arts en chimie de l&#039;Emmanuel College, d&#039;un MBA avec concentration en finance de Virginia Tech et d&#039;une ma\u00eetrise \u00e8s arts en minist\u00e8re pastoral de l&#039;Universit\u00e9 de San Francisco.<\/p>\n<p>Ann a travaill\u00e9 pour le D\u00e9partement am\u00e9ricain de la D\u00e9fense dans divers bureaux en tant qu&#039;analyste de programme\/budget et responsable de programme\/budget (1963-1999). Elle a \u00e9t\u00e9 directrice du cat\u00e9chum\u00e9nat \u00e0 la paroisse St. Andrew the Apostle \u00e0 Sierra Vista, Arizona (1999-2008). Ann est Dame Grand-Croix de l&#039;Ordre \u00c9questre du Saint-S\u00e9pulcre de J\u00e9rusalem et est la coordinatrice Justice et Paix de la section Tucson de la Lieutenance Occidentale. Ann a jou\u00e9 un r\u00f4le d\u00e9terminant dans la cr\u00e9ation de la bourse d&#039;\u00e9tudes Mgr Sir Gerald F. Kicanas KC*HS \u00e0 la Fondation de l&#039;Universit\u00e9 de Bethl\u00e9em. Elle a \u00e9galement re\u00e7u le \u00ab Prix Archange \u00bb de la Lieutenance de l&#039;Ouest pour son travail dans la cr\u00e9ation de la bourse d&#039;\u00e9tudes dot\u00e9e.<\/p>\n<p>Ann est une marraine de la Fondation de l&#039;Universit\u00e9 de Bethl\u00e9em.<\/p>\n<\/div>\r\n\t\t\t\t\t\t\t\t\t\t\t\t\t\t\t\t\t\t<a class=\"person__more button\" href=\"javascript:;\" aria-label=\"basculer la description d&#039;Ann S. Dickson\"><span>Charger plus<\/span><\/a>\r\n\t\t\t\t\t\t\t\t<\/div>\r\n\t\t\t\t\t\t\t<\/div>\r\n\t\t\t\t\t\t\r\n\t\t\t\t\t\t\t<div class=\"person\">\r\n\t\t\t\t\t\t\t\t<div class=\"person__outer-container\">\r\n\t\t\t\t\t\t\t\t\t<div class=\"person__info-container\">\r\n\t\t\t\t\t\t\t\t\t\t<div class=\"i72-image person__image\" role=\"img\" title=\"George F. Felton\" aria-label=\"George F. Felton\" data-srcset=\"https:\/\/bufusa.org\/wp-content\/uploads\/2023\/10\/George-F.-Felton.jpeg 3000w 3000h,https:\/\/bufusa.org\/wp-content\/uploads\/2023\/10\/George-F.-Felton.jpeg 206w 300h,https:\/\/bufusa.org\/wp-content\/uploads\/2023\/10\/George-F.-Felton.jpeg 206w 300h,https:\/\/bufusa.org\/wp-content\/uploads\/2023\/10\/George-F.-Felton.jpeg 206w 300h,https:\/\/bufusa.org\/wp-content\/uploads\/2023\/10\/George-F.-Felton.jpeg 206w 300h,https:\/\/bufusa.org\/wp-content\/uploads\/2023\/10\/George-F.-Felton.jpeg 206w 300h,https:\/\/bufusa.org\/wp-content\/uploads\/2023\/10\/George-F.-Felton-8x12.jpeg 8w 12h,https:\/\/bufusa.org\/wp-content\/uploads\/2023\/10\/George-F.-Felton-103x150.jpeg 103w 150h,https:\/\/bufusa.org\/wp-content\/uploads\/2023\/10\/George-F.-Felton.jpeg 206w 300h,https:\/\/bufusa.org\/wp-content\/uploads\/2023\/10\/George-F.-Felton.jpeg 206w 300h\" data-original-width=\"206\" data-original-height=\"300\"><\/div>\t\t\t\t\t\t\t\t\t\t<div class=\"person__inner-container\">\r\n\t\t\t\t\t\t\t\t\t\t\t\t\t\t\t\t\t\t\t\t\t\t\t<h3 class=\"person__name\">George F. Felton<\/h3>\r\n\t\t\t\t\t\t\t\t\t\t\t\t\t\t\t\t\t\t\t\t\t\t\t\t\t\t\t\t\t\t\t\t\t\t<p class=\"person__title\">m\u00e9c\u00e8ne<\/p>\r\n\t\t\t\t\t\t\t\t\t\t\t\t\t\t\t\t\t\t\t\t\t\t\t\t\t\t\t\t\t\t\t\t\t\t<p class=\"person__summary\">Directeur du personnel des joueurs universitaires pour les San Antonio Spurs <br \/>\r\nDirecteur depuis 2019<\/p>\r\n\t\t\t\t\t\t\t\t\t\t\t\t\t\t\t\t\t\t\t\t\t<\/div>\r\n\t\t\t\t\t\t\t\t\t<\/div>\r\n\t\t\t\t\t\t\t\t\t\t\t\t\t\t\t\t\t\t\t<div class=\"person__content\"><p>N\u00e9 et \u00e9lev\u00e9 dans le Bronx et fier dipl\u00f4m\u00e9 de All Hallows High School, une \u00e9cole irlandaise des Christian Brothers, George Felton a pass\u00e9 sa carri\u00e8re dans le basket-ball. Il est dipl\u00f4m\u00e9 de l&#039;Universit\u00e9 de Caroline du Sud, o\u00f9 il a \u00e9t\u00e9 recrut\u00e9 gr\u00e2ce \u00e0 une bourse de basket-ball. Apr\u00e8s avoir obtenu son dipl\u00f4me, il est revenu \u00e0 son Alma Mater en tant qu&#039;entra\u00eeneur-chef apr\u00e8s avoir \u00e9t\u00e9 entra\u00eeneur adjoint \u00e0 Georgia Tech et au Kentucky. Il \u00e9tait charg\u00e9 de recruter des joueurs qui deviendront plus tard des stars de la NBA. George a acquis la r\u00e9putation d&#039;\u00eatre le meilleur recruteur du basket-ball universitaire, ce qui lui a valu une opportunit\u00e9 au sein de la National Basketball Association.<\/p>\n<p>Ancien recruteur des Indiana Pacers, George est actuellement directeur du personnel des joueurs du quintuple champion du monde des San Antonio Spurs. Il joue avec les Spurs depuis 2006.<\/p>\n<p>Pour George, qui a obtenu \u00e0 la fois un baccalaur\u00e9at en \u00e9ducation et une ma\u00eetrise en \u00e9ducation sp\u00e9cialis\u00e9e, tout est question de personnes. Il s&#039;adresse \u00e0 des groupes d&#039;\u00e9tudiants, des joueurs et des entra\u00eeneurs sur son message des quatre cercles de vie\u00a0: spirituel, acad\u00e9mique, social\/carri\u00e8re et athl\u00e9tisme\/sant\u00e9. Gr\u00e2ce \u00e0 son travail, il a eu l\u2019occasion de visiter l\u2019Universit\u00e9 de Bethl\u00e9em et a \u00e9t\u00e9 imm\u00e9diatement impressionn\u00e9 par les \u00e9tudiants, les professeurs et le personnel. Il visite l&#039;Universit\u00e9 plusieurs fois par an depuis sa premi\u00e8re visite et consid\u00e8re que sa mission est de partager l&#039;histoire inspirante de l&#039;Universit\u00e9 de Bethl\u00e9em avec ses amis.<\/p>\n<p>George vit avec sa famille en Caroline du Sud. Il est chevalier de l&#039;ordre \u00e9questre du Saint-S\u00e9pulcre de J\u00e9rusalem.<\/p>\n<\/div>\r\n\t\t\t\t\t\t\t\t\t\t\t\t\t\t\t\t\t\t<a class=\"person__more button\" href=\"javascript:;\" aria-label=\"basculer la description de George F. Felton\"><span>Charger plus<\/span><\/a>\r\n\t\t\t\t\t\t\t\t<\/div>\r\n\t\t\t\t\t\t\t<\/div>\r\n\t\t\t\t\t\t\r\n\t\t\t\t\t\t\t<div class=\"person\">\r\n\t\t\t\t\t\t\t\t<div class=\"person__outer-container\">\r\n\t\t\t\t\t\t\t\t\t<div class=\"person__info-container\">\r\n\t\t\t\t\t\t\t\t\t\t<div class=\"i72-image person__image\" role=\"img\" title=\"Mgr Denis J. Madden\" aria-label=\"Mgr Denis J. Madden\" data-srcset=\"https:\/\/bufusa.org\/wp-content\/uploads\/2023\/10\/The-Most-Reverend-Denis-J.-Madden.jpeg 3000w 3000h,https:\/\/bufusa.org\/wp-content\/uploads\/2023\/10\/The-Most-Reverend-Denis-J.-Madden.jpeg 200w 300h,https:\/\/bufusa.org\/wp-content\/uploads\/2023\/10\/The-Most-Reverend-Denis-J.-Madden.jpeg 200w 300h,https:\/\/bufusa.org\/wp-content\/uploads\/2023\/10\/The-Most-Reverend-Denis-J.-Madden.jpeg 200w 300h,https:\/\/bufusa.org\/wp-content\/uploads\/2023\/10\/The-Most-Reverend-Denis-J.-Madden.jpeg 200w 300h,https:\/\/bufusa.org\/wp-content\/uploads\/2023\/10\/The-Most-Reverend-Denis-J.-Madden.jpeg 200w 300h,https:\/\/bufusa.org\/wp-content\/uploads\/2023\/10\/The-Most-Reverend-Denis-J.-Madden-8x12.jpeg 8w 12h,https:\/\/bufusa.org\/wp-content\/uploads\/2023\/10\/The-Most-Reverend-Denis-J.-Madden-100x150.jpeg 100w 150h,https:\/\/bufusa.org\/wp-content\/uploads\/2023\/10\/The-Most-Reverend-Denis-J.-Madden.jpeg 200w 300h,https:\/\/bufusa.org\/wp-content\/uploads\/2023\/10\/The-Most-Reverend-Denis-J.-Madden.jpeg 200w 300h\" data-original-width=\"200\" data-original-height=\"300\"><\/div>\t\t\t\t\t\t\t\t\t\t<div class=\"person__inner-container\">\r\n\t\t\t\t\t\t\t\t\t\t\t\t\t\t\t\t\t\t\t\t\t\t\t<h3 class=\"person__name\">Mgr Denis J. Madden, Ph.D.<\/h3>\r\n\t\t\t\t\t\t\t\t\t\t\t\t\t\t\t\t\t\t\t\t\t\t\t\t\t\t\t\t\t\t\t\t\t\t\t\t\t\t\t\t\t\t\t\t\t<p class=\"person__summary\">\u00c9v\u00eaque auxiliaire \u00e9m\u00e9rite de Baltimore<br \/>\r\nDirecteur depuis 2010<\/p>\r\n\t\t\t\t\t\t\t\t\t\t\t\t\t\t\t\t\t\t\t\t\t<\/div>\r\n\t\t\t\t\t\t\t\t\t<\/div>\r\n\t\t\t\t\t\t\t\t\t\t\t\t\t\t\t\t\t\t\t<div class=\"person__content\"><p>Mgr Denis J. Madden a \u00e9t\u00e9 ordonn\u00e9 \u00e9v\u00eaque auxiliaire de l&#039;archidioc\u00e8se de Baltimore \u00e0 la cath\u00e9drale Mary Our Queen le 24 ao\u00fbt 2005.<\/p>\n<p>Mgr Madden est n\u00e9 \u00e0 Carbondale, Pennsylvanie, le 8 mars 1940. Il a obtenu son dipl\u00f4me de premier cycle du St. Benedict&#039;s College d&#039;Atchison, Kansas, avant son ordination sacerdotale le 1er avril 1967. Il a obtenu une ma\u00eetrise en psychologie de Columbia. Universit\u00e9 de New York et titulaire d&#039;un doctorat. en psychologie clinique de l&#039;Universit\u00e9 de Notre Dame. Il est psychologue clinicien agr\u00e9\u00e9 dans l&#039;\u00c9tat du Maryland et le district de Columbia. En 1973, Mgr Madden a d\u00e9m\u00e9nag\u00e9 \u00e0 Baltimore et a occup\u00e9 un poste dans le programme de psychologie de l&#039;Universit\u00e9 du Maryland, tout en travaillant \u00e9galement \u00e0 temps partiel comme conseiller conjugal et familial pour Associated Catholic Charities. Malgr\u00e9 son emploi du temps charg\u00e9, le p\u00e8re Madden prenait fr\u00e9quemment le temps de c\u00e9l\u00e9brer la messe \u00e0 St. Martin&#039;s \u00e0 West Baltimore et de fournir des conseils \u00e0 long et \u00e0 court terme \u00e0 de nombreux pr\u00eatres et religieuses de l&#039;archidioc\u00e8se.<\/p>\n<p>De 1996 \u00e0 2005, le futur \u00e9v\u00eaque a \u00e9t\u00e9 secr\u00e9taire g\u00e9n\u00e9ral associ\u00e9 de l&#039;Association catholique de protection sociale du Proche-Orient, cr\u00e9\u00e9e par le pape Pie XI en 1926 pour travailler au nom du Saint-Si\u00e8ge dans les terres auxquelles appartenaient depuis l&#039;Antiquit\u00e9 la majorit\u00e9 des chr\u00e9tiens. diverses \u00e9glises orientales. Les principales activit\u00e9s de la CNEWA comprennent l&#039;assistance au Saint-Si\u00e8ge, la construction d&#039;institutions religieuses, la facilitation des minist\u00e8res sacerdotaux, la pr\u00e9paration des dirigeants de l&#039;\u00c9glise, la r\u00e9ponse aux besoins humains urgents, la prise en charge des enfants dans le besoin, la construction d&#039;institutions de services sociaux, la promotion du d\u00e9veloppement social et la promotion de la communication interconfessionnelle. De 1994 \u00e0 1996, Mgr Madden a \u00e9galement \u00e9t\u00e9 directeur du bureau de la Mission pontificale pour la Palestine \u00e0 J\u00e9rusalem.<\/p>\n<p><span class=\"Default\">Parmi ses fonctions au sein du CNEWA, Mgr Madden a \u00e9t\u00e9 le n\u00e9gociateur en chef parmi les trois autorit\u00e9s eccl\u00e9siastiques responsables de la r\u00e9paration du d\u00f4me de l&#039;\u00e9glise de la R\u00e9surrection \u00e0 J\u00e9rusalem.<\/span><\/p>\n<p>Mgr Madden a \u00e9dit\u00e9 un livre et \u00e9crit de nombreux articles de revues et chapitres d&#039;ouvrages dans le domaine de la psychologie. Avant d&#039;assumer des responsabilit\u00e9s au sein des bureaux de la Mission Pontificale pour la Palestine, Mgr. Madden \u00e9tait l&#039;un des cofondateurs de la Fondation Accord, une organisation humanitaire qui travaille depuis 1988 en Cisjordanie et \u00e0 Gaza.<\/p>\n<\/div>\r\n\t\t\t\t\t\t\t\t\t\t\t\t\t\t\t\t\t\t<a class=\"person__more button\" href=\"javascript:;\" aria-label=\"toggle Mgr Denis J. Madden, Ph.D. description\"><span>Charger plus<\/span><\/a>\r\n\t\t\t\t\t\t\t\t<\/div>\r\n\t\t\t\t\t\t\t<\/div>\r\n\t\t\t\t\t\t\r\n\t\t\t\t\t\t\t<div class=\"person\">\r\n\t\t\t\t\t\t\t\t<div class=\"person__outer-container\">\r\n\t\t\t\t\t\t\t\t\t<div class=\"person__info-container\">\r\n\t\t\t\t\t\t\t\t\t\t<div class=\"i72-image person__image\" role=\"img\" title=\"McGinnis_M\" aria-label=\"\" data-srcset=\"https:\/\/bufusa.org\/wp-content\/uploads\/2025\/12\/McGinnis_M.png 3000w 3000h,https:\/\/bufusa.org\/wp-content\/uploads\/2025\/12\/McGinnis_M.png 200w 300h,https:\/\/bufusa.org\/wp-content\/uploads\/2025\/12\/McGinnis_M.png 200w 300h,https:\/\/bufusa.org\/wp-content\/uploads\/2025\/12\/McGinnis_M.png 200w 300h,https:\/\/bufusa.org\/wp-content\/uploads\/2025\/12\/McGinnis_M.png 200w 300h,https:\/\/bufusa.org\/wp-content\/uploads\/2025\/12\/McGinnis_M.png 200w 300h,https:\/\/bufusa.org\/wp-content\/uploads\/2025\/12\/McGinnis_M-8x12.png 8w 12h,https:\/\/bufusa.org\/wp-content\/uploads\/2025\/12\/McGinnis_M-100x150.png 100w 150h,https:\/\/bufusa.org\/wp-content\/uploads\/2025\/12\/McGinnis_M.png 200w 300h,https:\/\/bufusa.org\/wp-content\/uploads\/2025\/12\/McGinnis_M.png 200w 300h\" data-original-width=\"200\" data-original-height=\"300\"><\/div>\t\t\t\t\t\t\t\t\t\t<div class=\"person__inner-container\">\r\n\t\t\t\t\t\t\t\t\t\t\t\t\t\t\t\t\t\t\t\t\t\t\t<h3 class=\"person__name\">Br. Michael McGinniss FSC<\/h3>\r\n\t\t\t\t\t\t\t\t\t\t\t\t\t\t\t\t\t\t\t\t\t\t\t\t\t\t\t\t\t\t\t\t\t\t\t\t\t\t\t\t\t\t\t\t\t<p class=\"person__summary\">Student Advisor, University Honors Program<br \/>\r\nProfessor and President Emeritus, La Salle University<\/p>\r\n\t\t\t\t\t\t\t\t\t\t\t\t\t\t\t\t\t\t\t\t\t<\/div>\r\n\t\t\t\t\t\t\t\t\t<\/div>\r\n\t\t\t\t\t\t\t\t\t\t\t\t\t\t\t\t\t\t\t<div class=\"person__content\"><p>Brother Michael J. McGinniss, F.S.C., Ph.D., a De La Salle Christian Brother, was the 28th president of La Salle University in Philadelphia. McGinniss became president on July 1, 1999. He had been a member of La Salle University&#8217;s Religion department and was president of Christian Brothers University in Memphis, Tennessee from 1994 to 1999.<\/p>\n<p>In 1994, he became president of Christian Brothers University. Under his leadership undergraduate enrollment and retention rates were increased; a Graduate Education Program was established; the Athletic Department joined the NCAA Division II Gulf South Conference; new residence halls were constructed; enhancements were made to science labs and facilities; the school&#8217;s Engineering departments were re-accredited; an upgrade of information technology systems throughout the campus was implemented; and the Center for Global Enterprise was founded.<\/p>\n<\/div>\r\n\t\t\t\t\t\t\t\t\t\t\t\t\t\t\t\t\t\t<a class=\"person__more button\" href=\"javascript:;\" aria-label=\"toggle Br. Michael McGinniss FSC description\"><span>Charger plus<\/span><\/a>\r\n\t\t\t\t\t\t\t\t<\/div>\r\n\t\t\t\t\t\t\t<\/div>\r\n\t\t\t\t\t\t\r\n\t\t\t\t\t\t\t<div class=\"person\">\r\n\t\t\t\t\t\t\t\t<div class=\"person__outer-container\">\r\n\t\t\t\t\t\t\t\t\t<div class=\"person__info-container\">\r\n\t\t\t\t\t\t\t\t\t\t<div class=\"i72-image person__image\" role=\"img\" title=\"Mclendon_G\" aria-label=\"\" data-srcset=\"https:\/\/bufusa.org\/wp-content\/uploads\/2025\/12\/Mclendon_G.png 3000w 3000h,https:\/\/bufusa.org\/wp-content\/uploads\/2025\/12\/Mclendon_G-235x300.png 235w 300h,https:\/\/bufusa.org\/wp-content\/uploads\/2025\/12\/Mclendon_G.png 268w 342h,https:\/\/bufusa.org\/wp-content\/uploads\/2025\/12\/Mclendon_G.png 268w 342h,https:\/\/bufusa.org\/wp-content\/uploads\/2025\/12\/Mclendon_G.png 268w 342h,https:\/\/bufusa.org\/wp-content\/uploads\/2025\/12\/Mclendon_G.png 268w 342h,https:\/\/bufusa.org\/wp-content\/uploads\/2025\/12\/Mclendon_G-9x12.png 9w 12h,https:\/\/bufusa.org\/wp-content\/uploads\/2025\/12\/Mclendon_G-118x150.png 118w 150h,https:\/\/bufusa.org\/wp-content\/uploads\/2025\/12\/Mclendon_G.png 268w 342h,https:\/\/bufusa.org\/wp-content\/uploads\/2025\/12\/Mclendon_G.png 268w 342h\" data-original-width=\"268\" data-original-height=\"342\"><\/div>\t\t\t\t\t\t\t\t\t\t<div class=\"person__inner-container\">\r\n\t\t\t\t\t\t\t\t\t\t\t\t\t\t\t\t\t\t\t\t\t\t\t<h3 class=\"person__name\">George L. McLendon<\/h3>\r\n\t\t\t\t\t\t\t\t\t\t\t\t\t\t\t\t\t\t\t\t\t\t\t\t\t\t\t\t\t\t\t\t\t\t\t\t\t\t\t\t\t\t\t\t\t<p class=\"person__summary\">Chemist | Academic Leader | Biotech Entrepreneur<br \/>\r\nDirector since 2024<br \/>\r\n<\/p>\r\n\t\t\t\t\t\t\t\t\t\t\t\t\t\t\t\t\t\t\t\t\t<\/div>\r\n\t\t\t\t\t\t\t\t\t<\/div>\r\n\t\t\t\t\t\t\t\t\t\t\t\t\t\t\t\t\t\t\t<div class=\"person__content\"><p>Dr. George L. McLendon is an accomplished chemist, academic administrator, and biotech innovator whose career bridges world-class universities and entrepreneurial ventures. His contributions to science, education, and translational research have left a lasting impact on every institution he has served.<\/p>\n<p>George holds a Ph.D., Chemistry from Texas A&amp;M University and has held senior academic leadership roles at top research universities, including Provost and Professor of Chemistry at Rice University and Dean of the Faculty of Arts &amp; Sciences at Duke University. He previously chaired the Department of Chemistry at Princeton as the Russell Wellman Moore Professor and began his career at the University of Rochester as the Tracy H. Harris Professor of Chemistry with a joint appointment in the medical school. Throughout, he has been recognized for advancing interdisciplinary research and bridging science with biomedical innovation.<\/p>\n<\/div>\r\n\t\t\t\t\t\t\t\t\t\t\t\t\t\t\t\t\t\t<a class=\"person__more button\" href=\"javascript:;\" aria-label=\"toggle George L. McLendon description\"><span>Charger plus<\/span><\/a>\r\n\t\t\t\t\t\t\t\t<\/div>\r\n\t\t\t\t\t\t\t<\/div>\r\n\t\t\t\t\t\t\r\n\t\t\t\t\t\t\t<div class=\"person\">\r\n\t\t\t\t\t\t\t\t<div class=\"person__outer-container\">\r\n\t\t\t\t\t\t\t\t\t<div class=\"person__info-container\">\r\n\t\t\t\t\t\t\t\t\t\t<div class=\"i72-image person__image\" role=\"img\" title=\"Capture d&#039;\u00e9cran 02\/02\/2024 \u00e0 9h56\/12\" aria-label=\"\" data-srcset=\"https:\/\/bufusa.org\/wp-content\/uploads\/2024\/02\/Screen-Shot-2024-02-02-at-9.56.12-AM.png 3000w 3000h,https:\/\/bufusa.org\/wp-content\/uploads\/2024\/02\/Screen-Shot-2024-02-02-at-9.56.12-AM-300x284.png 300w 284h,https:\/\/bufusa.org\/wp-content\/uploads\/2024\/02\/Screen-Shot-2024-02-02-at-9.56.12-AM.png 579w 548h,https:\/\/bufusa.org\/wp-content\/uploads\/2024\/02\/Screen-Shot-2024-02-02-at-9.56.12-AM.png 579w 548h,https:\/\/bufusa.org\/wp-content\/uploads\/2024\/02\/Screen-Shot-2024-02-02-at-9.56.12-AM.png 579w 548h,https:\/\/bufusa.org\/wp-content\/uploads\/2024\/02\/Screen-Shot-2024-02-02-at-9.56.12-AM.png 579w 548h,https:\/\/bufusa.org\/wp-content\/uploads\/2024\/02\/Screen-Shot-2024-02-02-at-9.56.12-AM-13x12.png 13w 12h,https:\/\/bufusa.org\/wp-content\/uploads\/2024\/02\/Screen-Shot-2024-02-02-at-9.56.12-AM-150x142.png 150w 142h,https:\/\/bufusa.org\/wp-content\/uploads\/2024\/02\/Screen-Shot-2024-02-02-at-9.56.12-AM.png 579w 548h,https:\/\/bufusa.org\/wp-content\/uploads\/2024\/02\/Screen-Shot-2024-02-02-at-9.56.12-AM.png 579w 548h\" data-original-width=\"579\" data-original-height=\"548\"><\/div>\t\t\t\t\t\t\t\t\t\t<div class=\"person__inner-container\">\r\n\t\t\t\t\t\t\t\t\t\t\t\t\t\t\t\t\t\t\t\t\t\t\t<h3 class=\"person__name\">L&#039;honorable George Salem<\/h3>\r\n\t\t\t\t\t\t\t\t\t\t\t\t\t\t\t\t\t\t\t\t\t\t\t\t\t\t\t\t\t\t\t\t\t\t\t\t\t\t\t\t\t\t\t\t\t<p class=\"person__summary\">Fondateur des cabinets d&#039;avocats George R. Salem PLLC <br \/>\r\nDirecteur depuis 2013<\/p>\r\n\t\t\t\t\t\t\t\t\t\t\t\t\t\t\t\t\t\t\t\t\t<\/div>\r\n\t\t\t\t\t\t\t\t\t<\/div>\r\n\t\t\t\t\t\t\t\t\t\t\t\t\t\t\t\t\t\t\t<div class=\"person__content\"><p>George R. Salem a cr\u00e9\u00e9 le cabinet d&#039;avocats George R. Salem, PLLC en janvier 2005. En novembre 2005, il a nou\u00e9 une relation de conseiller strat\u00e9gique avec DLA Piper, o\u00f9 il se concentre sur l&#039;assistance au d\u00e9veloppement de la r\u00e9gion Moyen-Orient et \u00c9tats-Unis de DLA Piper. Pratiques du minist\u00e8re du Travail.<\/p>\n<p>Au cours de sa carri\u00e8re, M. Salem a n\u00e9goci\u00e9 certains des r\u00e8glements les plus importants dans le domaine du droit du travail, parmi lesquels la r\u00e9solution de toutes les affaires pendantes en vertu de la loi sur la s\u00e9curit\u00e9 du revenu de retraite des employ\u00e9s (ERISA) contre la caisse de retraite des Teamsters&#039; Central States, l&#039;affaire de discrimination EO 11246 contre Harris Trust et Savings Bank, et plusieurs r\u00e8glements majeurs en vertu de la loi sur la s\u00e9curit\u00e9 et la sant\u00e9 au travail (OSHA) et du Fair Labor Standards Act (FLSA), y compris le r\u00e8glement majeur de la FLSA impliquant Food Lion.<\/p>\n<p>Pour le compte de divers clients du Moyen-Orient, M. Salem a dirig\u00e9 les \u00e9quipes juridiques qui ont g\u00e9r\u00e9 les acquisitions d&#039;actifs majeurs, notamment des raffineries au Moyen-Orient. En outre, il a dirig\u00e9 l&#039;\u00e9quipe juridique qui a intent\u00e9 avec succ\u00e8s des poursuites contre le minist\u00e8re du Tr\u00e9sor au nom des propri\u00e9taires de l&#039;usine pharmaceutique Al-Shifa au Soudan, d\u00e9truite par la marine am\u00e9ricaine.<\/p>\n<p>M. Salem a co-fond\u00e9 l&#039;Institut arabe am\u00e9ricain en 1985 et en est actuellement le pr\u00e9sident, et est tr\u00e9sorier de l&#039;Appel palestinien uni, Inc. depuis 1982. Il est un ancien pr\u00e9sident de l&#039;Association nationale des Am\u00e9ricains arabes et a si\u00e9g\u00e9 au le conseil d&#039;administration du Comit\u00e9 am\u00e9ricano-arabe contre la discrimination. En 2003, il a \u00e9t\u00e9 nomm\u00e9 au groupe consultatif de la Commission consultative am\u00e9ricaine sur la diplomatie publique sur la diplomatie publique dans le monde arabe et musulman, r\u00e9uni \u00e0 la demande du Congr\u00e8s pour \u00e9tudier les efforts de diplomatie publique du D\u00e9partement d&#039;\u00c9tat dans ces r\u00e9gions. Au nom de l&#039;administration Bush, M. Salem a \u00e9t\u00e9 observateur officiel lors des \u00e9lections palestiniennes de f\u00e9vrier 2005, et \u00e9galement repr\u00e9sentant du pr\u00e9sident George W. Bush aux fun\u00e9railles du pr\u00e9sident de l&#039;Autorit\u00e9 palestinienne, Yasser Arafat.<\/p>\n<\/div>\r\n\t\t\t\t\t\t\t\t\t\t\t\t\t\t\t\t\t\t<a class=\"person__more button\" href=\"javascript:;\" aria-label=\"basculer la description de l&#039;honorable George Salem\"><span>Charger plus<\/span><\/a>\r\n\t\t\t\t\t\t\t\t<\/div>\r\n\t\t\t\t\t\t\t<\/div>\r\n\t\t\t\t\t\t\r\n\t\t\t\t\t\t\t<div class=\"person\">\r\n\t\t\t\t\t\t\t\t<div class=\"person__outer-container\">\r\n\t\t\t\t\t\t\t\t\t<div class=\"person__info-container\">\r\n\t\t\t\t\t\t\t\t\t\t<div class=\"i72-image person__image\" role=\"img\" title=\"Capture d&#039;\u00e9cran 2023-12-13 \u00e0 13h40h36\" aria-label=\"\" data-srcset=\"https:\/\/bufusa.org\/wp-content\/uploads\/2023\/12\/Screen-Shot-2023-12-13-at-1.40.36-PM.png 3000w 3000h,https:\/\/bufusa.org\/wp-content\/uploads\/2023\/12\/Screen-Shot-2023-12-13-at-1.40.36-PM-200x300.png 200w 300h,https:\/\/bufusa.org\/wp-content\/uploads\/2023\/12\/Screen-Shot-2023-12-13-at-1.40.36-PM-768x1151.png 768w 1151h,https:\/\/bufusa.org\/wp-content\/uploads\/2023\/12\/Screen-Shot-2023-12-13-at-1.40.36-PM-683x1024.png 683w 1024h,https:\/\/bufusa.org\/wp-content\/uploads\/2023\/12\/Screen-Shot-2023-12-13-at-1.40.36-PM.png 962w 1442h,https:\/\/bufusa.org\/wp-content\/uploads\/2023\/12\/Screen-Shot-2023-12-13-at-1.40.36-PM.png 962w 1442h,https:\/\/bufusa.org\/wp-content\/uploads\/2023\/12\/Screen-Shot-2023-12-13-at-1.40.36-PM-8x12.png 8w 12h,https:\/\/bufusa.org\/wp-content\/uploads\/2023\/12\/Screen-Shot-2023-12-13-at-1.40.36-PM-100x150.png 100w 150h,https:\/\/bufusa.org\/wp-content\/uploads\/2023\/12\/Screen-Shot-2023-12-13-at-1.40.36-PM-854x1280.png 854w 1280h,https:\/\/bufusa.org\/wp-content\/uploads\/2023\/12\/Screen-Shot-2023-12-13-at-1.40.36-PM.png 962w 1442h\" data-original-width=\"962\" data-original-height=\"1442\"><\/div>\t\t\t\t\t\t\t\t\t\t<div class=\"person__inner-container\">\r\n\t\t\t\t\t\t\t\t\t\t\t\t\t\t\t\t\t\t\t\t\t\t\t<h3 class=\"person__name\">Candace Sandifer<\/h3>\r\n\t\t\t\t\t\t\t\t\t\t\t\t\t\t\t\t\t\t\t\t\t\t\t\t\t\t\t\t\t\t\t\t\t\t\t\t\t\t\t\t\t\t\t\t\t<p class=\"person__summary\">Avocat en planification successorale<br \/>\r\nDirecteur depuis 2023<\/p>\r\n\t\t\t\t\t\t\t\t\t\t\t\t\t\t\t\t\t\t\t\t\t<\/div>\r\n\t\t\t\t\t\t\t\t\t<\/div>\r\n\t\t\t\t\t\t\t\t\t\t\t\t\t\t\t\t\t\t\t<div class=\"person__content\"><div class=\"page\" title=\"Page 1\">\n<div class=\"layoutArea\">\n<div class=\"column\">\n<p>Candace Sandifer is an estate planning lawyer. She received her J.D. at The Catholic University of America, Columbus School of Law in 2007 and received her BA from Texas Christian University. She previously served at Prince George\u2019s County Maryland in a judicial clerkship and worked at the office of the Attorney General for the District of Columbia.<\/p>\n<\/div>\n<\/div>\n<\/div>\n<\/div>\r\n\t\t\t\t\t\t\t\t\t\t\t\t\t\t\t\t\t\t<a class=\"person__more button\" href=\"javascript:;\" aria-label=\"basculer la description de Candace Sandifer\"><span>Charger plus<\/span><\/a>\r\n\t\t\t\t\t\t\t\t<\/div>\r\n\t\t\t\t\t\t\t<\/div>\r\n\t\t\t\t\t\t\r\n\t\t\t\t\t\t\t<div class=\"person\">\r\n\t\t\t\t\t\t\t\t<div class=\"person__outer-container\">\r\n\t\t\t\t\t\t\t\t\t<div class=\"person__info-container\">\r\n\t\t\t\t\t\t\t\t\t\t<div class=\"i72-image person__image\" role=\"img\" title=\"Smith_R\" aria-label=\"\" data-srcset=\"https:\/\/bufusa.org\/wp-content\/uploads\/2025\/12\/Smith_R.png 3000w 3000h,https:\/\/bufusa.org\/wp-content\/uploads\/2025\/12\/Smith_R.png 200w 300h,https:\/\/bufusa.org\/wp-content\/uploads\/2025\/12\/Smith_R.png 200w 300h,https:\/\/bufusa.org\/wp-content\/uploads\/2025\/12\/Smith_R.png 200w 300h,https:\/\/bufusa.org\/wp-content\/uploads\/2025\/12\/Smith_R.png 200w 300h,https:\/\/bufusa.org\/wp-content\/uploads\/2025\/12\/Smith_R.png 200w 300h,https:\/\/bufusa.org\/wp-content\/uploads\/2025\/12\/Smith_R-8x12.png 8w 12h,https:\/\/bufusa.org\/wp-content\/uploads\/2025\/12\/Smith_R-100x150.png 100w 150h,https:\/\/bufusa.org\/wp-content\/uploads\/2025\/12\/Smith_R.png 200w 300h,https:\/\/bufusa.org\/wp-content\/uploads\/2025\/12\/Smith_R.png 200w 300h\" data-original-width=\"200\" data-original-height=\"300\"><\/div>\t\t\t\t\t\t\t\t\t\t<div class=\"person__inner-container\">\r\n\t\t\t\t\t\t\t\t\t\t\t\t\t\t\t\t\t\t\t\t\t\t\t<h3 class=\"person__name\">Br. Robert Smith FSC<\/h3>\r\n\t\t\t\t\t\t\t\t\t\t\t\t\t\t\t\t\t\t\t\t\t\t\t\t\t\t\t\t\t\t\t\t\t\t\t\t\t\t\t\t\t\t\t\t\t<p class=\"person__summary\">Senior Vice President for University Initiatives and Special Advisor to the President<br \/>\r\nSaint Mary&#8217;s University of Minnesota<br \/>\r\nDirector since 2025<\/p>\r\n\t\t\t\t\t\t\t\t\t\t\t\t\t\t\t\t\t\t\t\t\t<\/div>\r\n\t\t\t\t\t\t\t\t\t<\/div>\r\n\t\t\t\t\t\t\t\t\t\t\t\t\t\t\t\t\t\t\t<div class=\"person__content\"><p>Brother Robert J. Smith, FSC, Ph.D., is the newly named vice president of the Schools of Graduate and Professional Programs at Saint Mary\u2019s University of Minnesota. In this role, he will lead the university\u2019s graduate schools, with campuses in Minneapolis and Nairobi, Kenya, and centers in Apple Valley, Rochester, Oakdale, Minnetonka, and numerous other locations in Minnesota, Wisconsin and Jamaica. He hopes to utilize the school\u2019s Lasallian Catholic tradition to continue providing quality, affordable and creative educational opportunities to its adult students.<\/p>\n<p>A Saint Paul native and 1976 graduate of St. Mary\u2019s, Brother Robert\u2019s many roles at the school\u2019s Winona campus include associate professor and chair of the Theology Department, associate dean for the School of Education, vice president of mission, and director for the Center for the Enhancement of Learning and Teaching. He also served as Dean of Christ the Teacher Institute for Education at the Saint Mary campus in Nairobi, Kenya. He previously served as vice president for academic affairs at Bethlehem University in Bethlehem, Palestine.<\/p>\n<\/div>\r\n\t\t\t\t\t\t\t\t\t\t\t\t\t\t\t\t\t\t<a class=\"person__more button\" href=\"javascript:;\" aria-label=\"toggle Br. Robert Smith FSC description\"><span>Charger plus<\/span><\/a>\r\n\t\t\t\t\t\t\t\t<\/div>\r\n\t\t\t\t\t\t\t<\/div>\r\n\t\t\t\t\t\t\r\n\t\t\t\t<\/div>\r\n\r\n\t\t\t\t\t\r\n\t<\/div>\r\n\r\n<\/div>\n\n\r\n<div id=\"block_85a0a9cbbc421726f5584fd6b583001a\" class=\"people-feed page-width\">\r\n\r\n\t<div class=\"people__container\">\r\n\r\n\t\t\t\t\t\r\n\t\t\t\t<div class=\"people__section\">\r\n\t\t\t\t\t<h2 class=\"role__title\">Directeurs d&#039;office<\/h2>\r\n\t\t\t\t\t\r\n\t\t\t\t\t\t\t\t\t\t\t\r\n\t\t\t\t\t\t\t<div class=\"person\">\r\n\t\t\t\t\t\t\t\t<div class=\"person__outer-container\">\r\n\t\t\t\t\t\t\t\t\t<div class=\"person__info-container\">\r\n\t\t\t\t\t\t\t\t\t\t<div class=\"i72-image person__image\" role=\"img\" title=\"SE Professeur Bart McGettrick\" aria-label=\"SE Professeur Bart McGettrick\" data-srcset=\"https:\/\/bufusa.org\/wp-content\/uploads\/2023\/10\/H.E.-Professor-Bart-McGettrick.jpeg 3000w 3000h,https:\/\/bufusa.org\/wp-content\/uploads\/2023\/10\/H.E.-Professor-Bart-McGettrick.jpeg 226w 300h,https:\/\/bufusa.org\/wp-content\/uploads\/2023\/10\/H.E.-Professor-Bart-McGettrick.jpeg 226w 300h,https:\/\/bufusa.org\/wp-content\/uploads\/2023\/10\/H.E.-Professor-Bart-McGettrick.jpeg 226w 300h,https:\/\/bufusa.org\/wp-content\/uploads\/2023\/10\/H.E.-Professor-Bart-McGettrick.jpeg 226w 300h,https:\/\/bufusa.org\/wp-content\/uploads\/2023\/10\/H.E.-Professor-Bart-McGettrick.jpeg 226w 300h,https:\/\/bufusa.org\/wp-content\/uploads\/2023\/10\/H.E.-Professor-Bart-McGettrick-9x12.jpeg 9w 12h,https:\/\/bufusa.org\/wp-content\/uploads\/2023\/10\/H.E.-Professor-Bart-McGettrick-113x150.jpeg 113w 150h,https:\/\/bufusa.org\/wp-content\/uploads\/2023\/10\/H.E.-Professor-Bart-McGettrick.jpeg 226w 300h,https:\/\/bufusa.org\/wp-content\/uploads\/2023\/10\/H.E.-Professor-Bart-McGettrick.jpeg 226w 300h\" data-original-width=\"226\" data-original-height=\"300\"><\/div>\t\t\t\t\t\t\t\t\t\t<div class=\"person__inner-container\">\r\n\t\t\t\t\t\t\t\t\t\t\t\t\t\t\t\t\t\t\t\t\t\t\t<h3 class=\"person__name\">SE Professeur Bart McGettrick<\/h3>\r\n\t\t\t\t\t\t\t\t\t\t\t\t\t\t\t\t\t\t\t\t\t\t\t\t\t\t\t\t\t\t\t\t\t\t\t\t\t\t\t\t\t\t\t\t\t<p class=\"person__summary\">Doyen \u00e9m\u00e9rite de l&#039;Universit\u00e9 de Glasgow et de l&#039;Universit\u00e9 Liverpool Hope<br \/>\r\nPr\u00e9sident, Conseil international des r\u00e9gents de l&#039;Universit\u00e9 de Bethl\u00e9em<\/p>\r\n\t\t\t\t\t\t\t\t\t\t\t\t\t\t\t\t\t\t\t\t\t<\/div>\r\n\t\t\t\t\t\t\t\t\t<\/div>\r\n\t\t\t\t\t\t\t\t\t\t\t\t\t\t\t\t\t\t\t<div class=\"person__content\"><p>Le professeur McGettrick a \u00e9t\u00e9 directeur du Saint Andrew&#039;s College of Education de 1985 jusqu&#039;\u00e0 sa fusion avec l&#039;Universit\u00e9 de Glasgow en 1999. Il est ensuite devenu doyen de la facult\u00e9 d&#039;\u00e9ducation nouvellement cr\u00e9\u00e9e et a \u00e9t\u00e9 nomm\u00e9 professeur personnel d&#039;\u00e9ducation, qu&#039;il a occup\u00e9 jusqu&#039;en 2005, date \u00e0 laquelle il est all\u00e9 \u00e0 l&#039;Universit\u00e9 Liverpool Hope.<\/p>\n<p>Il est pr\u00e9sident du Conseil international des r\u00e9gents de l&#039;Universit\u00e9 de Bethl\u00e9em. Il est \u00e9galement membre du conseil d&#039;administration de la Fondation Saint-Jean-Baptiste du Vatican, qui soutient l&#039;\u00e9ducation et la culture au Moyen-Orient. Il est \u00e9galement le premier pr\u00e9sident du Scottish Forum for Professional Ethics et du Hope Forum for Professional Ethics.<\/p>\n<p>Il est Dignitaire d&#039;Honneur du Grand Magist\u00e8re de l&#039;Ordre \u00c9questre du Saint-S\u00e9pulcre de J\u00e9rusalem et membre de la Commission Terre Sainte.<\/p>\n<\/div>\r\n\t\t\t\t\t\t\t\t\t\t\t\t\t\t\t\t\t\t<a class=\"person__more button\" href=\"javascript:;\" aria-label=\"basculer la description de SE Professeur Bart McGettrick\"><span>Charger plus<\/span><\/a>\r\n\t\t\t\t\t\t\t\t<\/div>\r\n\t\t\t\t\t\t\t<\/div>\r\n\t\t\t\t\t\t\r\n\t\t\t\t<\/div>\r\n\r\n\t\t\t\t\t\r\n\t<\/div>\r\n\r\n<\/div>\n\n\r\n<div id=\"block_d14863581ebb41f2f5f64b66d61d1233\" class=\"people-feed page-width\">\r\n\r\n\t<div class=\"people__container\">\r\n\r\n\t\t\t\t\t\r\n\t\t\t\t<div class=\"people__section\">\r\n\t\t\t\t\t<h2 class=\"role__title\">\u00c9m\u00e9rite<\/h2>\r\n\t\t\t\t\t\r\n\t\t\t\t\t\t\t\t\t\t\t\r\n\t\t\t\t\t\t\t<div class=\"person\">\r\n\t\t\t\t\t\t\t\t<div class=\"person__outer-container\">\r\n\t\t\t\t\t\t\t\t\t<div class=\"person__info-container\">\r\n\t\t\t\t\t\t\t\t\t\t<div class=\"i72-image person__image\" role=\"img\" title=\"Dr Samir Abu-Ghazaleh\" aria-label=\"Dr Samir Abu-Ghazaleh\" data-srcset=\"https:\/\/bufusa.org\/wp-content\/uploads\/2023\/10\/Dr.-Samir-Abu-Ghazaleh.png 3000w 3000h,https:\/\/bufusa.org\/wp-content\/uploads\/2023\/10\/Dr.-Samir-Abu-Ghazaleh.png 201w 300h,https:\/\/bufusa.org\/wp-content\/uploads\/2023\/10\/Dr.-Samir-Abu-Ghazaleh.png 201w 300h,https:\/\/bufusa.org\/wp-content\/uploads\/2023\/10\/Dr.-Samir-Abu-Ghazaleh.png 201w 300h,https:\/\/bufusa.org\/wp-content\/uploads\/2023\/10\/Dr.-Samir-Abu-Ghazaleh.png 201w 300h,https:\/\/bufusa.org\/wp-content\/uploads\/2023\/10\/Dr.-Samir-Abu-Ghazaleh.png 201w 300h,https:\/\/bufusa.org\/wp-content\/uploads\/2023\/10\/Dr.-Samir-Abu-Ghazaleh-8x12.png 8w 12h,https:\/\/bufusa.org\/wp-content\/uploads\/2023\/10\/Dr.-Samir-Abu-Ghazaleh-101x150.png 101w 150h,https:\/\/bufusa.org\/wp-content\/uploads\/2023\/10\/Dr.-Samir-Abu-Ghazaleh.png 201w 300h,https:\/\/bufusa.org\/wp-content\/uploads\/2023\/10\/Dr.-Samir-Abu-Ghazaleh.png 201w 300h\" data-original-width=\"201\" data-original-height=\"300\"><\/div>\t\t\t\t\t\t\t\t\t\t<div class=\"person__inner-container\">\r\n\t\t\t\t\t\t\t\t\t\t\t\t\t\t\t\t\t\t\t\t\t\t\t<h3 class=\"person__name\">Dr Samir Abu-Ghazaleh<\/h3>\r\n\t\t\t\t\t\t\t\t\t\t\t\t\t\t\t\t\t\t\t\t\t\t\t\t\t\t\t\t\t\t\t\t\t\t<p class=\"person__title\">m\u00e9c\u00e8ne<\/p>\r\n\t\t\t\t\t\t\t\t\t\t\t\t\t\t\t\t\t\t\t\t\t\t\t\t\t\t\t\t\t\t\t\t\t\t<p class=\"person__summary\">Oncologue gyn\u00e9cologue \u00e0 la retraite<br \/>\r\nAdministrateur du conseil d&#039;administration 2008-2019<br \/>\r\nDirecteur \u00e9m\u00e9rite depuis 2019<\/p>\r\n\t\t\t\t\t\t\t\t\t\t\t\t\t\t\t\t\t\t\t\t\t<\/div>\r\n\t\t\t\t\t\t\t\t\t<\/div>\r\n\t\t\t\t\t\t\t\t\t\t\t\t\t\t\t\t\t\t\t<div class=\"person__content\"><p>N\u00e9 \u00e0 Ha\u00effa, le Dr Abu-Ghazaleh a obtenu un MB.B, Ch. Dipl\u00f4me (\u00e9quivalent au doctorat en m\u00e9decine) de la facult\u00e9 de m\u00e9decine de l&#039;universit\u00e9 Ain Shams du Caire, apr\u00e8s avoir obtenu son dipl\u00f4me de premier cycle du Nahara College du Caire, en \u00c9gypte. Il a effectu\u00e9 des r\u00e9sidences et des \u00e9tudes sup\u00e9rieures en obst\u00e9trique et gyn\u00e9cologie dans les h\u00f4pitaux affili\u00e9s \u00e0 l&#039;Universit\u00e9 du Dakota du Sud et en oncologie gyn\u00e9cologique au Duke University Medical Center. Il a ensuite ouvert un cabinet priv\u00e9 dans le Dakota du Sud.<\/p>\n<p>Dr. Abu-Ghazaleh has over four decades of experience as a gynecologic oncologist and is the author of numerous articles on gynecology and oncology. From 2000-2006, he was appointed by President Clinton to the National Cancer Advisory Board. He is a member of the Board of Governors for the Arab Western Institute, a member of the Advisory Board of the Holy Land Christian Ecumenical Foundation, and a Board Member of the American Task Force on Palestine. Dr. Abu-Ghazaleh is a Knight of the Equestrian Order of the Holy Sepulchre of Jerusalem. Dr. Abu-Ghazaleh is a member of the Order of Malta.<\/p>\n<p>Dr. Samir and the late Mrs. Mary Abu-Ghazaleh are Legacy Patrons of the Bethlehem University Foundation. Dr. and the late Mrs. Abu-Ghazaleh are the underwriters of the Patrons of the Bethlehem University Foundation.<\/p>\n<\/div>\r\n\t\t\t\t\t\t\t\t\t\t\t\t\t\t\t\t\t\t<a class=\"person__more button\" href=\"javascript:;\" aria-label=\"basculer la description du Dr Samir Abu-Ghazaleh\"><span>Charger plus<\/span><\/a>\r\n\t\t\t\t\t\t\t\t<\/div>\r\n\t\t\t\t\t\t\t<\/div>\r\n\t\t\t\t\t\t\r\n\t\t\t\t\t\t\t<div class=\"person\">\r\n\t\t\t\t\t\t\t\t<div class=\"person__outer-container\">\r\n\t\t\t\t\t\t\t\t\t<div class=\"person__info-container\">\r\n\t\t\t\t\t\t\t\t\t\t<div class=\"i72-image person__image\" role=\"img\" title=\"Sister Irene O&#039;Neill\" aria-label=\"Sister Irene O&#039;Neill\" data-srcset=\"https:\/\/bufusa.org\/wp-content\/uploads\/2023\/10\/Sister-Irene-ONeill.jpeg 3000w 3000h,https:\/\/bufusa.org\/wp-content\/uploads\/2023\/10\/Sister-Irene-ONeill.jpeg 200w 300h,https:\/\/bufusa.org\/wp-content\/uploads\/2023\/10\/Sister-Irene-ONeill.jpeg 200w 300h,https:\/\/bufusa.org\/wp-content\/uploads\/2023\/10\/Sister-Irene-ONeill.jpeg 200w 300h,https:\/\/bufusa.org\/wp-content\/uploads\/2023\/10\/Sister-Irene-ONeill.jpeg 200w 300h,https:\/\/bufusa.org\/wp-content\/uploads\/2023\/10\/Sister-Irene-ONeill.jpeg 200w 300h,https:\/\/bufusa.org\/wp-content\/uploads\/2023\/10\/Sister-Irene-ONeill-8x12.jpeg 8w 12h,https:\/\/bufusa.org\/wp-content\/uploads\/2023\/10\/Sister-Irene-ONeill-100x150.jpeg 100w 150h,https:\/\/bufusa.org\/wp-content\/uploads\/2023\/10\/Sister-Irene-ONeill.jpeg 200w 300h,https:\/\/bufusa.org\/wp-content\/uploads\/2023\/10\/Sister-Irene-ONeill.jpeg 200w 300h\" data-original-width=\"200\" data-original-height=\"300\"><\/div>\t\t\t\t\t\t\t\t\t\t<div class=\"person__inner-container\">\r\n\t\t\t\t\t\t\t\t\t\t\t\t\t\t\t\t\t\t\t\t\t\t\t<h3 class=\"person__name\">S\u0153ur Irene O&#039;Neill, CSJ, Ed.D.<\/h3>\r\n\t\t\t\t\t\t\t\t\t\t\t\t\t\t\t\t\t\t\t\t\t\t\t\t\t\t\t\t\t\t\t\t\t\t\t\t\t\t\t\t\t\t\t\t\t<p class=\"person__summary\">Officier principal de la Fondation, Fondation des Minist\u00e8res CSJ<br \/>\r\nAdministrateur du conseil d&#039;administration 2008-2021<br \/>\r\nDirecteur \u00e9m\u00e9rite depuis 2021<\/p>\r\n\t\t\t\t\t\t\t\t\t\t\t\t\t\t\t\t\t\t\t\t\t<\/div>\r\n\t\t\t\t\t\t\t\t\t<\/div>\r\n\t\t\t\t\t\t\t\t\t\t\t\t\t\t\t\t\t\t\t<div class=\"person__content\"><p>S\u0153ur Irene O&#039;Neill, CSJ, Ed.D. est s\u0153ur de Saint Joseph de Carondelet. S\u0153ur Ir\u00e8ne est pr\u00e9sidente du conseil d&#039;administration de la Fondation de l&#039;Universit\u00e9 de Bethl\u00e9em et membre d&#039;office du conseil d&#039;administration international de l&#039;Universit\u00e9 de Bethl\u00e9em. En plus de son travail \u00e0 temps plein en tant que pr\u00e9sidente d&#039;une organisation mondiale \u00e0 but non lucratif, Sisters Rising Worldwide, s\u0153ur Irene est \u00e9galement administratrice \u00e0 l&#039;Universit\u00e9 Avila, \u00e0 Kansas City, Missouri.<\/p>\n<p>Auparavant, S\u0153ur Ir\u00e8ne a occup\u00e9 pendant pr\u00e8s de 20 ans le poste de directrice ex\u00e9cutive de la Fondation des Minist\u00e8res des S\u0153urs de S. Joseph de Carondelet. Auparavant, elle a \u00e9t\u00e9 coordonnatrice des programmes d&#039;\u00e9tudes pour les \u00e9coles \u00e9l\u00e9mentaires archidioc\u00e9saines de Saint Paul Minneapolis, membre adjointe du corps professoral de l&#039;Universit\u00e9 du Minnesota et de la Graduate School de l&#039;Universit\u00e9 de Saint Mary et enseignante dans une \u00e9cole primaire. Dans ses temps libres, s\u0153ur Ir\u00e8ne aime lire, jardiner et faire du kayak.<\/p>\n<\/div>\r\n\t\t\t\t\t\t\t\t\t\t\t\t\t\t\t\t\t\t<a class=\"person__more button\" href=\"javascript:;\" aria-label=\"toggle S\u0153ur Irene O&#039;Neill, CSJ, Ed.D. description\"><span>Charger plus<\/span><\/a>\r\n\t\t\t\t\t\t\t\t<\/div>\r\n\t\t\t\t\t\t\t<\/div>\r\n\t\t\t\t\t\t\r\n\t\t\t\t\t\t\t<div class=\"person\">\r\n\t\t\t\t\t\t\t\t<div class=\"person__outer-container\">\r\n\t\t\t\t\t\t\t\t\t<div class=\"person__info-container\">\r\n\t\t\t\t\t\t\t\t\t\t<div class=\"i72-image person__image\" role=\"img\" title=\"Le R\u00e9v\u00e9rend Monseigneur Archimandrite Robert L. Stern\" aria-label=\"Le R\u00e9v\u00e9rend Monseigneur Archimandrite Robert L. Stern\" data-srcset=\"https:\/\/bufusa.org\/wp-content\/uploads\/2023\/10\/The-Reverend-Monsignor-Archimandrite-Robert-L.-Stern.jpeg 3000w 3000h,https:\/\/bufusa.org\/wp-content\/uploads\/2023\/10\/The-Reverend-Monsignor-Archimandrite-Robert-L.-Stern.jpeg 200w 300h,https:\/\/bufusa.org\/wp-content\/uploads\/2023\/10\/The-Reverend-Monsignor-Archimandrite-Robert-L.-Stern.jpeg 200w 300h,https:\/\/bufusa.org\/wp-content\/uploads\/2023\/10\/The-Reverend-Monsignor-Archimandrite-Robert-L.-Stern.jpeg 200w 300h,https:\/\/bufusa.org\/wp-content\/uploads\/2023\/10\/The-Reverend-Monsignor-Archimandrite-Robert-L.-Stern.jpeg 200w 300h,https:\/\/bufusa.org\/wp-content\/uploads\/2023\/10\/The-Reverend-Monsignor-Archimandrite-Robert-L.-Stern.jpeg 200w 300h,https:\/\/bufusa.org\/wp-content\/uploads\/2023\/10\/The-Reverend-Monsignor-Archimandrite-Robert-L.-Stern-8x12.jpeg 8w 12h,https:\/\/bufusa.org\/wp-content\/uploads\/2023\/10\/The-Reverend-Monsignor-Archimandrite-Robert-L.-Stern-100x150.jpeg 100w 150h,https:\/\/bufusa.org\/wp-content\/uploads\/2023\/10\/The-Reverend-Monsignor-Archimandrite-Robert-L.-Stern.jpeg 200w 300h,https:\/\/bufusa.org\/wp-content\/uploads\/2023\/10\/The-Reverend-Monsignor-Archimandrite-Robert-L.-Stern.jpeg 200w 300h\" data-original-width=\"200\" data-original-height=\"300\"><\/div>\t\t\t\t\t\t\t\t\t\t<div class=\"person__inner-container\">\r\n\t\t\t\t\t\t\t\t\t\t\t\t\t\t\t\t\t\t\t\t\t\t\t<h3 class=\"person__name\">Le R\u00e9v\u00e9rend Monseigneur Archimandrite Robert L. Stern<\/h3>\r\n\t\t\t\t\t\t\t\t\t\t\t\t\t\t\t\t\t\t\t\t\t\t\t\t\t\t\t\t\t\t\t\t\t\t<p class=\"person__title\">m\u00e9c\u00e8ne<\/p>\r\n\t\t\t\t\t\t\t\t\t\t\t\t\t\t\t\t\t\t\t\t\t\t\t\t\t\t\t\t\t\t\t\t\t\t<p class=\"person__summary\">Ancien secr\u00e9taire g\u00e9n\u00e9ral de la Catholic Near East Welfare Association<br \/>\r\nAdministrateur du conseil d&#039;administration 1998-2006<br \/>\r\nDirecteur \u00e9m\u00e9rite depuis 2006<\/p>\r\n\t\t\t\t\t\t\t\t\t\t\t\t\t\t\t\t\t\t\t\t\t<\/div>\r\n\t\t\t\t\t\t\t\t\t<\/div>\r\n\t\t\t\t\t\t\t\t\t\t\t\t\t\t\t\t\t\t\t<div class=\"person__content\"><p>Mgr Robert Stern a \u00e9t\u00e9 ordonn\u00e9 pr\u00eatre de l&#039;archidioc\u00e8se de New York en 1958 et a servi l&#039;archidioc\u00e8se pendant plus de 27 ans dans diverses fonctions, notamment le minist\u00e8re paroissial du centre-ville, l&#039;administration canonique et financi\u00e8re de l&#039;archidioc\u00e8se, la coordination des affaires pastorales hispaniques de l&#039;archidioc\u00e8se et la\u00efc. le d\u00e9veloppement du leadership. Pendant les 26 ann\u00e9es suivantes, il a servi le Saint-Si\u00e8ge, dirigeant deux agences du Vatican, la Catholic Near East Welfare Association et la Mission pontificale pour la Palestine.<\/p>\n<p>Mgr Stern est dipl\u00f4m\u00e9 de l&#039;Amherst College, pr\u00e9par\u00e9 au minist\u00e8re sacerdotal au S\u00e9minaire Saint Joseph de Yonkers et titulaire d&#039;un doctorat en droit canonique de l&#039;Universit\u00e9 pontificale du Latran \u00e0 Rome. Il est titulaire de doctorats honorifiques en lettres humaines d&#039;Amherst, du Coll\u00e8ge Saint Thomas d&#039;Aquin et de l&#039;Universit\u00e9 de Bethl\u00e9em.<\/p>\n<p>Monseigneur Stern est membre fondateur du Conseil international des r\u00e9gents de l&#039;Universit\u00e9 de Bethl\u00e9em, dont il a \u00e9t\u00e9 le pr\u00e9sident de 1994 \u00e0 2007, et du conseil d&#039;administration de la Fondation de l&#039;Universit\u00e9 de Bethl\u00e9em, dont il a \u00e9t\u00e9 le pr\u00e9sident de 1999 \u00e0 2006. Il est \u00e9galement un Fr\u00e8re Affili\u00e9 \u00e0 l&#039;Institut des Fr\u00e8res des \u00c9coles Chr\u00e9tiennes.<\/p>\n<p>Il a les rangs eccl\u00e9siastiques de protonotaire apostolique, de grand archimandrite mitr\u00e9 du Patriarcat gr\u00e9co-catholique melkite de J\u00e9rusalem et de chanoine de la basilique du Saint-S\u00e9pulcre. Il est \u00e9galement Chevalier Aum\u00f4nier Grand-Croix de l&#039;Ordre \u00c9questre du Saint-S\u00e9pulcre de J\u00e9rusalem.<\/p>\n<p>Monseigneur Stern est un m\u00e9c\u00e8ne de la Fondation de l&#039;Universit\u00e9 de Bethl\u00e9em.<\/p>\n<\/div>\r\n\t\t\t\t\t\t\t\t\t\t\t\t\t\t\t\t\t\t<a class=\"person__more button\" href=\"javascript:;\" aria-label=\"basculer la description du r\u00e9v\u00e9rend Monseigneur l&#039;archimandrite Robert L. Stern\"><span>Charger plus<\/span><\/a>\r\n\t\t\t\t\t\t\t\t<\/div>\r\n\t\t\t\t\t\t\t<\/div>\r\n\t\t\t\t\t\t\r\n\t\t\t\t<\/div>\r\n\r\n\t\t\t\t\t\r\n\t<\/div>\r\n\r\n<\/div>","protected":false},"excerpt":{"rendered":"","protected":false},"author":1,"featured_media":0,"parent":0,"menu_order":0,"comment_status":"closed","ping_status":"closed","template":"","meta":{"_acf_changed":false,"inline_featured_image":false,"footnotes":""},"class_list":["post-1451","page","type-page","status-publish","hentry"],"acf":[],"_links":{"self":[{"href":"https:\/\/bufusa.org\/fr\/wp-json\/wp\/v2\/pages\/1451","targetHints":{"allow":["GET"]}}],"collection":[{"href":"https:\/\/bufusa.org\/fr\/wp-json\/wp\/v2\/pages"}],"about":[{"href":"https:\/\/bufusa.org\/fr\/wp-json\/wp\/v2\/types\/page"}],"author":[{"embeddable":true,"href":"https:\/\/bufusa.org\/fr\/wp-json\/wp\/v2\/users\/1"}],"replies":[{"embeddable":true,"href":"https:\/\/bufusa.org\/fr\/wp-json\/wp\/v2\/comments?post=1451"}],"version-history":[{"count":3,"href":"https:\/\/bufusa.org\/fr\/wp-json\/wp\/v2\/pages\/1451\/revisions"}],"predecessor-version":[{"id":1454,"href":"https:\/\/bufusa.org\/fr\/wp-json\/wp\/v2\/pages\/1451\/revisions\/1454"}],"wp:attachment":[{"href":"https:\/\/bufusa.org\/fr\/wp-json\/wp\/v2\/media?parent=1451"}],"curies":[{"name":"wp","href":"https:\/\/api.w.org\/{rel}","templated":true}]}}