{"id":2047,"date":"2023-12-04T15:07:07","date_gmt":"2023-12-04T15:07:07","guid":{"rendered":"https:\/\/bethlehem.i72dev.com\/?page_id=2047"},"modified":"2024-06-04T10:46:34","modified_gmt":"2024-06-04T14:46:34","slug":"nursing-and-health-sciences","status":"publish","type":"page","link":"https:\/\/bufusa.org\/fr\/nursing-and-health-sciences\/","title":{"rendered":"Sciences infirmi\u00e8res et sciences de la sant\u00e9"},"content":{"rendered":"<div id=\"block_b47aa1afba46291c85b0634b99fe3531\" class=\"background container--vertical background-color--0061AA bb-backgroundLtBlue page-width\">\r\n\t\t<!-- Image Error (Could not load $image) -->\t\t<div class=\"background__inner-container\">\r\n\t\t\t\n\r\n\r\n\t<div id=\"block_98f65a2666ecac9f50e691f3c7b6a4b3\" class=\"split container--horizontal split-size--50 background-color--none page-width vertical-align--top\">\r\n\t\t<!-- Image Error (Could not load $image) -->\t\t<div class=\"split__inner-container\">\r\n\t\t\t\n\r\n<div id=\"block_b0a088d21edd331100ec1a4877900473\" class=\"paragraph paragraph--default align-left page-width\">\r\n\t\t\t<div class=\"paragraph__inner-container\">\r\n\t\t\t\t\t<h2 class=\"paragraph__title\">Former les professionnels de la sant\u00e9 de demain<\/h2>\r\n\t\t\t\t\t\t\t<div class=\"paragraph__text\"><p>Les infirmi\u00e8res font partie int\u00e9grante d&#039;un syst\u00e8me ouvert au sein de la communaut\u00e9, dans lequel l&#039;\u00eatre humain est per\u00e7u comme un \u00eatre global ayant des besoins biopsychosociaux et spirituels.<\/p>\n<p>Le programme de licence en sciences infirmi\u00e8res de l&#039;Universit\u00e9 de Bethl\u00e9em a \u00e9t\u00e9 cr\u00e9\u00e9 en 1976. Son objectif principal est de former des infirmi\u00e8res professionnelles pour r\u00e9pondre aux besoins de sant\u00e9 et de soins infirmiers du peuple palestinien, quels que soient sa religion, son sexe ou son origine socio-\u00e9conomique. Les dipl\u00f4m\u00e9s sont pr\u00eats \u00e0 collaborer avec d&#039;autres membres d&#039;une \u00e9quipe de sant\u00e9 afin de fournir des soins de sant\u00e9 de qualit\u00e9 dans la communaut\u00e9.<\/p>\n<p>Le d\u00e9partement des sciences infirmi\u00e8res et de la sant\u00e9 de l&#039;universit\u00e9 de Boston comprend le d\u00e9partement de <a href=\"https:\/\/www.bethlehem.edu\/faculties\/fon\/fon-departments\/nurs-mid\/programs\/\">Soins infirmiers et obst\u00e9tricaux<\/a> et le D\u00e9partement de physioth\u00e9rapie et d&#039;ergoth\u00e9rapie avec un baccalaur\u00e9at \u00e8s sciences en <a href=\"https:\/\/www.bethlehem.edu\/degrees\/b-sc-n-physiotherapy\/\">Physioth\u00e9rapie<\/a> et <a href=\"https:\/\/www.bethlehem.edu\/degrees\/b-sc-n-occupational-therapy\/\">ergoth\u00e9rapie<\/a>.<\/p>\n<p><em>Pour faire un don \u00e0 un fonds sp\u00e9cifique de soins infirmiers ou de sciences de la sant\u00e9, veuillez s\u00e9lectionner le fonds auquel vous souhaitez contribuer en cliquant sur la fl\u00e8che vers le bas \u00e0 c\u00f4t\u00e9 de \u201c\u00a0D\u00e9signer\u00a0\u201d dans le formulaire. Merci.<\/em><\/p>\n<\/div>\r\n\t\t\t\t\t<\/div>\r\n<\/div>\n\n\r\n<div id=\"block_0f08ec8673b74f4414ba85246a440356\" class=\"wysiwyg page-width\"><p><a href=\"#XZPMSNCG\" style=\"display: none\"><\/a><\/p>\n<\/div>\n\n\r\n<div id=\"block_57042f52dde05fe13176ee5526613d06\" class=\"link-button align-left page-width\">\r\n\t<a class=\"button button-color--blue\" href=\"https:\/\/www.bethlehem.edu\/category\/fon-news\/\" target=\"_blank\" aria-label=\"Lien vers : Nouvelles de la Facult\u00e9 des sciences infirmi\u00e8res et de la sant\u00e9\">Actualit\u00e9s de la Facult\u00e9 des sciences infirmi\u00e8res et de la sant\u00e9<\/a>\r\n<\/div>\n\r\n\t\t<\/div>\r\n\t<\/div>\r\n\r\n\n\r\n\t\t<\/div>\r\n\t<\/div>\r\n\r\n\n\n\n<div style=\"height:35px\" aria-hidden=\"true\" class=\"wp-block-spacer\"><\/div>\n\n\n\r\n<div id=\"block_8dd5fcad6dba0e05cb866d7ce4060e04\" class=\"people-feed page-width\">\r\n\r\n\t<div class=\"people__container\">\r\n\r\n\t\t\t\t\t\r\n\t\t\t\t<div class=\"people__section\">\r\n\t\t\t\t\t<h2 class=\"role__title\">\u00c9tudiants en sant\u00e9<\/h2>\r\n\t\t\t\t\t\r\n\t\t\t\t\t\t\t\t\t\t\t\r\n\t\t\t\t\t\t\t<div class=\"person\">\r\n\t\t\t\t\t\t\t\t<div class=\"person__outer-container\">\r\n\t\t\t\t\t\t\t\t\t<div class=\"person__info-container\">\r\n\t\t\t\t\t\t\t\t\t\t<div class=\"i72-image person__image\" role=\"img\" title=\"\u00c9tudiante r\u00e9fugi\u00e9e en soins infirmiers Emad\" aria-label=\"\u00c9tudiante en soins infirmiers Emad\" data-srcset=\"https:\/\/bufusa.org\/wp-content\/uploads\/2024\/07\/Emad_Nursing-Refugee-Student.jpg 3000w 3000h,https:\/\/bufusa.org\/wp-content\/uploads\/2024\/07\/Emad_Nursing-Refugee-Student-300x225.jpg 300w 225h,https:\/\/bufusa.org\/wp-content\/uploads\/2024\/07\/Emad_Nursing-Refugee-Student.jpg 616w 462h,https:\/\/bufusa.org\/wp-content\/uploads\/2024\/07\/Emad_Nursing-Refugee-Student.jpg 616w 462h,https:\/\/bufusa.org\/wp-content\/uploads\/2024\/07\/Emad_Nursing-Refugee-Student.jpg 616w 462h,https:\/\/bufusa.org\/wp-content\/uploads\/2024\/07\/Emad_Nursing-Refugee-Student.jpg 616w 462h,https:\/\/bufusa.org\/wp-content\/uploads\/2024\/07\/Emad_Nursing-Refugee-Student-16x12.jpg 16w 12h,https:\/\/bufusa.org\/wp-content\/uploads\/2024\/07\/Emad_Nursing-Refugee-Student-150x113.jpg 150w 113h,https:\/\/bufusa.org\/wp-content\/uploads\/2024\/07\/Emad_Nursing-Refugee-Student.jpg 616w 462h,https:\/\/bufusa.org\/wp-content\/uploads\/2024\/07\/Emad_Nursing-Refugee-Student.jpg 616w 462h\" data-original-width=\"616\" data-original-height=\"462\"><\/div>\t\t\t\t\t\t\t\t\t\t<div class=\"person__inner-container\">\r\n\t\t\t\t\t\t\t\t\t\t\t\t\t\t\t\t\t\t\t\t\t\t\t<h3 class=\"person__name\">Voici \u201c Emad \u201d<\/h3>\r\n\t\t\t\t\t\t\t\t\t\t\t\t\t\t\t\t\t\t\t\t\t\t\t\t\t\t\t\t\t\t\t\t\t\t<p class=\"person__title\">sp\u00e9cialisation en soins infirmiers<\/p>\r\n\t\t\t\t\t\t\t\t\t\t\t\t\t\t\t\t\t\t\t\t\t\t\t\t\t\t\t\t\t\t\t\t<\/div>\r\n\t\t\t\t\t\t\t\t\t<\/div>\r\n\t\t\t\t\t\t\t\t\t\t\t\t\t\t\t\t\t\t\t<div class=\"person__content\"><p>Emad vient de terminer sa premi\u00e8re ann\u00e9e d&#039;\u00e9tudes infirmi\u00e8res \u00e0 l&#039;Universit\u00e9 de Bethl\u00e9em. Il vit avec sa famille dans un camp de r\u00e9fugi\u00e9s. La vie y est difficile et trouver un emploi s&#039;av\u00e8re compliqu\u00e9. La promiscuit\u00e9 dans le camp engendre un manque d&#039;intimit\u00e9 au quotidien. Malgr\u00e9 ces conditions, il poursuit ses \u00e9tudes. Sans bourse, cela lui serait impossible, car il n&#039;a pas de travail et son p\u00e8re a perdu son emploi de fonctionnaire.<\/p>\n<p>Pour Emad, ses \u00e9tudes \u00e0 l&#039;Universit\u00e9 de Bethl\u00e9em repr\u00e9sentent une opportunit\u00e9 d&#039;aider sa famille. Gr\u00e2ce \u00e0 un emploi d&#039;infirmier bien r\u00e9mun\u00e9r\u00e9, il pourra permettre \u00e0 sa famille de quitter le camp et d&#039;acc\u00e9der \u00e0 une vie meilleure. Il est reconnaissant envers les nombreux donateurs qui rendent cette opportunit\u00e9 possible, car cela \u201c les soulage d&#039;un poids \u00e9norme \u201d.\u201d<\/p>\n<\/div>\r\n\t\t\t\t\t\t\t\t\t\t\t\t\t\t\t\t\t\t<a class=\"person__more button\" href=\"javascript:;\" aria-label=\"basculer la description de Rencontrer \u201c\u00a0Emad\u00a0\u201d\"><span>Charger plus<\/span><\/a>\r\n\t\t\t\t\t\t\t\t<\/div>\r\n\t\t\t\t\t\t\t<\/div>\r\n\t\t\t\t\t\t\r\n\t\t\t\t\t\t\t<div class=\"person\">\r\n\t\t\t\t\t\t\t\t<div class=\"person__outer-container\">\r\n\t\t\t\t\t\t\t\t\t<div class=\"person__info-container\">\r\n\t\t\t\t\t\t\t\t\t\t<div class=\"i72-image person__image\" role=\"img\" title=\"Ameer Adli Jabari\" aria-label=\"Ameer\" data-srcset=\"https:\/\/bufusa.org\/wp-content\/uploads\/2024\/06\/Ameer-Adli-Jabari.jpg 3000w 3000h,https:\/\/bufusa.org\/wp-content\/uploads\/2024\/06\/Ameer-Adli-Jabari-300x169.jpg 300w 169h,https:\/\/bufusa.org\/wp-content\/uploads\/2024\/06\/Ameer-Adli-Jabari.jpg 720w 405h,https:\/\/bufusa.org\/wp-content\/uploads\/2024\/06\/Ameer-Adli-Jabari.jpg 720w 405h,https:\/\/bufusa.org\/wp-content\/uploads\/2024\/06\/Ameer-Adli-Jabari.jpg 720w 405h,https:\/\/bufusa.org\/wp-content\/uploads\/2024\/06\/Ameer-Adli-Jabari.jpg 720w 405h,https:\/\/bufusa.org\/wp-content\/uploads\/2024\/06\/Ameer-Adli-Jabari-18x10.jpg 18w 10h,https:\/\/bufusa.org\/wp-content\/uploads\/2024\/06\/Ameer-Adli-Jabari-150x84.jpg 150w 84h,https:\/\/bufusa.org\/wp-content\/uploads\/2024\/06\/Ameer-Adli-Jabari.jpg 720w 405h,https:\/\/bufusa.org\/wp-content\/uploads\/2024\/06\/Ameer-Adli-Jabari.jpg 720w 405h\" data-original-width=\"720\" data-original-height=\"405\"><\/div>\t\t\t\t\t\t\t\t\t\t<div class=\"person__inner-container\">\r\n\t\t\t\t\t\t\t\t\t\t\t\t\t\t\t\t\t\t\t\t\t\t\t<h3 class=\"person__name\">Faites la connaissance d&#039;Ameer<\/h3>\r\n\t\t\t\t\t\t\t\t\t\t\t\t\t\t\t\t\t\t\t\t\t\t\t\t\t\t\t\t\t\t\t\t\t\t<p class=\"person__title\">sp\u00e9cialisation en physioth\u00e9rapie<\/p>\r\n\t\t\t\t\t\t\t\t\t\t\t\t\t\t\t\t\t\t\t\t\t\t\t\t\t\t\t\t\t\t\t\t<\/div>\r\n\t\t\t\t\t\t\t\t\t<\/div>\r\n\t\t\t\t\t\t\t\t\t\t\t\t\t\t\t\t\t\t\t<div class=\"person__content\"><p>Ameer est \u00e9tudiant en troisi\u00e8me ann\u00e9e de kin\u00e9sith\u00e9rapie. Il vit juste au nord d&#039;H\u00e9bron, dans la ville principalement agricole de Halhul, \u00e0 environ 18 kilom\u00e8tres au sud-ouest de Bethl\u00e9em.<\/p>\n<p>Selon Ameer, \u201c l&#039;universit\u00e9 de Bethl\u00e9em offre un corps professoral d&#039;excellence, des comp\u00e9tences pratiques pointues et un vaste \u00e9ventail de connaissances pour enrichir le parcours des \u00e9tudiants tout au long de leurs quatre ann\u00e9es d&#039;\u00e9tudes. \u201d Gr\u00e2ce \u00e0 la kin\u00e9sith\u00e9rapie, Ameer peut se concentrer sur l&#039;aide aux personnes qui en ont le plus besoin : \u201c La kin\u00e9sith\u00e9rapie est ma fa\u00e7on de redonner espoir \u00e0 ceux qui l&#039;ont perdu. \u201d<\/p>\n<p>Une fois son dipl\u00f4me en poche, Ameer a deux objectifs : ouvrir un centre de physioth\u00e9rapie et un restaurant mexicain !<\/p>\n<\/div>\r\n\t\t\t\t\t\t\t\t\t\t\t\t\t\t\t\t\t\t<a class=\"person__more button\" href=\"javascript:;\" aria-label=\"Afficher\/Masquer la description de Rencontre avec Ameer\"><span>Charger plus<\/span><\/a>\r\n\t\t\t\t\t\t\t\t<\/div>\r\n\t\t\t\t\t\t\t<\/div>\r\n\t\t\t\t\t\t\r\n\t\t\t\t\t\t\t<div class=\"person\">\r\n\t\t\t\t\t\t\t\t<div class=\"person__outer-container\">\r\n\t\t\t\t\t\t\t\t\t<div class=\"person__info-container\">\r\n\t\t\t\t\t\t\t\t\t\t<div class=\"i72-image person__image\" role=\"img\" title=\"Nardine_rev pour le web\" aria-label=\"Nardine\" data-srcset=\"https:\/\/bufusa.org\/wp-content\/uploads\/2024\/06\/Nardine_rev-for-web.jpg 3000w 3000h,https:\/\/bufusa.org\/wp-content\/uploads\/2024\/06\/Nardine_rev-for-web-300x169.jpg 300w 169h,https:\/\/bufusa.org\/wp-content\/uploads\/2024\/06\/Nardine_rev-for-web.jpg 720w 405h,https:\/\/bufusa.org\/wp-content\/uploads\/2024\/06\/Nardine_rev-for-web.jpg 720w 405h,https:\/\/bufusa.org\/wp-content\/uploads\/2024\/06\/Nardine_rev-for-web.jpg 720w 405h,https:\/\/bufusa.org\/wp-content\/uploads\/2024\/06\/Nardine_rev-for-web.jpg 720w 405h,https:\/\/bufusa.org\/wp-content\/uploads\/2024\/06\/Nardine_rev-for-web-18x10.jpg 18w 10h,https:\/\/bufusa.org\/wp-content\/uploads\/2024\/06\/Nardine_rev-for-web-150x84.jpg 150w 84h,https:\/\/bufusa.org\/wp-content\/uploads\/2024\/06\/Nardine_rev-for-web.jpg 720w 405h,https:\/\/bufusa.org\/wp-content\/uploads\/2024\/06\/Nardine_rev-for-web.jpg 720w 405h\" data-original-width=\"720\" data-original-height=\"405\"><\/div>\t\t\t\t\t\t\t\t\t\t<div class=\"person__inner-container\">\r\n\t\t\t\t\t\t\t\t\t\t\t\t\t\t\t\t\t\t\t\t\t\t\t<h3 class=\"person__name\">Faites la connaissance de Nardene<\/h3>\r\n\t\t\t\t\t\t\t\t\t\t\t\t\t\t\t\t\t\t\t\t\t\t\t\t\t\t\t\t\t\t\t\t\t\t<p class=\"person__title\">Majeure en sciences de laboratoire m\u00e9dical \/ Mineure en biologie<\/p>\r\n\t\t\t\t\t\t\t\t\t\t\t\t\t\t\t\t\t\t\t\t\t\t\t\t\t\t\t\t\t\t\t\t<\/div>\r\n\t\t\t\t\t\t\t\t\t<\/div>\r\n\t\t\t\t\t\t\t\t\t\t\t\t\t\t\t\t\t\t\t<div class=\"person__content\"><p>Originaire de Bethl\u00e9em et \u00e9tudiante de quatri\u00e8me ann\u00e9e \u00e0 l&#039;Universit\u00e9 de Boston (BU), Nardine se sp\u00e9cialise en sciences de laboratoire m\u00e9dical et a choisi la biologie comme mineure. Sa curiosit\u00e9 insatiable pour les subtilit\u00e9s de la physiologie humaine l&#039;a conduite \u00e0 s\u00e9lectionner le programme de sciences de laboratoire m\u00e9dical de BU. Apr\u00e8s l&#039;obtention de son dipl\u00f4me, elle esp\u00e8re pouvoir int\u00e9grer un master en g\u00e9n\u00e9tique, un domaine crucial pour les h\u00f4pitaux palestiniens.<\/p>\n<p>Ces quatre ann\u00e9es ont sans aucun doute \u00e9t\u00e9 riches en d\u00e9fis et en moments inoubliables. En repensant \u00e0 son passage \u00e0 l&#039;Universit\u00e9 de Bethl\u00e9em, elle d\u00e9clare : \u201c C&#039;est avec une profonde gratitude que j&#039;exprime ma reconnaissance pour les opportunit\u00e9s et le soutien re\u00e7us durant ces quatre ann\u00e9es. L&#039;Universit\u00e9 de Bethl\u00e9em occupera toujours une place particuli\u00e8re dans mon c\u0153ur, alors que j&#039;entame un nouveau chapitre de ma vie. Je ch\u00e9rirai toujours les souvenirs et les exp\u00e9riences v\u00e9cues \u00e0 l&#039;Universit\u00e9 de Bethl\u00e9em. \u201d<\/p>\n<\/div>\r\n\t\t\t\t\t\t\t\t\t\t\t\t\t\t\t\t\t\t<a class=\"person__more button\" href=\"javascript:;\" aria-label=\"Afficher\/masquer la description de Rencontre avec Nardene\"><span>Charger plus<\/span><\/a>\r\n\t\t\t\t\t\t\t\t<\/div>\r\n\t\t\t\t\t\t\t<\/div>\r\n\t\t\t\t\t\t\r\n\t\t\t\t<\/div>\r\n\r\n\t\t\t\t\t\r\n\t<\/div>\r\n\r\n<\/div>\n\n\r\n\r\n\t<div id=\"block_34740767a9e5ecc4e9e2fc05e08f0c77\" class=\"background container--vertical background-color--F5F6F7 page-width\">\r\n\t\t<!-- Image Error (Could not load $image) -->\t\t<div class=\"background__inner-container\">\r\n\t\t\t\n\r\n\r\n\t<div id=\"block_98f65a2666ecac9f50e691f3c7b6a4b3\" class=\"split container--horizontal split-size--50 background-color--none page-width vertical-align--top\">\r\n\t\t<!-- Image Error (Could not load $image) -->\t\t<div class=\"split__inner-container\">\r\n\t\t\t\n\r\n<div id=\"block_7450414f0982fba79e787597285e5f06\" class=\"image page-width\">\r\n\t<div class=\"i72-image cover\" role=\"img\" title=\"Article de blog de sage-femme\" aria-label=\"Les \u00e9tudiants d\u00e9couvrent la profession de sage-femme\" data-srcset=\"https:\/\/bufusa.org\/wp-content\/uploads\/2024\/03\/MidWifery-Blog-Post-1.jpg 3000w 3000h,https:\/\/bufusa.org\/wp-content\/uploads\/2024\/03\/MidWifery-Blog-Post-1-300x169.jpg 300w 169h,https:\/\/bufusa.org\/wp-content\/uploads\/2024\/03\/MidWifery-Blog-Post-1.jpg 720w 405h,https:\/\/bufusa.org\/wp-content\/uploads\/2024\/03\/MidWifery-Blog-Post-1.jpg 720w 405h,https:\/\/bufusa.org\/wp-content\/uploads\/2024\/03\/MidWifery-Blog-Post-1.jpg 720w 405h,https:\/\/bufusa.org\/wp-content\/uploads\/2024\/03\/MidWifery-Blog-Post-1.jpg 720w 405h,https:\/\/bufusa.org\/wp-content\/uploads\/2024\/03\/MidWifery-Blog-Post-1-18x10.jpg 18w 10h,https:\/\/bufusa.org\/wp-content\/uploads\/2024\/03\/MidWifery-Blog-Post-1-150x84.jpg 150w 84h,https:\/\/bufusa.org\/wp-content\/uploads\/2024\/03\/MidWifery-Blog-Post-1.jpg 720w 405h,https:\/\/bufusa.org\/wp-content\/uploads\/2024\/03\/MidWifery-Blog-Post-1.jpg 720w 405h\" data-original-width=\"720\" data-original-height=\"405\"><\/div><\/div>\n\n\r\n<div id=\"block_ec2ebfd065e1b25b2bd43e5ac3c1fe5a\" class=\"paragraph paragraph--default align-left page-width\">\r\n\t\t\t<div class=\"paragraph__inner-container\">\r\n\t\t\t\t\t\t\t<div class=\"paragraph__text\"><p>&nbsp;<\/p>\n<p>La Facult\u00e9 des sciences infirmi\u00e8res et de la sant\u00e9 de l&#039;Universit\u00e9 de Bethl\u00e9em cherche \u00e0 admettre des \u00e9tudiants qui poss\u00e8dent les qualit\u00e9s personnelles de soin et de sollicitude envers les autres, une volont\u00e9 d&#039;apprendre et d&#039;appliquer des services infirmiers cr\u00e9atifs, ainsi qu&#039;un engagement \u00e0 pratiquer les soins infirmiers dans des domaines permettant d&#039;offrir professionnellement des services de sant\u00e9 importants aux patients et \u00e0 leurs familles.<\/p>\n<p>Elle offre \u00e0 ses \u00e9tudiants une formation en arts lib\u00e9raux, en plus d&#039;un large \u00e9ventail de cours th\u00e9oriques n\u00e9cessaires pour les pr\u00e9parer \u00e0 devenir des infirmi\u00e8res praticiennes comp\u00e9tentes, et \u00e0 servir de mod\u00e8les pour les autres professionnels de la sant\u00e9.<\/p>\n<\/div>\r\n\t\t\t\t\t<\/div>\r\n<\/div>\n\r\n\t\t<\/div>\r\n\t<\/div>\r\n\r\n\n\r\n\t\t<\/div>\r\n\t<\/div>\r\n\r\n\n\n\r\n\r\n\t<div id=\"block_a56646b0e6900dedcafdbcfb58ab31f5\" class=\"background container--vertical background-color--0061AA page-width\">\r\n\t\t<!-- Image Error (Could not load $image) -->\t\t<div class=\"background__inner-container\">\r\n\t\t\t\n\r\n\r\n\t<div id=\"block_98f65a2666ecac9f50e691f3c7b6a4b3\" class=\"split container--horizontal split-size--50 background-color--none page-width vertical-align--top\">\r\n\t\t<!-- Image Error (Could not load $image) -->\t\t<div class=\"split__inner-container\">\r\n\t\t\t\n\r\n<div id=\"block_e15cd719cf32417911d6bdc0ddfa97ee\" class=\"paragraph paragraph--default align-left page-width\">\r\n\t\t\t<div class=\"paragraph__inner-container\">\r\n\t\t\t\t\t\t\t<div class=\"paragraph__text\"><p>&nbsp;<\/p>\n<p>Le b\u00e2timent John Patrick Cardinal Foley Hall a \u00e9t\u00e9 inaugur\u00e9 le 6 septembre 2021 et d\u00e9di\u00e9 aux sciences infirmi\u00e8res et de la sant\u00e9.<\/p>\n<\/div>\r\n\t\t\t\t\t<\/div>\r\n<\/div>\n\n\r\n<div id=\"block_549ecde20f008d4e08f653fce224455f\" class=\"image page-width\">\r\n\t<div class=\"i72-image cover\" role=\"img\" title=\"Cardinal Foley\" aria-label=\"Cardinal Foley\" data-srcset=\"https:\/\/bufusa.org\/wp-content\/uploads\/2023\/11\/Cardinal-Foley.jpeg 3000w 3000h,https:\/\/bufusa.org\/wp-content\/uploads\/2023\/11\/Cardinal-Foley-300x169.jpeg 300w 169h,https:\/\/bufusa.org\/wp-content\/uploads\/2023\/11\/Cardinal-Foley-768x432.jpeg 768w 432h,https:\/\/bufusa.org\/wp-content\/uploads\/2023\/11\/Cardinal-Foley.jpeg 864w 486h,https:\/\/bufusa.org\/wp-content\/uploads\/2023\/11\/Cardinal-Foley.jpeg 864w 486h,https:\/\/bufusa.org\/wp-content\/uploads\/2023\/11\/Cardinal-Foley.jpeg 864w 486h,https:\/\/bufusa.org\/wp-content\/uploads\/2023\/11\/Cardinal-Foley-18x10.jpeg 18w 10h,https:\/\/bufusa.org\/wp-content\/uploads\/2023\/11\/Cardinal-Foley-150x84.jpeg 150w 84h,https:\/\/bufusa.org\/wp-content\/uploads\/2023\/11\/Cardinal-Foley.jpeg 864w 486h,https:\/\/bufusa.org\/wp-content\/uploads\/2023\/11\/Cardinal-Foley.jpeg 864w 486h\" data-original-width=\"864\" data-original-height=\"486\"><\/div><\/div>\n\r\n\t\t<\/div>\r\n\t<\/div>\r\n\r\n\n\n\r\n<div id=\"block_3a69236cab27eccb2655c87091488de8\" class=\"wysiwyg page-width\"><\/div>\n\r\n\t\t<\/div>\r\n\t<\/div>","protected":false},"excerpt":{"rendered":"","protected":false},"author":1,"featured_media":0,"parent":0,"menu_order":0,"comment_status":"closed","ping_status":"closed","template":"","meta":{"_acf_changed":false,"inline_featured_image":false,"footnotes":""},"class_list":["post-2047","page","type-page","status-publish","hentry"],"acf":[],"_links":{"self":[{"href":"https:\/\/bufusa.org\/fr\/wp-json\/wp\/v2\/pages\/2047","targetHints":{"allow":["GET"]}}],"collection":[{"href":"https:\/\/bufusa.org\/fr\/wp-json\/wp\/v2\/pages"}],"about":[{"href":"https:\/\/bufusa.org\/fr\/wp-json\/wp\/v2\/types\/page"}],"author":[{"embeddable":true,"href":"https:\/\/bufusa.org\/fr\/wp-json\/wp\/v2\/users\/1"}],"replies":[{"embeddable":true,"href":"https:\/\/bufusa.org\/fr\/wp-json\/wp\/v2\/comments?post=2047"}],"version-history":[{"count":99,"href":"https:\/\/bufusa.org\/fr\/wp-json\/wp\/v2\/pages\/2047\/revisions"}],"predecessor-version":[{"id":6974,"href":"https:\/\/bufusa.org\/fr\/wp-json\/wp\/v2\/pages\/2047\/revisions\/6974"}],"wp:attachment":[{"href":"https:\/\/bufusa.org\/fr\/wp-json\/wp\/v2\/media?parent=2047"}],"curies":[{"name":"wp","href":"https:\/\/api.w.org\/{rel}","templated":true}]}}